{"id":718377,"date":"2025-08-27T18:07:38","date_gmt":"2025-08-27T15:07:38","guid":{"rendered":"https:\/\/roveyayinevi.com.tr\/index.php\/urun\/siyasetteki-golge-korku\/"},"modified":"2026-04-16T02:26:25","modified_gmt":"2026-04-15T23:26:25","slug":"siyasetteki-golge-korku","status":"publish","type":"product","link":"https:\/\/roveyayinevi.com.tr\/index.php\/urun\/siyasetteki-golge-korku\/","title":{"rendered":"Siyasetteki G\u00f6lge: Korku"},"content":{"rendered":"<p>Emre Erdo\u011fan ve P\u0131nar Uyan Semerci\u2019nin edit\u00f6rl\u00fc\u011f\u00fcn\u00fc yapt\u0131\u011f\u0131 Siyasetteki G\u00f6lge: Korku, \u00e7e\u015fitli dallardan gen\u00e7 ve deneyimli sosyal bilimcilerin bug\u00fcn\u00fcn d\u00fcnyas\u0131na g\u00fcnden g\u00fcne daha fazla damga vurmakta olan korku duygusunu mercek alt\u0131na ald\u0131klar\u0131 bir \u00e7al\u0131\u015fma. Makro ve mikro siyasetin salt ak\u0131l d\u00fczleminde ele al\u0131namayaca\u011f\u0131, bu y\u00f6nde derin bir analizin duygular\u0131 da hesaba katmas\u0131 gerekti\u011fi varsay\u0131m\u0131ndan yola \u00e7\u0131kan bu \u00e7al\u0131\u015fmada, en ba\u015fat duygulardan biri olarak korku, siyaset felsefesindeki kavramsalla\u015ft\u0131rmalardan g\u00fcndelik hayattaki g\u00f6\u00e7men kar\u015f\u0131tl\u0131\u011f\u0131na, ter\u00f6r ve fa\u015fizmden pop\u00fclist s\u00f6ylemlere, kad\u0131n korkusundan \u00f6zg\u00fcr akademik \u00e7al\u0131\u015fman\u0131n \u00f6n\u00fcne dikilen kayg\u0131lara var\u0131ncaya dek farkl\u0131 tezah\u00fcrleriyle inceleniyor. Ama korkuyu yaln\u0131zca irdelemekle yetinmeyen bir \u00e7al\u0131\u015fma var kar\u015f\u0131m\u0131zda. Siyasetteki G\u00f6lge: Korku, bu duygunun egemenli\u011finden nas\u0131l \u00e7\u0131kabilece\u011fimize kafa yoran sat\u0131rlarla da dolu. Erdo\u011fan ve Uyan Semerci\u2019nin \u015fu s\u00f6zlerinde oldu\u011fu gibi: Korku nesnesinden uzakla\u015fma bir ortak duygu olarak \u201cev\u201de y\u00f6nelmeyi getirir. \u201cEv\u201din \u00e7evresine y\u00fcksek, daha da y\u00fcksek duvarlar in\u015fa ederek bu duvarlar\u0131n arkas\u0131nda ya\u015famak, kaybedilen o \u201cg\u00fcvenli\u201d kucakta olmak i\u00e7in hedeftir, ama g\u00fcn\u00fcm\u00fcz ko\u015fullar\u0131nda hi\u00e7bir duvar \u201cendi\u015fe\u201dnin olmad\u0131\u011f\u0131 bir \u201cev\u201d yaratacak kadar y\u00fcksek\/g\u00fc\u00e7l\u00fc de\u011fildir. Tam da bu nedenle, tehdit alg\u0131lar\u0131n\u0131n y\u0131k\u0131ld\u0131\u011f\u0131, \u201cyabanc\u0131\u201dy\u0131 tan\u0131d\u0131\u011f\u0131 i\u00e7in \u201cendi\u015fe\u201dnin art\u0131k olmayabilece\u011fi ve belki de \u00e7a\u011f\u0131m\u0131zda, e\u011fer h\u00e2l\u00e2 m\u00fcmk\u00fcnse, huzurlu uykular uyuyabilece\u011fimiz tek \u201cev\u201d kap\u0131lar\u0131 ve pencereleri a\u00e7\u0131k tutulabilendir. <\/p>\n","protected":false},"excerpt":{"rendered":"<p>Emre Erdo\u011fan ve P\u0131nar Uyan Semerci\u2019nin edit\u00f6rl\u00fc\u011f\u00fcn\u00fc yapt\u0131\u011f\u0131 Siyasetteki G\u00f6lge: Korku, \u00e7e\u015fitli dallardan gen\u00e7 ve deneyimli sosyal bilimcilerin bug\u00fcn\u00fcn d\u00fcnyas\u0131na g\u00fcnden g\u00fcne daha fazla damga vurmakta<span class=\"excerpt-hellip\"> [\u2026]<\/span><\/p>\n","protected":false},"featured_media":0,"template":"","meta":{"_monsterinsights_skip_tracking":false,"_monsterinsights_sitenote_active":false,"_monsterinsights_sitenote_note":"","_monsterinsights_sitenote_category":0},"product_brand":[],"product_cat":[12337,14706],"product_tag":[],"class_list":{"0":"post-718377","1":"product","2":"type-product","3":"status-publish","5":"product_cat-politika-siyaset","6":"product_cat-siyaset-bilimi","7":"pa_cilt-ciltsiz","8":"pa_tur-kitap","9":"pa_yayinevi-ithaki-yayinlari","10":"pa_yazar-pinar-uyan-semerci-emre-erdogan","12":"first","13":"instock","14":"sale","15":"shipping-taxable","16":"purchasable","17":"product-type-simple"},"_links":{"self":[{"href":"https:\/\/roveyayinevi.com.tr\/index.php\/wp-json\/wp\/v2\/product\/718377","targetHints":{"allow":["GET"]}}],"collection":[{"href":"https:\/\/roveyayinevi.com.tr\/index.php\/wp-json\/wp\/v2\/product"}],"about":[{"href":"https:\/\/roveyayinevi.com.tr\/index.php\/wp-json\/wp\/v2\/types\/product"}],"wp:attachment":[{"href":"https:\/\/roveyayinevi.com.tr\/index.php\/wp-json\/wp\/v2\/media?parent=718377"}],"wp:term":[{"taxonomy":"product_brand","embeddable":true,"href":"https:\/\/roveyayinevi.com.tr\/index.php\/wp-json\/wp\/v2\/product_brand?post=718377"},{"taxonomy":"product_cat","embeddable":true,"href":"https:\/\/roveyayinevi.com.tr\/index.php\/wp-json\/wp\/v2\/product_cat?post=718377"},{"taxonomy":"product_tag","embeddable":true,"href":"https:\/\/roveyayinevi.com.tr\/index.php\/wp-json\/wp\/v2\/product_tag?post=718377"}],"curies":[{"name":"wp","href":"https:\/\/api.w.org\/{rel}","templated":true}]}}