{"id":718297,"date":"2025-08-27T18:06:43","date_gmt":"2025-08-27T15:06:43","guid":{"rendered":"https:\/\/roveyayinevi.com.tr\/index.php\/urun\/ikbal-yildizinin-resmini-cizmek-ciltli\/"},"modified":"2026-04-16T02:26:23","modified_gmt":"2026-04-15T23:26:23","slug":"ikbal-yildizinin-resmini-cizmek-ciltli","status":"publish","type":"product","link":"https:\/\/roveyayinevi.com.tr\/index.php\/urun\/ikbal-yildizinin-resmini-cizmek-ciltli\/","title":{"rendered":"\u0130kbal Y\u0131ld\u0131z\u0131n\u0131n Resmini \u00c7izmek (Ciltli)"},"content":{"rendered":"<p>\u00c2rif Pa\u015fa, Bat\u0131l\u0131 tarzda fig\u00fcratif resmin Osmanl\u0131\u2019daki ilk temsilcilerindendir. Bunun yan\u0131 s\u0131ra Osmanl\u0131 tarih literat\u00fcr\u00fcnde olduk\u00e7a nadir g\u00f6r\u00fclen otobiyografilerden birini de kaleme alm\u0131\u015f \u00f6nemli bir devlet adam\u0131d\u0131r. \u201cOsmanl\u0131\u2019da bas\u0131lan ilk renkli kitap\u201d olarak \u015f\u00f6hret bulan Mecm\u00fb\u2018a-i Tes\u00e2vir-i Osmaniyye adl\u0131 eserinde yer alan resimler bir\u00e7ok tarih kitab\u0131nda kullan\u0131lm\u0131\u015f olmas\u0131na ra\u011fmen kendisi maalesef hak etti\u011fi ilgiyi g\u00f6rmemi\u015ftir. Elinizdeki bu \u00e7al\u0131\u015fma \u00c2rif Pa\u015fa\u2019n\u0131n kendi kaleminden hat\u0131rat\u0131 ile Mecmuas\u0131n\u0131 bir araya getirerek tarihin tozlu sayfalar\u0131nda kalm\u0131\u015f m\u00fcnevver bir Osmanl\u0131 pa\u015fas\u0131n\u0131n hem ilgin\u00e7 hayat hik\u00e2yesini g\u00f6zler \u00f6n\u00fcne sermekte hem de eserlerini okuyuculara sunmaktad\u0131r. <\/p>\n","protected":false},"excerpt":{"rendered":"<p>\u00c2rif Pa\u015fa, Bat\u0131l\u0131 tarzda fig\u00fcratif resmin Osmanl\u0131\u2019daki ilk temsilcilerindendir. Bunun yan\u0131 s\u0131ra Osmanl\u0131 tarih literat\u00fcr\u00fcnde olduk\u00e7a nadir g\u00f6r\u00fclen otobiyografilerden birini de kaleme alm\u0131\u015f \u00f6nemli bir devlet<span class=\"excerpt-hellip\"> [\u2026]<\/span><\/p>\n","protected":false},"featured_media":0,"template":"","meta":{"_monsterinsights_skip_tracking":false,"_monsterinsights_sitenote_active":false,"_monsterinsights_sitenote_note":"","_monsterinsights_sitenote_category":0},"product_brand":[],"product_cat":[13517,12304],"product_tag":[],"class_list":{"0":"post-718297","1":"product","2":"type-product","3":"status-publish","5":"product_cat-osmanli-tarihi","6":"product_cat-tarih","7":"pa_cilt-ciltli","8":"pa_tur-kitap","9":"pa_yayinevi-ketebe-yayinlari","10":"pa_yazar-kolektif","12":"first","13":"instock","14":"sale","15":"shipping-taxable","16":"purchasable","17":"product-type-simple"},"_links":{"self":[{"href":"https:\/\/roveyayinevi.com.tr\/index.php\/wp-json\/wp\/v2\/product\/718297","targetHints":{"allow":["GET"]}}],"collection":[{"href":"https:\/\/roveyayinevi.com.tr\/index.php\/wp-json\/wp\/v2\/product"}],"about":[{"href":"https:\/\/roveyayinevi.com.tr\/index.php\/wp-json\/wp\/v2\/types\/product"}],"wp:attachment":[{"href":"https:\/\/roveyayinevi.com.tr\/index.php\/wp-json\/wp\/v2\/media?parent=718297"}],"wp:term":[{"taxonomy":"product_brand","embeddable":true,"href":"https:\/\/roveyayinevi.com.tr\/index.php\/wp-json\/wp\/v2\/product_brand?post=718297"},{"taxonomy":"product_cat","embeddable":true,"href":"https:\/\/roveyayinevi.com.tr\/index.php\/wp-json\/wp\/v2\/product_cat?post=718297"},{"taxonomy":"product_tag","embeddable":true,"href":"https:\/\/roveyayinevi.com.tr\/index.php\/wp-json\/wp\/v2\/product_tag?post=718297"}],"curies":[{"name":"wp","href":"https:\/\/api.w.org\/{rel}","templated":true}]}}