{"id":718257,"date":"2025-08-27T18:06:17","date_gmt":"2025-08-27T15:06:17","guid":{"rendered":"https:\/\/roveyayinevi.com.tr\/index.php\/urun\/ataturk-chp-ve-egitim\/"},"modified":"2026-04-16T02:26:22","modified_gmt":"2026-04-15T23:26:22","slug":"ataturk-chp-ve-egitim","status":"publish","type":"product","link":"https:\/\/roveyayinevi.com.tr\/index.php\/urun\/ataturk-chp-ve-egitim\/","title":{"rendered":"Atat\u00fcrk, CHP ve E\u011fitim"},"content":{"rendered":"<p>&#8220;Her CHP&#8217;linin okumas\u0131 gereken bir kitap.&#8221;Deniz Baykal&#8221;E\u011fitimimizin son y\u00fczy\u0131l\u0131na \u0131\u015f\u0131k tutmu\u015f.&#8221;Hikmet \u00c7etin&#8221;Nereden nereye nas\u0131l geldi\u011fimizi g\u00f6steren bir kitap.&#8221;Altan \u00d6ymen&#8221;\u00dclkemize \u00e7a\u011fda\u015f ve ayd\u0131nl\u0131k g\u00fcnlere adanm\u0131\u015f \u00f6nemli bir eser.&#8221;Kemal K\u0131l\u0131\u00e7daro\u011flu1977&#8217;de Malatya&#8217;da do\u011fdu. Ortaokul ve liseyi Malatya Ak\u00e7ada\u011f \u00d6\u011fretmen Lisesi&#8217;nde yat\u0131l\u0131 olarak okudu. \u0130ki y\u0131l Almanya&#8217;da Goethe Enstit\u00fcs\u00fcnde dil e\u011fitimi ald\u0131. Gazi \u00dcniversitesi , Gazi E\u011fitim Fak\u00fcltesi Felsefe Grubu \u00d6\u011fretmenli\u011fini bitirdi. Ayn\u0131 b\u00f6l\u00fcmde y\u00fcksek lisans yapt\u0131. Daha sonra doktora \u00e7al\u0131\u015fmalar\u0131na ba\u015flad\u0131. Dokuz y\u0131l \u00f6zel e\u011fitim kurumlar\u0131nda e\u011fitim y\u00f6neticili\u011fi ve \u00f6\u011fretmenlik yapt\u0131.\u00c7e\u015fitli kurumlara ve ki\u015filere siyaset dan\u0131\u015fmanl\u0131\u011f\u0131 yapt\u0131. \u00c7e\u015fitli dergilerde yazarl\u0131k ve yay\u0131n kurulu \u00fcyeli\u011fi yapt\u0131. Bu arada \u00fcniversitelerde g\u00f6revlendirme ile dersler verdi. Siyaset Felsefesi Siyaset Sosyolojisi E\u011fitim Felsefesi ve E\u011fitim Sosyolojisi gibi temel alanlarda ara\u015ft\u0131rmalar yap\u0131p dersler vermektedir.<\/p>\n","protected":false},"excerpt":{"rendered":"<p>&#8220;Her CHP&#8217;linin okumas\u0131 gereken bir kitap.&#8221;Deniz Baykal&#8221;E\u011fitimimizin son y\u00fczy\u0131l\u0131na \u0131\u015f\u0131k tutmu\u015f.&#8221;Hikmet \u00c7etin&#8221;Nereden nereye nas\u0131l geldi\u011fimizi g\u00f6steren bir kitap.&#8221;Altan \u00d6ymen&#8221;\u00dclkemize \u00e7a\u011fda\u015f ve ayd\u0131nl\u0131k g\u00fcnlere adanm\u0131\u015f \u00f6nemli bir<span class=\"excerpt-hellip\"> [\u2026]<\/span><\/p>\n","protected":false},"featured_media":0,"template":"","meta":{"_monsterinsights_skip_tracking":false,"_monsterinsights_sitenote_active":false,"_monsterinsights_sitenote_note":"","_monsterinsights_sitenote_category":0},"product_brand":[],"product_cat":[13596,12337],"product_tag":[],"class_list":{"0":"post-718257","1":"product","2":"type-product","3":"status-publish","5":"product_cat-avrupa-birligi","6":"product_cat-politika-siyaset","7":"pa_cilt-ciltli","8":"pa_tur-kitap","9":"pa_yayinevi-soncag-akademik-kitaplar","10":"pa_yazar-sahin-aybek","12":"first","13":"instock","14":"sale","15":"shipping-taxable","16":"purchasable","17":"product-type-simple"},"_links":{"self":[{"href":"https:\/\/roveyayinevi.com.tr\/index.php\/wp-json\/wp\/v2\/product\/718257","targetHints":{"allow":["GET"]}}],"collection":[{"href":"https:\/\/roveyayinevi.com.tr\/index.php\/wp-json\/wp\/v2\/product"}],"about":[{"href":"https:\/\/roveyayinevi.com.tr\/index.php\/wp-json\/wp\/v2\/types\/product"}],"wp:attachment":[{"href":"https:\/\/roveyayinevi.com.tr\/index.php\/wp-json\/wp\/v2\/media?parent=718257"}],"wp:term":[{"taxonomy":"product_brand","embeddable":true,"href":"https:\/\/roveyayinevi.com.tr\/index.php\/wp-json\/wp\/v2\/product_brand?post=718257"},{"taxonomy":"product_cat","embeddable":true,"href":"https:\/\/roveyayinevi.com.tr\/index.php\/wp-json\/wp\/v2\/product_cat?post=718257"},{"taxonomy":"product_tag","embeddable":true,"href":"https:\/\/roveyayinevi.com.tr\/index.php\/wp-json\/wp\/v2\/product_tag?post=718257"}],"curies":[{"name":"wp","href":"https:\/\/api.w.org\/{rel}","templated":true}]}}