{"id":718122,"date":"2025-08-27T18:04:21","date_gmt":"2025-08-27T15:04:21","guid":{"rendered":"https:\/\/roveyayinevi.com.tr\/index.php\/urun\/babaya-ve-mektuplarim\/"},"modified":"2026-04-16T02:26:19","modified_gmt":"2026-04-15T23:26:19","slug":"babaya-ve-mektuplarim","status":"publish","type":"product","link":"https:\/\/roveyayinevi.com.tr\/index.php\/urun\/babaya-ve-mektuplarim\/","title":{"rendered":"Babaya ve Mektuplar\u0131m"},"content":{"rendered":"<p>\u0130sim ve soy isim iki farkl\u0131 ki\u015filiktir. Ad sana aittir, soyad genlerinden gelen ya\u015famd\u0131r. \u0130nsanlar iki ismin b\u00fct\u00fcnl\u00fc\u011f\u00fcnde ya\u015famay\u0131 \u00f6\u011frendiklerinde rahat nefes al\u0131rlar. Lakin benim gibi ad\u0131yla soyad\u0131 aras\u0131nda sava\u015f i\u00e7inde ya\u015f\u0131yorsa insan; hi\u00e7 veya var olmak aras\u0131nda kal\u0131r, nefesi s\u0131k\u0131\u015f\u0131r ve sadece yazar. Yazd\u0131klar\u0131 -kimilerine g\u00f6re- anlams\u0131zla\u015fsa da yazar. Minik bir nefes alabilmek i\u00e7in\u2026\u201cVeda yakla\u015f\u0131yor. Biraz sonra vedala\u015faca\u011f\u0131z. Bu veda yeni bir ba\u015flang\u0131\u00e7 olmayacak. Bir biti\u015f\u2026 Yok, biti\u015f de olmayacak. Koskoca bo\u015fluk olacak, ben bo\u015flu\u011fa s\u0131\u011famayaca\u011f\u0131m. Yetmeyecek ne yazarsam yazay\u0131m, vedadan \u00f6nce yar\u0131m kalaca\u011f\u0131m. Yazamad\u0131\u011f\u0131m i\u00e7in yar\u0131m kalaca\u011f\u0131m. Duygular\u0131m\u0131 anlatmaya yetmeyen edebiyat\u0131mdan dolay\u0131 yar\u0131m kalaca\u011f\u0131m. T\u00fcm mektubu b\u00fcy\u00fck harflerle yazsam sesim \u00e7\u0131kmad\u0131\u011f\u0131 i\u00e7in yar\u0131m kalaca\u011f\u0131m. Bu yar\u0131m kalma; yaln\u0131zl\u0131\u011f\u0131m\u0131 da yar\u0131m b\u0131rakacak, yar\u0131m kalan yaln\u0131zl\u0131\u011f\u0131mda yar\u0131m kalaca\u011f\u0131m. \u00d6l\u00fcm\u00fcm\u2026 \u00d6l\u00fcm\u00fcm de yar\u0131m kalacak. Sen bana ne yapt\u0131n biliyor musun?\u201dELVEDA BABA\u2026<\/p>\n","protected":false},"excerpt":{"rendered":"<p>\u0130sim ve soy isim iki farkl\u0131 ki\u015filiktir. Ad sana aittir, soyad genlerinden gelen ya\u015famd\u0131r. \u0130nsanlar iki ismin b\u00fct\u00fcnl\u00fc\u011f\u00fcnde ya\u015famay\u0131 \u00f6\u011frendiklerinde rahat nefes al\u0131rlar. Lakin benim gibi<span class=\"excerpt-hellip\"> [\u2026]<\/span><\/p>\n","protected":false},"featured_media":0,"template":"","meta":{"_monsterinsights_skip_tracking":false,"_monsterinsights_sitenote_active":false,"_monsterinsights_sitenote_note":"","_monsterinsights_sitenote_category":0},"product_brand":[],"product_cat":[13701,12291],"product_tag":[],"class_list":{"0":"post-718122","1":"product","2":"type-product","3":"status-publish","5":"product_cat-ani-mektup-gunluk","6":"product_cat-edebiyat","7":"pa_cilt-ciltsiz","8":"pa_tur-kitap","9":"pa_yayinevi-vaveyla-yayincilik","10":"pa_yazar-umit-dagci","12":"first","13":"instock","14":"sale","15":"shipping-taxable","16":"purchasable","17":"product-type-simple"},"_links":{"self":[{"href":"https:\/\/roveyayinevi.com.tr\/index.php\/wp-json\/wp\/v2\/product\/718122","targetHints":{"allow":["GET"]}}],"collection":[{"href":"https:\/\/roveyayinevi.com.tr\/index.php\/wp-json\/wp\/v2\/product"}],"about":[{"href":"https:\/\/roveyayinevi.com.tr\/index.php\/wp-json\/wp\/v2\/types\/product"}],"wp:attachment":[{"href":"https:\/\/roveyayinevi.com.tr\/index.php\/wp-json\/wp\/v2\/media?parent=718122"}],"wp:term":[{"taxonomy":"product_brand","embeddable":true,"href":"https:\/\/roveyayinevi.com.tr\/index.php\/wp-json\/wp\/v2\/product_brand?post=718122"},{"taxonomy":"product_cat","embeddable":true,"href":"https:\/\/roveyayinevi.com.tr\/index.php\/wp-json\/wp\/v2\/product_cat?post=718122"},{"taxonomy":"product_tag","embeddable":true,"href":"https:\/\/roveyayinevi.com.tr\/index.php\/wp-json\/wp\/v2\/product_tag?post=718122"}],"curies":[{"name":"wp","href":"https:\/\/api.w.org\/{rel}","templated":true}]}}