{"id":718043,"date":"2025-08-27T18:03:31","date_gmt":"2025-08-27T15:03:31","guid":{"rendered":"https:\/\/roveyayinevi.com.tr\/index.php\/urun\/anilar-silinmeden-bir-emekli-doktorun-gordukleri\/"},"modified":"2026-04-16T02:26:17","modified_gmt":"2026-04-15T23:26:17","slug":"anilar-silinmeden-bir-emekli-doktorun-gordukleri","status":"publish","type":"product","link":"https:\/\/roveyayinevi.com.tr\/index.php\/urun\/anilar-silinmeden-bir-emekli-doktorun-gordukleri\/","title":{"rendered":"An\u0131lar Silinmeden Bir Emekli Doktorun G\u00f6rd\u00fckleri"},"content":{"rendered":"<p>K\u0131rk iki y\u0131ll\u0131k meslek ya\u015fam\u0131n\u0131, 2016 y\u0131l\u0131nda emekli olarak tamamlad\u0131ktan sonra, \u00f6\u011fretim \u00fcyeli\u011fi ve aktif hekimlik \u00e7al\u0131\u015fmalar\u0131na nokta koyan yazar, Medimagazin gazetesindeki g\u00fcncel yaz\u0131lar\u0131ndan derledi\u011fi, ve ad\u0131n\u0131 \u2018An\u0131lar Silinmeden\u2019 koydu\u011fu bu son kitab\u0131nda, diger kitaplar\u0131nda oldu\u011fu gibi, yine sa\u011fl\u0131k ve e\u011fitim konular\u0131na de\u011finmi\u015ftir. Yazar, y\u0131llard\u0131r Medimagazin\u2019de \u00e7\u0131kan, ba\u015fka meslekta\u015flar\u0131n\u0131n yaz\u0131lar\u0131n\u0131 da dikkatle takip etti\u011finden, kendi ya\u015fad\u0131klar\u0131n\u0131n yan\u0131nda, meslekta\u015flar\u0131n\u0131n ya\u015fad\u0131klar\u0131na da kitab\u0131nda yer vererek, kitapta, \u00e7ok sesli olmay\u0131 ve daha \u00e7ok kitleyi hedeflemeyi d\u00fc\u015f\u00fcnm\u00fc\u015ft\u00fcr.Yer yer konu aralar\u0131na serpi\u015ftirilmi\u015f \u015fiirleri, b\u00fcy\u00fck d\u00fc\u015f\u00fcn\u00fcr, \u015fair ve devlet adamlar\u0131n\u0131n g\u00f6r\u00fc\u015fleri ve veciz s\u00f6zlerinin, kitaba ayr\u0131 bir renk katt\u0131\u011f\u0131 da g\u00f6zden ka\u00e7m\u0131yor.<\/p>\n","protected":false},"excerpt":{"rendered":"<p>K\u0131rk iki y\u0131ll\u0131k meslek ya\u015fam\u0131n\u0131, 2016 y\u0131l\u0131nda emekli olarak tamamlad\u0131ktan sonra, \u00f6\u011fretim \u00fcyeli\u011fi ve aktif hekimlik \u00e7al\u0131\u015fmalar\u0131na nokta koyan yazar, Medimagazin gazetesindeki g\u00fcncel yaz\u0131lar\u0131ndan derledi\u011fi, ve<span class=\"excerpt-hellip\"> [\u2026]<\/span><\/p>\n","protected":false},"featured_media":0,"template":"","meta":{"_monsterinsights_skip_tracking":false,"_monsterinsights_sitenote_active":false,"_monsterinsights_sitenote_note":"","_monsterinsights_sitenote_category":0},"product_brand":[],"product_cat":[13701,12291],"product_tag":[],"class_list":{"0":"post-718043","1":"product","2":"type-product","3":"status-publish","5":"product_cat-ani-mektup-gunluk","6":"product_cat-edebiyat","7":"pa_cilt-ciltsiz","8":"pa_tur-kitap","9":"pa_yayinevi-soncag","10":"pa_yazar-haldun-guner","12":"first","13":"instock","14":"sale","15":"shipping-taxable","16":"purchasable","17":"product-type-simple"},"_links":{"self":[{"href":"https:\/\/roveyayinevi.com.tr\/index.php\/wp-json\/wp\/v2\/product\/718043","targetHints":{"allow":["GET"]}}],"collection":[{"href":"https:\/\/roveyayinevi.com.tr\/index.php\/wp-json\/wp\/v2\/product"}],"about":[{"href":"https:\/\/roveyayinevi.com.tr\/index.php\/wp-json\/wp\/v2\/types\/product"}],"wp:attachment":[{"href":"https:\/\/roveyayinevi.com.tr\/index.php\/wp-json\/wp\/v2\/media?parent=718043"}],"wp:term":[{"taxonomy":"product_brand","embeddable":true,"href":"https:\/\/roveyayinevi.com.tr\/index.php\/wp-json\/wp\/v2\/product_brand?post=718043"},{"taxonomy":"product_cat","embeddable":true,"href":"https:\/\/roveyayinevi.com.tr\/index.php\/wp-json\/wp\/v2\/product_cat?post=718043"},{"taxonomy":"product_tag","embeddable":true,"href":"https:\/\/roveyayinevi.com.tr\/index.php\/wp-json\/wp\/v2\/product_tag?post=718043"}],"curies":[{"name":"wp","href":"https:\/\/api.w.org\/{rel}","templated":true}]}}