{"id":717870,"date":"2025-08-27T18:01:02","date_gmt":"2025-08-27T15:01:02","guid":{"rendered":"https:\/\/roveyayinevi.com.tr\/index.php\/urun\/agca-dosyasi\/"},"modified":"2026-04-16T02:26:14","modified_gmt":"2026-04-15T23:26:14","slug":"agca-dosyasi","status":"publish","type":"product","link":"https:\/\/roveyayinevi.com.tr\/index.php\/urun\/agca-dosyasi\/","title":{"rendered":"A\u011fca Dosyas\u0131"},"content":{"rendered":"<p>&#8220;A\u011fca olay\u0131nda s\u00f6z s\u00f6yleyebilmek i\u00e7in bizim T\u00fcrkiye olarak \u00f6ncelikle ve kesinlikle \u0130pek\u00e7i cinayetini ayd\u0131nlatmam\u0131z gerekli. Bunu bu a\u015famaya kadar yapm\u0131\u015f de\u011filiz. Abdi \u0130pek\u00e7i\u2019nin \u00f6ld\u00fcr\u00fclmesi olay\u0131nda birinci derecede sorumlu olan ve A\u011fca\u2019y\u0131, \u0130pek\u00e7i\u2019yi \u00f6ld\u00fcrmesi i\u00e7in azmettiren Mehmet \u015eener, \u0130svi\u00e7re\u2019de yakalanm\u0131\u015f ancak T\u00fcrkiye\u2019ye getirilmesi bu g\u00fcne kadar sa\u011flanamam\u0131\u015ft\u0131r. Mehmet \u015eener T\u00fcrkiye\u2019de yarg\u0131lanmazsa, \u0130pek\u00e7i cinayeti hi\u00e7bir zaman ayd\u0131nlat\u0131lamaz. Adalet Bakanl\u0131\u011f\u0131 kamuoyuna, hi\u00e7 olmazsa \u015eener\u2019in ni\u00e7in bug\u00fcne kadar T\u00fcrkiye\u2019ye getirtilmesinin sa\u011flanamad\u0131\u011f\u0131n\u0131 a\u00e7\u0131klamal\u0131d\u0131r.&#8221; U\u011fur Mumcu U\u011fur Mumcu\u2019nun A\u011fca olay\u0131 ile ilgili olarak \u00fczerinde \u0131srarla durdu\u011fu isimlerden birisi de Oral \u00c7elik\u2019ti. \u015eener\u2019den farkl\u0131 olarak, \u00c7elik T\u00fcrkiye\u2019ye geldi, getirildi. Ama susuyor. \u00dclkesinin yarg\u0131 organlar\u0131na konu\u015fmayan \u00c7elik\u2019in, konu\u015fmak i\u00e7in yabanc\u0131 televizyon kanallar\u0131ndan y\u00fczlerce trilyon istedi\u011fi d\u00fc\u015f\u00fcn\u00fcl\u00fcrse, Mumcu\u2019nun \u0131srarlar\u0131 herhalde daha iyi anla\u015f\u0131lacakt\u0131r.<\/p>\n","protected":false},"excerpt":{"rendered":"<p>&#8220;A\u011fca olay\u0131nda s\u00f6z s\u00f6yleyebilmek i\u00e7in bizim T\u00fcrkiye olarak \u00f6ncelikle ve kesinlikle \u0130pek\u00e7i cinayetini ayd\u0131nlatmam\u0131z gerekli. Bunu bu a\u015famaya kadar yapm\u0131\u015f de\u011filiz. Abdi \u0130pek\u00e7i\u2019nin \u00f6ld\u00fcr\u00fclmesi olay\u0131nda birinci<span class=\"excerpt-hellip\"> [\u2026]<\/span><\/p>\n","protected":false},"featured_media":0,"template":"","meta":{"_monsterinsights_skip_tracking":false,"_monsterinsights_sitenote_active":false,"_monsterinsights_sitenote_note":"","_monsterinsights_sitenote_category":0},"product_brand":[],"product_cat":[12346,12337],"product_tag":[],"class_list":{"0":"post-717870","1":"product","2":"type-product","3":"status-publish","5":"product_cat-derin-siyaset-komplo-teorileri","6":"product_cat-politika-siyaset","7":"pa_cilt-ciltsiz","8":"pa_tur-kitap","9":"pa_yayinevi-umag-yayinevi","10":"pa_yazar-ugur-mumcu","12":"first","13":"instock","14":"sale","15":"shipping-taxable","16":"purchasable","17":"product-type-simple"},"_links":{"self":[{"href":"https:\/\/roveyayinevi.com.tr\/index.php\/wp-json\/wp\/v2\/product\/717870","targetHints":{"allow":["GET"]}}],"collection":[{"href":"https:\/\/roveyayinevi.com.tr\/index.php\/wp-json\/wp\/v2\/product"}],"about":[{"href":"https:\/\/roveyayinevi.com.tr\/index.php\/wp-json\/wp\/v2\/types\/product"}],"wp:attachment":[{"href":"https:\/\/roveyayinevi.com.tr\/index.php\/wp-json\/wp\/v2\/media?parent=717870"}],"wp:term":[{"taxonomy":"product_brand","embeddable":true,"href":"https:\/\/roveyayinevi.com.tr\/index.php\/wp-json\/wp\/v2\/product_brand?post=717870"},{"taxonomy":"product_cat","embeddable":true,"href":"https:\/\/roveyayinevi.com.tr\/index.php\/wp-json\/wp\/v2\/product_cat?post=717870"},{"taxonomy":"product_tag","embeddable":true,"href":"https:\/\/roveyayinevi.com.tr\/index.php\/wp-json\/wp\/v2\/product_tag?post=717870"}],"curies":[{"name":"wp","href":"https:\/\/api.w.org\/{rel}","templated":true}]}}