{"id":717659,"date":"2025-08-27T17:58:35","date_gmt":"2025-08-27T14:58:35","guid":{"rendered":"https:\/\/roveyayinevi.com.tr\/index.php\/urun\/savasci-ve-sair-jose-marti\/"},"modified":"2026-04-16T02:25:50","modified_gmt":"2026-04-15T23:25:50","slug":"savasci-ve-sair-jose-marti","status":"publish","type":"product","link":"https:\/\/roveyayinevi.com.tr\/index.php\/urun\/savasci-ve-sair-jose-marti\/","title":{"rendered":"Sava\u015f\u00e7\u0131 ve \u015eair Jose Marti"},"content":{"rendered":"<p>Jos\u00e9 Mart\u00ed, K\u00fcba\u2019n\u0131n ulusal kahraman\u0131 ve simgesidir.  O, bir siyaset\u00e7i, bir devrimci, bir ele\u015ftirmen, bir gazeteci, bir d\u00fc\u015f\u00fcn\u00fcr ve bir \u015fairdi. Yaz\u0131lar\u0131 ve \u015fiirleriyle ate\u015fledi\u011fi ve 1895\u2019te K\u00fcba\u2019ya gelerek ba\u015flatt\u0131\u011f\u0131 ba\u011f\u0131ms\u0131zl\u0131k m\u00fccadelesi \u00fclke tarihinde \u00e7ok \u00f6nemli bir yer tuttu. Jos\u00e9 Mart\u00ed, ya\u015fam\u0131n\u0131 \u00fclkesinin ba\u011f\u0131ms\u0131zl\u0131k sava\u015f\u0131m\u0131na adam\u0131\u015ft\u0131. Sava\u015farak \u00f6ld\u00fc; ard\u0131ndan \u015fiirleriyle birlikte insanl\u0131\u011f\u0131n b\u00fcy\u00fck \u00f6rneklerinden birini b\u0131rakt\u0131. Sava\u015f\u00e7\u0131 ve \u015eair: Jos\u00e9 Mart\u00edadl\u0131 bu kitap \u00e7ok zengin bir yelpazeyi kapsayan yap\u0131tlar\u0131yla ve yap\u0131tlar\u0131n\u0131n oda\u011f\u0131na koydu\u011fu sava\u015f\u0131m\u0131yla \u00f6zg\u00fcn bir yer edinmi\u015f olan Jos\u00e9 Mart\u00ed\u2019yi tan\u0131tmaya, yap\u0131tlar\u0131n\u0131, d\u00fc\u015f\u00fcncesini ve ya\u015fam ser\u00fcvenini b\u00fct\u00fcnl\u00fckl\u00fc bir bak\u0131\u015fla ele almaya \u00e7al\u0131\u015f\u0131yor; \u00fczerine yaz\u0131lm\u0131\u015f yaz\u0131lar\u0131n yan\u0131 s\u0131ra, \u015fiirlerinden, mektuplar\u0131ndan ve makalelerinden se\u00e7melere yer veriyor; onun b\u0131rakt\u0131\u011f\u0131 mirasa, izinden giden Che Guevara ve Fidel Castro\u2019nun m\u00fccadelesine \u0131\u015f\u0131k tutuyor.  <\/p>\n","protected":false},"excerpt":{"rendered":"<p>Jos\u00e9 Mart\u00ed, K\u00fcba\u2019n\u0131n ulusal kahraman\u0131 ve simgesidir. O, bir siyaset\u00e7i, bir devrimci, bir ele\u015ftirmen, bir gazeteci, bir d\u00fc\u015f\u00fcn\u00fcr ve bir \u015fairdi. Yaz\u0131lar\u0131 ve \u015fiirleriyle ate\u015fledi\u011fi ve<span class=\"excerpt-hellip\"> [\u2026]<\/span><\/p>\n","protected":false},"featured_media":0,"template":"","meta":{"_monsterinsights_skip_tracking":false,"_monsterinsights_sitenote_active":false,"_monsterinsights_sitenote_note":"","_monsterinsights_sitenote_category":0},"product_brand":[],"product_cat":[14009,12291],"product_tag":[],"class_list":{"0":"post-717659","1":"product","2":"type-product","3":"status-publish","5":"product_cat-biyografi-otobiyografi-edebiyat","6":"product_cat-edebiyat","7":"pa_cilt-ciltsiz","8":"pa_tur-kitap","9":"pa_yayinevi-telgrafhane-yayinlari","10":"pa_yazar-orhan-tuleylioglu","12":"first","13":"instock","14":"sale","15":"shipping-taxable","16":"purchasable","17":"product-type-simple"},"_links":{"self":[{"href":"https:\/\/roveyayinevi.com.tr\/index.php\/wp-json\/wp\/v2\/product\/717659","targetHints":{"allow":["GET"]}}],"collection":[{"href":"https:\/\/roveyayinevi.com.tr\/index.php\/wp-json\/wp\/v2\/product"}],"about":[{"href":"https:\/\/roveyayinevi.com.tr\/index.php\/wp-json\/wp\/v2\/types\/product"}],"wp:attachment":[{"href":"https:\/\/roveyayinevi.com.tr\/index.php\/wp-json\/wp\/v2\/media?parent=717659"}],"wp:term":[{"taxonomy":"product_brand","embeddable":true,"href":"https:\/\/roveyayinevi.com.tr\/index.php\/wp-json\/wp\/v2\/product_brand?post=717659"},{"taxonomy":"product_cat","embeddable":true,"href":"https:\/\/roveyayinevi.com.tr\/index.php\/wp-json\/wp\/v2\/product_cat?post=717659"},{"taxonomy":"product_tag","embeddable":true,"href":"https:\/\/roveyayinevi.com.tr\/index.php\/wp-json\/wp\/v2\/product_tag?post=717659"}],"curies":[{"name":"wp","href":"https:\/\/api.w.org\/{rel}","templated":true}]}}