{"id":717610,"date":"2025-08-27T17:57:28","date_gmt":"2025-08-27T14:57:28","guid":{"rendered":"https:\/\/roveyayinevi.com.tr\/index.php\/urun\/askin-galibi\/"},"modified":"2026-04-16T02:25:49","modified_gmt":"2026-04-15T23:25:49","slug":"askin-galibi","status":"publish","type":"product","link":"https:\/\/roveyayinevi.com.tr\/index.php\/urun\/askin-galibi\/","title":{"rendered":"A\u015fk&#8217;\u0131n Galibi"},"content":{"rendered":"<p>Tarihin i\u00e7inden ge\u00e7ip nefessiz kald\u0131n\u0131z m\u0131 hi\u00e7?  Sevginin, a\u015fk\u0131n, merhametin, \u015fefkatin kollar\u0131nda \u201cBEN\u201d duygusuna eri\u015ftiniz mi? Tutkunun girdab\u0131nda \u00d6Z-BEN\u2019in sesine kulak verdiniz mi? Bu kitapta tarihe yolculuk yapacaks\u0131n\u0131z\u2026 Seda Diker\u2019in kaleminden, Osmanl\u0131 d\u00f6neminin dillere destan a\u015fk\u0131 \u015eeyh Galib ve Beyhan Sultan\u2019\u0131n birlikte teslimiyete giden g\u00f6n\u00fcl yolculu\u011fu, tarihin tozlu sayfalar\u0131ndan sizlere ta\u015f\u0131nd\u0131. Elbette, her zaman oldu\u011fu gibi, modern d\u00fcnyan\u0131n \u00fc\u00e7 kad\u0131n kahraman\u0131n\u0131n duygu karma\u015fas\u0131ndan \u00e7\u0131k\u0131\u015f \u00f6yk\u00fcs\u00fc tarihi bir \u00f6yk\u00fcyle ustaca harmanland\u0131&#8230; <\/p>\n","protected":false},"excerpt":{"rendered":"<p>Tarihin i\u00e7inden ge\u00e7ip nefessiz kald\u0131n\u0131z m\u0131 hi\u00e7? Sevginin, a\u015fk\u0131n, merhametin, \u015fefkatin kollar\u0131nda \u201cBEN\u201d duygusuna eri\u015ftiniz mi? Tutkunun girdab\u0131nda \u00d6Z-BEN\u2019in sesine kulak verdiniz mi? Bu kitapta tarihe<span class=\"excerpt-hellip\"> [\u2026]<\/span><\/p>\n","protected":false},"featured_media":0,"template":"","meta":{"_monsterinsights_skip_tracking":false,"_monsterinsights_sitenote_active":false,"_monsterinsights_sitenote_note":"","_monsterinsights_sitenote_category":0},"product_brand":[],"product_cat":[12364,12376],"product_tag":[],"class_list":{"0":"post-717610","1":"product","2":"type-product","3":"status-publish","5":"product_cat-genel-konular","6":"product_cat-kisisel-gelisim","7":"pa_cilt-ciltsiz","8":"pa_tur-kitap","9":"pa_yayinevi-inkilap-kitabevi","10":"pa_yazar-seda-diker","12":"first","13":"instock","14":"sale","15":"shipping-taxable","16":"purchasable","17":"product-type-simple"},"_links":{"self":[{"href":"https:\/\/roveyayinevi.com.tr\/index.php\/wp-json\/wp\/v2\/product\/717610","targetHints":{"allow":["GET"]}}],"collection":[{"href":"https:\/\/roveyayinevi.com.tr\/index.php\/wp-json\/wp\/v2\/product"}],"about":[{"href":"https:\/\/roveyayinevi.com.tr\/index.php\/wp-json\/wp\/v2\/types\/product"}],"wp:attachment":[{"href":"https:\/\/roveyayinevi.com.tr\/index.php\/wp-json\/wp\/v2\/media?parent=717610"}],"wp:term":[{"taxonomy":"product_brand","embeddable":true,"href":"https:\/\/roveyayinevi.com.tr\/index.php\/wp-json\/wp\/v2\/product_brand?post=717610"},{"taxonomy":"product_cat","embeddable":true,"href":"https:\/\/roveyayinevi.com.tr\/index.php\/wp-json\/wp\/v2\/product_cat?post=717610"},{"taxonomy":"product_tag","embeddable":true,"href":"https:\/\/roveyayinevi.com.tr\/index.php\/wp-json\/wp\/v2\/product_tag?post=717610"}],"curies":[{"name":"wp","href":"https:\/\/api.w.org\/{rel}","templated":true}]}}