{"id":717606,"date":"2025-08-27T17:57:26","date_gmt":"2025-08-27T14:57:26","guid":{"rendered":"https:\/\/roveyayinevi.com.tr\/index.php\/urun\/meclis\/"},"modified":"2026-04-16T02:25:49","modified_gmt":"2026-04-15T23:25:49","slug":"meclis","status":"publish","type":"product","link":"https:\/\/roveyayinevi.com.tr\/index.php\/urun\/meclis\/","title":{"rendered":"Meclis"},"content":{"rendered":"<p>Bug\u00fcn hepimiz, politik varsay\u0131mlar\u0131m\u0131zdan baz\u0131lar\u0131n\u0131n sorgulanmas\u0131n\u0131 gerektiren bir ge\u00e7i\u015f a\u015famas\u0131nda ya\u015f\u0131yoruz. Sadece iktidar\u0131 nas\u0131l alaca\u011f\u0131m\u0131z\u0131 de\u011fil, ne t\u00fcr bir iktidar istedi\u011fimizi ve belki de daha \u00f6nemlisi neye d\u00f6n\u00fc\u015fmek istedi\u011fimizi de sormak zorunday\u0131z. Hegel\u2019in dedi\u011fi gibi, \u201cher \u015fey Hakiki olan\u0131n sadece T\u00f6z olarak de\u011fil ayn\u0131 zamanda \u00d6zne olarak kavran\u0131p ifade edilmesine ba\u011fl\u0131d\u0131r.\u201d \u0130ktidar\u0131 oldu\u011fu haliyle de\u011fil, farkl\u0131 bir \u015fekilde ele ge\u00e7irebilmeleri, tamamen yeni, demokratik bir toplum yaratmalar\u0131 ve en \u00f6nemlisi yeni \u00f6znellikler kurabilmeleri i\u00e7in kendimizi, hareketlerin nas\u0131l temel toplumsal ili\u015fkileri yeniden tan\u0131mlama potansiyeline sahip olduklar\u0131n\u0131 g\u00f6recek \u015fekilde haz\u0131rlamak zorunday\u0131z&#8230; Antonio Negri \/ Michael Hardt <\/p>\n","protected":false},"excerpt":{"rendered":"<p>Bug\u00fcn hepimiz, politik varsay\u0131mlar\u0131m\u0131zdan baz\u0131lar\u0131n\u0131n sorgulanmas\u0131n\u0131 gerektiren bir ge\u00e7i\u015f a\u015famas\u0131nda ya\u015f\u0131yoruz. Sadece iktidar\u0131 nas\u0131l alaca\u011f\u0131m\u0131z\u0131 de\u011fil, ne t\u00fcr bir iktidar istedi\u011fimizi ve belki de daha \u00f6nemlisi<span class=\"excerpt-hellip\"> [\u2026]<\/span><\/p>\n","protected":false},"featured_media":0,"template":"","meta":{"_monsterinsights_skip_tracking":false,"_monsterinsights_sitenote_active":false,"_monsterinsights_sitenote_note":"","_monsterinsights_sitenote_category":0},"product_brand":[],"product_cat":[13059,12337],"product_tag":[],"class_list":{"0":"post-717606","1":"product","2":"type-product","3":"status-publish","5":"product_cat-diger-politika-siyaset","6":"product_cat-politika-siyaset","7":"pa_cilt-ciltsiz","8":"pa_tur-kitap","9":"pa_yayinevi-ayrinti-yayinlari","10":"pa_yazar-michael-hardt-antonio-negri","12":"first","13":"instock","14":"sale","15":"shipping-taxable","16":"purchasable","17":"product-type-simple"},"_links":{"self":[{"href":"https:\/\/roveyayinevi.com.tr\/index.php\/wp-json\/wp\/v2\/product\/717606","targetHints":{"allow":["GET"]}}],"collection":[{"href":"https:\/\/roveyayinevi.com.tr\/index.php\/wp-json\/wp\/v2\/product"}],"about":[{"href":"https:\/\/roveyayinevi.com.tr\/index.php\/wp-json\/wp\/v2\/types\/product"}],"wp:attachment":[{"href":"https:\/\/roveyayinevi.com.tr\/index.php\/wp-json\/wp\/v2\/media?parent=717606"}],"wp:term":[{"taxonomy":"product_brand","embeddable":true,"href":"https:\/\/roveyayinevi.com.tr\/index.php\/wp-json\/wp\/v2\/product_brand?post=717606"},{"taxonomy":"product_cat","embeddable":true,"href":"https:\/\/roveyayinevi.com.tr\/index.php\/wp-json\/wp\/v2\/product_cat?post=717606"},{"taxonomy":"product_tag","embeddable":true,"href":"https:\/\/roveyayinevi.com.tr\/index.php\/wp-json\/wp\/v2\/product_tag?post=717606"}],"curies":[{"name":"wp","href":"https:\/\/api.w.org\/{rel}","templated":true}]}}