{"id":717569,"date":"2025-08-27T17:57:02","date_gmt":"2025-08-27T14:57:02","guid":{"rendered":"https:\/\/roveyayinevi.com.tr\/index.php\/urun\/kriz-mudahaleleri-rekabet-gucu-ve-istihdam\/"},"modified":"2026-04-16T02:25:48","modified_gmt":"2026-04-15T23:25:48","slug":"kriz-mudahaleleri-rekabet-gucu-ve-istihdam","status":"publish","type":"product","link":"https:\/\/roveyayinevi.com.tr\/index.php\/urun\/kriz-mudahaleleri-rekabet-gucu-ve-istihdam\/","title":{"rendered":"Kriz M\u00fcdahaleleri Rekabet G\u00fcc\u00fc ve \u0130stihdam"},"content":{"rendered":"<p>Rekabet g\u00fcc\u00fc yetersizli\u011fi Avrupa\u2019daki yetersiz b\u00fcy\u00fcmenin ve y\u00fcksek i\u015fsizli\u011fin temel bir fakt\u00f6r\u00fc olarak g\u00f6r\u00fclmektedir. Konu, rekabet g\u00fcc\u00fcn\u00fcn d\u00f6viz kurunun uyarlanmas\u0131 yoluyla ele al\u0131namayaca\u011f\u0131 Avro B\u00f6lgesi i\u00e7in \u00f6zellikle karma\u015f\u0131kt\u0131r. Bu raporun amac\u0131 AB ve di\u011fer geli\u015fmi\u015f \u00fclkeler ile geli\u015fmekte olan \u00fclkeler ba\u011flam\u0131nda rekabet g\u00fcc\u00fc konusunu de\u011ferlendirmek ve rekabet g\u00fcc\u00fcn\u00fcn 2008 k\u00fcresel krizi ile ili\u015fkisine, emek piyasas\u0131nda yaratt\u0131\u011f\u0131 etkilere ve toplumsal sonu\u00e7lar\u0131na dair a\u00e7\u0131k bir kavray\u0131\u015f ortaya koymakt\u0131r. Hem daha \u00e7ok say\u0131da ve daha iyi i\u015fler yarat\u0131lmas\u0131na hem de rekabet g\u00fcc\u00fcn\u00fcn geli\u015ftirilmesine y\u00f6nelik politika se\u00e7enekleri irdelenmektedir. Rapor ayr\u0131ca rekabet g\u00fcc\u00fcn\u00fcn yeniden temin edilmesinin bir arac\u0131 olarak \u00fccretlerde yap\u0131lan kesintilere ve \u00e7al\u0131\u015fma ko\u015fullar\u0131n\u0131n gev\u015fetilmesine dayanan politik yakla\u015f\u0131mlar\u0131n etkilerini de de\u011ferlendirmektedir. Yeni teknolojilere yat\u0131r\u0131m yap\u0131lmas\u0131, nitelikli bir i\u015fg\u00fcc\u00fcn\u00fcn yarat\u0131lmas\u0131 ve kredi sistemlerinin geli\u015ftirilmesi gibi politika \u00f6nerileri AB b\u00fcnyesinde toplumsal dayan\u0131\u015fmay\u0131 s\u00fcrd\u00fcr\u00fcrken rekabet g\u00fcc\u00fcn\u00fcn peki\u015ftirilmesi i\u00e7in \u00f6nemli g\u00f6r\u00fclmektedir.<\/p>\n","protected":false},"excerpt":{"rendered":"<p>Rekabet g\u00fcc\u00fc yetersizli\u011fi Avrupa\u2019daki yetersiz b\u00fcy\u00fcmenin ve y\u00fcksek i\u015fsizli\u011fin temel bir fakt\u00f6r\u00fc olarak g\u00f6r\u00fclmektedir. Konu, rekabet g\u00fcc\u00fcn\u00fcn d\u00f6viz kurunun uyarlanmas\u0131 yoluyla ele al\u0131namayaca\u011f\u0131 Avro B\u00f6lgesi i\u00e7in<span class=\"excerpt-hellip\"> [\u2026]<\/span><\/p>\n","protected":false},"featured_media":0,"template":"","meta":{"_monsterinsights_skip_tracking":false,"_monsterinsights_sitenote_active":false,"_monsterinsights_sitenote_note":"","_monsterinsights_sitenote_category":0},"product_brand":[],"product_cat":[20333,13043],"product_tag":[],"class_list":{"0":"post-717569","1":"product","2":"type-product","3":"status-publish","5":"product_cat-diger-ekonomi","6":"product_cat-ekonomi","7":"pa_cilt-ciltsiz","8":"pa_tur-kitap","9":"pa_yayinevi-efil-yayinevi","10":"pa_yazar-kolektif","12":"first","13":"instock","14":"sale","15":"shipping-taxable","16":"purchasable","17":"product-type-simple"},"_links":{"self":[{"href":"https:\/\/roveyayinevi.com.tr\/index.php\/wp-json\/wp\/v2\/product\/717569","targetHints":{"allow":["GET"]}}],"collection":[{"href":"https:\/\/roveyayinevi.com.tr\/index.php\/wp-json\/wp\/v2\/product"}],"about":[{"href":"https:\/\/roveyayinevi.com.tr\/index.php\/wp-json\/wp\/v2\/types\/product"}],"wp:attachment":[{"href":"https:\/\/roveyayinevi.com.tr\/index.php\/wp-json\/wp\/v2\/media?parent=717569"}],"wp:term":[{"taxonomy":"product_brand","embeddable":true,"href":"https:\/\/roveyayinevi.com.tr\/index.php\/wp-json\/wp\/v2\/product_brand?post=717569"},{"taxonomy":"product_cat","embeddable":true,"href":"https:\/\/roveyayinevi.com.tr\/index.php\/wp-json\/wp\/v2\/product_cat?post=717569"},{"taxonomy":"product_tag","embeddable":true,"href":"https:\/\/roveyayinevi.com.tr\/index.php\/wp-json\/wp\/v2\/product_tag?post=717569"}],"curies":[{"name":"wp","href":"https:\/\/api.w.org\/{rel}","templated":true}]}}