{"id":717548,"date":"2025-08-27T17:56:48","date_gmt":"2025-08-27T14:56:48","guid":{"rendered":"https:\/\/roveyayinevi.com.tr\/index.php\/urun\/siradisi-bir-ittihatci\/"},"modified":"2026-04-16T02:25:48","modified_gmt":"2026-04-15T23:25:48","slug":"siradisi-bir-ittihatci","status":"publish","type":"product","link":"https:\/\/roveyayinevi.com.tr\/index.php\/urun\/siradisi-bir-ittihatci\/","title":{"rendered":"S\u0131rad\u0131\u015f\u0131 Bir \u0130ttihat\u00e7\u0131"},"content":{"rendered":"<p>N. Besarya b\u00fcy\u00fck riskler alarak, kendi toplumunun iyili\u011fi ve T\u00fcrklere ra\u011fmen yeni bir T\u00fcrkiye i\u00e7in \u0130ttihat ve Terakki Cemiyeti\u2019ne \u00fcye oldu.Nicolae IorgaMakedonya do\u011fumlu bir Romen olan Besarya Efendi, 1906 y\u0131l\u0131ndan itibaren \u0130ttihat ve Terakki Cemiyeti i\u00e7erisinde yer alan ilk Hristiyan\u2019d\u0131r. Birinci D\u00fcnya Sava\u015f\u0131\u2019na kadar Cemiyet\u2019in b\u00fct\u00fcn faaliyetlerine aktif olarak kat\u0131lan, Meclis-i Ayan \u00fcyeli\u011fi ve Nafia Naz\u0131rl\u0131\u011f\u0131 da yapan Besarya Efendi\u2019nin hat\u0131ralar\u0131 II. Me\u015frutiyet d\u00f6nemine farkl\u0131 bir bak\u0131\u015f a\u00e7\u0131s\u0131yla \u0131\u015f\u0131k tutmaktad\u0131r. Hat\u0131ralar\u0131n bir \u00f6zelli\u011fi de Sultan II. Abd\u00fclhamid, Sultan V. Mehmed Re\u015fad, Enver, Cemal ve Talat Pa\u015falar ve daha bir\u00e7ok devlet adam\u0131 hakk\u0131nda kapsaml\u0131 bilgiler vermesidir. Cemiyet\u2019in \u00fcyesi olmas\u0131na ra\u011fmen olaylar\u0131 d\u0131\u015far\u0131dan bir g\u00f6zlemci gibi so\u011fukkanl\u0131 de\u011ferlendirmesi Besarya Efendi\u2019nin anlatt\u0131klar\u0131n\u0131 de\u011ferli k\u0131lmakla birlikte \u0130ttihat\u00e7\u0131lar hakk\u0131nda kal\u0131pla\u015fm\u0131\u015f pek \u00e7ok \u00f6nyarg\u0131n\u0131n haks\u0131zl\u0131\u011f\u0131n\u0131 da ortaya koymaktad\u0131r. \u0130ttihat\u00e7\u0131 liderlerin ki\u015fisel \u00f6zellikleri nelerdir?-           31 Mart \u0130syan\u0131 s\u0131ras\u0131nda \u0130stanbul\u2019da neler ya\u015fanm\u0131\u015ft\u0131r?-           \u0130ttihat\u00e7\u0131lar\u0131n T\u00fcrk\u00e7\u00fcl\u00fck politikas\u0131 \u0130mparatorlu\u011fun di\u011fer etnik unsurlar\u0131 \u00fczerinde nas\u0131l bir etki yapm\u0131\u015ft\u0131r?-           I. Balkan Sava\u015f\u0131 sonunda d\u00fczenlenen Londra Konferans\u0131\u2019nda neler ya\u015fanm\u0131\u015ft\u0131r?-           Osmanl\u0131 \u0130mparatorlu\u011fu\u2019nun I. D\u00fcnya Sava\u015f\u0131\u2019na giri\u015finin perde arkas\u0131nda neler ya\u015fand\u0131?gibi bir\u00e7ok soruya cevap veren bu eser ilk defa Romence asl\u0131ndan \u00e7evrilerek \u0130ttihat ve Terakki d\u00f6nemi \u00fczerine ciddi ara\u015ft\u0131rmalar\u0131yla tan\u0131nan Do\u00e7. Dr. Nevzat Artu\u00e7 taraf\u0131ndan yay\u0131na haz\u0131rland\u0131. Me\u015fhur tarih\u00e7i Nicolae Iorga\u2019n\u0131n \u00f6ns\u00f6z yazd\u0131\u011f\u0131 Besarya Efendi\u2019nin bu hat\u0131rat\u0131, \u0130ttihat ve Terakki literat\u00fcr\u00fcn\u00fc alt \u00fcst ederek Osmanl\u0131 \u0130mparatorlu\u011fu\u2019nun en tart\u0131\u015fmal\u0131 y\u0131llar\u0131n\u0131n anla\u015f\u0131lmas\u0131 noktas\u0131nda t\u00fcm tarih okurlar\u0131na farkl\u0131 bir kap\u0131 aralayarak o g\u00fcnleri daha iyi anlamalar\u0131n\u0131 sa\u011flayacak. <\/p>\n","protected":false},"excerpt":{"rendered":"<p>N. Besarya b\u00fcy\u00fck riskler alarak, kendi toplumunun iyili\u011fi ve T\u00fcrklere ra\u011fmen yeni bir T\u00fcrkiye i\u00e7in \u0130ttihat ve Terakki Cemiyeti\u2019ne \u00fcye oldu.Nicolae IorgaMakedonya do\u011fumlu bir Romen olan<span class=\"excerpt-hellip\"> [\u2026]<\/span><\/p>\n","protected":false},"featured_media":0,"template":"","meta":{"_monsterinsights_skip_tracking":false,"_monsterinsights_sitenote_active":false,"_monsterinsights_sitenote_note":"","_monsterinsights_sitenote_category":0},"product_brand":[],"product_cat":[12304,13650],"product_tag":[],"class_list":{"0":"post-717548","1":"product","2":"type-product","3":"status-publish","5":"product_cat-tarih","6":"product_cat-turk-tarihi-arastirmalari","7":"pa_cilt-ciltsiz","8":"pa_tur-kitap","9":"pa_yayinevi-timas-yayinlari","10":"pa_yazar-nevzat-artuc","12":"first","13":"instock","14":"sale","15":"shipping-taxable","16":"purchasable","17":"product-type-simple"},"_links":{"self":[{"href":"https:\/\/roveyayinevi.com.tr\/index.php\/wp-json\/wp\/v2\/product\/717548","targetHints":{"allow":["GET"]}}],"collection":[{"href":"https:\/\/roveyayinevi.com.tr\/index.php\/wp-json\/wp\/v2\/product"}],"about":[{"href":"https:\/\/roveyayinevi.com.tr\/index.php\/wp-json\/wp\/v2\/types\/product"}],"wp:attachment":[{"href":"https:\/\/roveyayinevi.com.tr\/index.php\/wp-json\/wp\/v2\/media?parent=717548"}],"wp:term":[{"taxonomy":"product_brand","embeddable":true,"href":"https:\/\/roveyayinevi.com.tr\/index.php\/wp-json\/wp\/v2\/product_brand?post=717548"},{"taxonomy":"product_cat","embeddable":true,"href":"https:\/\/roveyayinevi.com.tr\/index.php\/wp-json\/wp\/v2\/product_cat?post=717548"},{"taxonomy":"product_tag","embeddable":true,"href":"https:\/\/roveyayinevi.com.tr\/index.php\/wp-json\/wp\/v2\/product_tag?post=717548"}],"curies":[{"name":"wp","href":"https:\/\/api.w.org\/{rel}","templated":true}]}}