{"id":717502,"date":"2025-08-27T17:56:14","date_gmt":"2025-08-27T14:56:14","guid":{"rendered":"https:\/\/roveyayinevi.com.tr\/index.php\/urun\/turkiye-abd-iliskilerinde-abd-disisleri-bakanlarinin-turkiye-ziyaretleri\/"},"modified":"2026-04-16T02:25:47","modified_gmt":"2026-04-15T23:25:47","slug":"turkiye-abd-iliskilerinde-abd-disisleri-bakanlarinin-turkiye-ziyaretleri","status":"publish","type":"product","link":"https:\/\/roveyayinevi.com.tr\/index.php\/urun\/turkiye-abd-iliskilerinde-abd-disisleri-bakanlarinin-turkiye-ziyaretleri\/","title":{"rendered":"T\u00fcrkiye ABD \u0130li\u015fkilerinde ABD D\u0131\u015fi\u015fleri Bakanlar\u0131n\u0131n T\u00fcrkiye Ziyaretleri"},"content":{"rendered":"<p>\u0130kinci D\u00fcnya Sava\u015f\u0131\u2019n\u0131n ard\u0131ndan T\u00fcrkiye\u2019nin NATO\u2019nun bir \u00fcyesi h\u00e2line gelmesi ile T\u00fcrkiye ve ABD aras\u0131ndaki ili\u015fkinin stratejik \u00f6nemi artm\u0131\u015ft\u0131r. Ancak daha sonraki s\u00fcre\u00e7te ikili ili\u015fkilerde birtak\u0131m p\u00fcr\u00fczler meydana gelmi\u015ftir. \u0130ki \u00fclke devlet yetkililerinin ger\u00e7ekle\u015ftirmi\u015f oldu\u011fu ziyaretler hakk\u0131nda bas\u0131nda yer alan haberler ve kamuoyu tepkileri bu stratejik ortakl\u0131\u011f\u0131n durumunu ortaya net bi\u00e7imde koyan unsurlar olmu\u015ftur. \u0130kili ili\u015fkilerin seyrinde \u00f6nemi g\u00f6z ard\u0131 edilemeyecek olan bu ziyaretleri bir arada sunan bu eser, T\u00fcrk d\u0131\u015f politikas\u0131 tarihinin belli bir alan\u0131na \u0131\u015f\u0131k tutmaktad\u0131r. Bu y\u00f6n\u00fcyle sadece ara\u015ft\u0131rmac\u0131lar i\u00e7in de\u011fil, T\u00fcrk siyasi tarihine de ilgi duyan okuyucular i\u00e7in de rehber niteli\u011fini ta\u015f\u0131maktad\u0131r.<\/p>\n","protected":false},"excerpt":{"rendered":"<p>\u0130kinci D\u00fcnya Sava\u015f\u0131\u2019n\u0131n ard\u0131ndan T\u00fcrkiye\u2019nin NATO\u2019nun bir \u00fcyesi h\u00e2line gelmesi ile T\u00fcrkiye ve ABD aras\u0131ndaki ili\u015fkinin stratejik \u00f6nemi artm\u0131\u015ft\u0131r. Ancak daha sonraki s\u00fcre\u00e7te ikili ili\u015fkilerde birtak\u0131m<span class=\"excerpt-hellip\"> [\u2026]<\/span><\/p>\n","protected":false},"featured_media":0,"template":"","meta":{"_monsterinsights_skip_tracking":false,"_monsterinsights_sitenote_active":false,"_monsterinsights_sitenote_note":"","_monsterinsights_sitenote_category":0},"product_brand":[],"product_cat":[12338,12337],"product_tag":[],"class_list":{"0":"post-717502","1":"product","2":"type-product","3":"status-publish","5":"product_cat-dunya-siyaseti-ve-politikasi","6":"product_cat-politika-siyaset","7":"pa_cilt-ciltsiz","8":"pa_tur-kitap","9":"pa_yayinevi-ideal-kultur-yayincilik","10":"pa_yazar-yasin-coskun","12":"first","13":"instock","14":"sale","15":"shipping-taxable","16":"purchasable","17":"product-type-simple"},"_links":{"self":[{"href":"https:\/\/roveyayinevi.com.tr\/index.php\/wp-json\/wp\/v2\/product\/717502","targetHints":{"allow":["GET"]}}],"collection":[{"href":"https:\/\/roveyayinevi.com.tr\/index.php\/wp-json\/wp\/v2\/product"}],"about":[{"href":"https:\/\/roveyayinevi.com.tr\/index.php\/wp-json\/wp\/v2\/types\/product"}],"wp:attachment":[{"href":"https:\/\/roveyayinevi.com.tr\/index.php\/wp-json\/wp\/v2\/media?parent=717502"}],"wp:term":[{"taxonomy":"product_brand","embeddable":true,"href":"https:\/\/roveyayinevi.com.tr\/index.php\/wp-json\/wp\/v2\/product_brand?post=717502"},{"taxonomy":"product_cat","embeddable":true,"href":"https:\/\/roveyayinevi.com.tr\/index.php\/wp-json\/wp\/v2\/product_cat?post=717502"},{"taxonomy":"product_tag","embeddable":true,"href":"https:\/\/roveyayinevi.com.tr\/index.php\/wp-json\/wp\/v2\/product_tag?post=717502"}],"curies":[{"name":"wp","href":"https:\/\/api.w.org\/{rel}","templated":true}]}}