{"id":717267,"date":"2025-08-27T17:53:31","date_gmt":"2025-08-27T14:53:31","guid":{"rendered":"https:\/\/roveyayinevi.com.tr\/index.php\/urun\/boyun-egdim\/"},"modified":"2026-04-16T02:25:42","modified_gmt":"2026-04-15T23:25:42","slug":"boyun-egdim","status":"publish","type":"product","link":"https:\/\/roveyayinevi.com.tr\/index.php\/urun\/boyun-egdim\/","title":{"rendered":"Boyun E\u011fdim"},"content":{"rendered":"<p>\u201cA\u015fka Durdum Yan\u0131nda\u201d   &#8220;\u015eiir g\u00fc\u00e7l\u00fcn\u00fcn de g\u00fc\u00e7s\u00fcz\u00fcn de s\u0131\u011f\u0131na\u011f\u0131d\u0131r. Okunmu\u015f efsunlanm\u0131\u015f bir edas\u0131 vard\u0131r&#8230; Ve her \u015fair birbirinden ilham al\u0131r, birbirinin g\u00f6lgesi olurlar. Fakat Ebru Olur kendi g\u00f6lgesini b\u00fcy\u00fcterek sergiliyor \u015fiirlerini ve b\u00f6ylece kendi g\u00f6lgesi olan \u015fairlerden oluyor. Kendi olarak yans\u0131yor sat\u0131rlara ve co\u015fkulu yaz\u0131yor. \u0130\u015fte as\u0131l mesele budur&#8230;&#8221; Bahaettin Karako\u00e7 &#8220;Ebru Olur, Da\u011flarca\u2019n\u0131n de\u011fimiyle &#8216;Avucunda bir m\u0131srayla do\u011fan&#8217; azmiyle, \u00e7al\u0131\u015fmas\u0131yla bu yetene\u011fini geli\u015ftirerek \u015fiir d\u00fcnyas\u0131nda &#8216;ben de var\u0131m!&#8217; diye g\u00fcr sesiyle hayk\u0131ran h\u00fczn\u00fcn duyarl\u0131 \u015fairi&#8230; K\u00fclt\u00fcr topra\u011f\u0131 bitek, y\u00fcre\u011fi ve dili atak, halleri g\u00fczel, kalemi g\u00fc\u00e7l\u00fc, s\u00f6zc\u00fckleri kanatl\u0131, lirizmle \u015ferbetlenmi\u015f b\u00fcy\u00fck umutlar vadeden gen\u00e7 \u015fairimiz&#8230; Duam ve dile\u011fim odur ki bu kemale ermi\u015f \u015fiirleriniz bir an \u00f6nce \u015fiir sevdal\u0131lar\u0131na ula\u015fs\u0131n&#8230;&#8221; Saba \u00c7evik <\/p>\n","protected":false},"excerpt":{"rendered":"<p>\u201cA\u015fka Durdum Yan\u0131nda\u201d &#8220;\u015eiir g\u00fc\u00e7l\u00fcn\u00fcn de g\u00fc\u00e7s\u00fcz\u00fcn de s\u0131\u011f\u0131na\u011f\u0131d\u0131r. Okunmu\u015f efsunlanm\u0131\u015f bir edas\u0131 vard\u0131r&#8230; Ve her \u015fair birbirinden ilham al\u0131r, birbirinin g\u00f6lgesi olurlar. Fakat Ebru Olur<span class=\"excerpt-hellip\"> [\u2026]<\/span><\/p>\n","protected":false},"featured_media":0,"template":"","meta":{"_monsterinsights_skip_tracking":false,"_monsterinsights_sitenote_active":false,"_monsterinsights_sitenote_note":"","_monsterinsights_sitenote_category":0},"product_brand":[],"product_cat":[12291,12509],"product_tag":[],"class_list":{"0":"post-717267","1":"product","2":"type-product","3":"status-publish","5":"product_cat-edebiyat","6":"product_cat-siir","7":"pa_cilt-ciltsiz","8":"pa_tur-kitap","9":"pa_yayinevi-hayykitap","10":"pa_yazar-ebru-olur","12":"first","13":"instock","14":"sale","15":"shipping-taxable","16":"purchasable","17":"product-type-simple"},"_links":{"self":[{"href":"https:\/\/roveyayinevi.com.tr\/index.php\/wp-json\/wp\/v2\/product\/717267","targetHints":{"allow":["GET"]}}],"collection":[{"href":"https:\/\/roveyayinevi.com.tr\/index.php\/wp-json\/wp\/v2\/product"}],"about":[{"href":"https:\/\/roveyayinevi.com.tr\/index.php\/wp-json\/wp\/v2\/types\/product"}],"wp:attachment":[{"href":"https:\/\/roveyayinevi.com.tr\/index.php\/wp-json\/wp\/v2\/media?parent=717267"}],"wp:term":[{"taxonomy":"product_brand","embeddable":true,"href":"https:\/\/roveyayinevi.com.tr\/index.php\/wp-json\/wp\/v2\/product_brand?post=717267"},{"taxonomy":"product_cat","embeddable":true,"href":"https:\/\/roveyayinevi.com.tr\/index.php\/wp-json\/wp\/v2\/product_cat?post=717267"},{"taxonomy":"product_tag","embeddable":true,"href":"https:\/\/roveyayinevi.com.tr\/index.php\/wp-json\/wp\/v2\/product_tag?post=717267"}],"curies":[{"name":"wp","href":"https:\/\/api.w.org\/{rel}","templated":true}]}}