{"id":717243,"date":"2025-08-27T17:53:15","date_gmt":"2025-08-27T14:53:15","guid":{"rendered":"https:\/\/roveyayinevi.com.tr\/index.php\/urun\/osmanlida-son-fasil-savas-devrim-ve-ortadogunun-sekillenisi-1908-1923\/"},"modified":"2026-04-16T02:25:41","modified_gmt":"2026-04-15T23:25:41","slug":"osmanlida-son-fasil-savas-devrim-ve-ortadogunun-sekillenisi-1908-1923","status":"publish","type":"product","link":"https:\/\/roveyayinevi.com.tr\/index.php\/urun\/osmanlida-son-fasil-savas-devrim-ve-ortadogunun-sekillenisi-1908-1923\/","title":{"rendered":"Osmanl\u0131\u2019da Son Fas\u0131l-Sava\u015f, Devrim Ve Ortado\u011fu\u2019nun \u015eekilleni\u015fi 1908 &#8211; 1923"},"content":{"rendered":"<p>Osmanl\u0131\u2019da Son Fas\u0131l, 20. y\u00fczy\u0131l\u0131 Osmanl\u0131\u2019n\u0131n g\u00f6z\u00fcnden \u015fa\u015f\u0131rt\u0131c\u0131 bir yakla\u015f\u0131mla yeniden anlat\u0131rken, Birinci D\u00fcnya Sava\u015f\u0131\u2019n\u0131 ve g\u00fcn\u00fcm\u00fcz Ortado\u011fu\u2019sunu daha iyi kavramam\u0131z\u0131 sa\u011flayacak yeni g\u00f6r\u00fc\u015fler sunuyor.Osmanl\u0131 \u0130mparatorlu\u011fu ve ard\u0131l\u0131 devletler 1911-1923 y\u0131llar\u0131 aras\u0131nda ba\u015fta Birinci D\u00fcnya Sava\u015f\u0131 olmak \u00fczere bir dizi sava\u015f deneyimi ya\u015fad\u0131. Sean McMeekin iyi bildi\u011fimizi sand\u0131\u011f\u0131m\u0131z bu deneyim hakk\u0131nda asl\u0131nda ne kadar az \u015fey bildi\u011fimizi g\u00f6steriyor. Yazar\u0131n yeni a\u00e7\u0131lan Osmanl\u0131 ve Rus ar\u015fivlerinde y\u0131llarca y\u00fcr\u00fctt\u00fc\u011f\u00fc ara\u015ft\u0131rmalara dayanan Osmanl\u0131\u2019da Son Fas\u0131l, sava\u015f sonras\u0131 Ortado\u011fu\u2019da istikrars\u0131z bir yeni d\u00fczene yol a\u00e7an b\u00fcy\u00fck stratejik anlat\u0131ya \u0131\u015f\u0131k tutuyor.\u0130ngiliz, Alman, Frans\u0131z, Amerikan ve Avusturya-Macaristan kaynaklar\u0131ndan da yararlanan McMeekin, modern T\u00fcrkiye\u2019nin do\u011fu\u015funu ve kalan Osmanl\u0131 topraklar\u0131n\u0131n durumunu e\u015fine ender rastlan\u0131r bir yetkinlikle anlat\u0131yor. \u0130mparatorlu\u011fun \u00e7\u00f6z\u00fcl\u00fc\u015f\u00fcne e\u015flik eden etnik-dinsel buhran ve zorunlu g\u00f6\u00e7, Balfour Bildirisi, halifeli\u011fin y\u0131k\u0131l\u0131\u015f\u0131, Irak ile Suriye\u2019nin payla\u015f\u0131lmas\u0131 gibi meselelerde yeni bir perspektif ortaya koyarak, bu meselelerin g\u00fcn\u00fcm\u00fcze dek yans\u0131yan sonu\u00e7lar\u0131n\u0131 berrak bir oda\u011fa oturtuyor.Bir tarih kitab\u0131n\u0131n g\u00fcncel \u00f6neme sahip tarihsel bir konuya ili\u015fkin yerle\u015fik anlay\u0131\u015f\u0131m\u0131za tamamen yeni bir \u015fekil vermesinin \u00f6rne\u011fine az rastlan\u0131r. Osmanl\u0131\u2019da Son Fas\u0131l i\u015fte bunu ba\u015far\u0131yor.\u201cMcMeekin alt\u0131 y\u00fczy\u0131ll\u0131k bir imparatorlu\u011fa son veren, Ortado\u011fu haritas\u0131n\u0131 yeniden \u00e7izerken k\u00fclt\u00fcr\u00fcn\u00fc de yeniden \u015fekillendiren, Birinci D\u00fcnya Sava\u015f\u0131\u2019n\u0131n ba\u015flamas\u0131nda ve ona (ge\u00e7ici olarak) son veren bar\u0131\u015fta \u00f6nemli bir rol oynayan12 y\u0131ll\u0131k Osmanl\u0131 Veraset Sava\u015f\u0131\u2019n\u0131n (1911-1923) bu dengeli ve kapsaml\u0131 analizinde Avrupa\u2019n\u0131n d\u00f6rt bir yan\u0131ndaki ar\u015fivlerden \u00e7ok say\u0131da yeni malzemeyi bir araya getiriyor.\u201dDennis Showalter, Colorado College Tarih Profes\u00f6r\u00fc<\/p>\n","protected":false},"excerpt":{"rendered":"<p>Osmanl\u0131\u2019da Son Fas\u0131l, 20. y\u00fczy\u0131l\u0131 Osmanl\u0131\u2019n\u0131n g\u00f6z\u00fcnden \u015fa\u015f\u0131rt\u0131c\u0131 bir yakla\u015f\u0131mla yeniden anlat\u0131rken, Birinci D\u00fcnya Sava\u015f\u0131\u2019n\u0131 ve g\u00fcn\u00fcm\u00fcz Ortado\u011fu\u2019sunu daha iyi kavramam\u0131z\u0131 sa\u011flayacak yeni g\u00f6r\u00fc\u015fler sunuyor.Osmanl\u0131 \u0130mparatorlu\u011fu<span class=\"excerpt-hellip\"> [\u2026]<\/span><\/p>\n","protected":false},"featured_media":0,"template":"","meta":{"_monsterinsights_skip_tracking":false,"_monsterinsights_sitenote_active":false,"_monsterinsights_sitenote_note":"","_monsterinsights_sitenote_category":0},"product_brand":[],"product_cat":[13517,12304],"product_tag":[],"class_list":{"0":"post-717243","1":"product","2":"type-product","3":"status-publish","5":"product_cat-osmanli-tarihi","6":"product_cat-tarih","7":"pa_cilt-ciltsiz","8":"pa_tur-kitap","9":"pa_yayinevi-yapi-kredi-yayinlari","10":"pa_yazar-sean-mcmeekin","12":"first","13":"instock","14":"sale","15":"shipping-taxable","16":"purchasable","17":"product-type-simple"},"_links":{"self":[{"href":"https:\/\/roveyayinevi.com.tr\/index.php\/wp-json\/wp\/v2\/product\/717243","targetHints":{"allow":["GET"]}}],"collection":[{"href":"https:\/\/roveyayinevi.com.tr\/index.php\/wp-json\/wp\/v2\/product"}],"about":[{"href":"https:\/\/roveyayinevi.com.tr\/index.php\/wp-json\/wp\/v2\/types\/product"}],"wp:attachment":[{"href":"https:\/\/roveyayinevi.com.tr\/index.php\/wp-json\/wp\/v2\/media?parent=717243"}],"wp:term":[{"taxonomy":"product_brand","embeddable":true,"href":"https:\/\/roveyayinevi.com.tr\/index.php\/wp-json\/wp\/v2\/product_brand?post=717243"},{"taxonomy":"product_cat","embeddable":true,"href":"https:\/\/roveyayinevi.com.tr\/index.php\/wp-json\/wp\/v2\/product_cat?post=717243"},{"taxonomy":"product_tag","embeddable":true,"href":"https:\/\/roveyayinevi.com.tr\/index.php\/wp-json\/wp\/v2\/product_tag?post=717243"}],"curies":[{"name":"wp","href":"https:\/\/api.w.org\/{rel}","templated":true}]}}