{"id":717192,"date":"2025-08-27T17:52:35","date_gmt":"2025-08-27T14:52:35","guid":{"rendered":"https:\/\/roveyayinevi.com.tr\/index.php\/urun\/avrupa-komsuluk-politikasi-ve-avrupalilasma\/"},"modified":"2026-04-16T02:25:11","modified_gmt":"2026-04-15T23:25:11","slug":"avrupa-komsuluk-politikasi-ve-avrupalilasma","status":"publish","type":"product","link":"https:\/\/roveyayinevi.com.tr\/index.php\/urun\/avrupa-komsuluk-politikasi-ve-avrupalilasma\/","title":{"rendered":"Avrupa Kom\u015fuluk Politikas\u0131 ve Avrupal\u0131la\u015fma"},"content":{"rendered":"<p>Avrupa Birli\u011fi\u2019nin do\u011fu s\u0131n\u0131rlar\u0131n\u0131n belirgin olmamas\u0131 Birli\u011fin geni\u015fleme sonras\u0131 kom\u015fulara kar\u015f\u0131 hangi politikalar\u0131 uygulayaca\u011f\u0131 konusunda sorular\u0131 ortaya \u00e7\u0131karm\u0131\u015ft\u0131r. Kom\u015fulara kar\u015f\u0131 hangi politikalar\u0131n uygulanaca\u011f\u0131 konusu bug\u00fcn de Birli\u011fin d\u0131\u015f ili\u015fkilerinde ba\u015fat g\u00fcndem maddesi olarak kalmaktad\u0131r. Do\u011fu Geni\u015flemesi zaman\u0131 aday \u00fclkelerin Avrupa Birli\u011fi talepleri kar\u015f\u0131s\u0131nda ba\u015far\u0131l\u0131 d\u00f6n\u00fc\u015f\u00fcm\u00fc, geni\u015fleme sonras\u0131 olu\u015fan yeni s\u0131n\u0131rlardaki kom\u015fulara kar\u015f\u0131 hangi politikalar\u0131n uygulanaca\u011f\u0131 sorusunu ortaya \u00e7\u0131karm\u0131\u015ft\u0131r. Bir taraftan &#8220;geni\u015fleme yorgunlu\u011fu\u201d, di\u011fer taraftan da Avrupa\u2019n\u0131n do\u011fu s\u0131n\u0131rlar\u0131n\u0131n belirgin olmamas\u0131 sebebiyle kom\u015fulara \u00fcyelik perspektifi sunulmam\u0131\u015ft\u0131r. Ayn\u0131 zamanda bu \u00fclkelerle Birlik aras\u0131nda kal\u0131c\u0131 duvarlar\u0131n olu\u015fmamas\u0131 ad\u0131na ve \u00fclkelerdeki reformlar\u0131 h\u0131zland\u0131rmak amac\u0131yla Avrupa Kom\u015fuluk Politikas\u0131XE &#8220;Avrupa Kom\u015fuluk Politikas\u0131&#8221; olu\u015fturulmu\u015ftur. Bu \u00fclkelerin Avrupal\u0131la\u015fmas\u0131 ad\u0131na yap\u0131lan en \u00f6nemli giri\u015fim olarak Birlik ve kom\u015fu \u00fclkelerle ili\u015fkilerhalen bu politika kapsam\u0131nda devam ettirilmektedir. Birlik i\u00e7i dengelerin korunmas\u0131 ad\u0131na bu politikaya sadece do\u011fu kom\u015fular\u0131 de\u011fil ayn\u0131 zamanda g\u00fcney kom\u015fular\u0131 da dahil edilmi\u015ftir. Birli\u011fin derinle\u015fme ve geni\u015fleme s\u00fcrecinde ortaya \u00e7\u0131kan Avrupal\u0131la\u015fma kavram\u0131 zamanla Birlik d\u0131\u015f\u0131 \u00fclkeler i\u00e7in de ara\u015ft\u0131rma konusu olmu\u015ftur. Bu ba\u011flamda Avrupa Birli\u011fi ile Avrupa Kom\u015fuluk Politikas\u0131 kapsam\u0131nda ili\u015fkileri s\u00fcrd\u00fcren Azerbaycan\u2019\u0131n Avrupal\u0131la\u015fmas\u0131n\u0131 incelemek kitapta ama\u00e7lanm\u0131\u015ft\u0131r. Kitapta Avrupa Birli\u011fi ve Azerbaycan aras\u0131ndaki ili\u015fkilerin ba\u015far\u0131l\u0131 ve ba\u015far\u0131s\u0131z taraflar\u0131na dikkat \u00e7ekmeyi ama\u00e7lad\u0131k. Gelecek ara\u015ft\u0131rmalar i\u00e7in literat\u00fcre katk\u0131 sunmas\u0131 dile\u011fiyle.<\/p>\n","protected":false},"excerpt":{"rendered":"<p>Avrupa Birli\u011fi\u2019nin do\u011fu s\u0131n\u0131rlar\u0131n\u0131n belirgin olmamas\u0131 Birli\u011fin geni\u015fleme sonras\u0131 kom\u015fulara kar\u015f\u0131 hangi politikalar\u0131 uygulayaca\u011f\u0131 konusunda sorular\u0131 ortaya \u00e7\u0131karm\u0131\u015ft\u0131r. Kom\u015fulara kar\u015f\u0131 hangi politikalar\u0131n uygulanaca\u011f\u0131 konusu bug\u00fcn de<span class=\"excerpt-hellip\"> [\u2026]<\/span><\/p>\n","protected":false},"featured_media":0,"template":"","meta":{"_monsterinsights_skip_tracking":false,"_monsterinsights_sitenote_active":false,"_monsterinsights_sitenote_note":"","_monsterinsights_sitenote_category":0},"product_brand":[],"product_cat":[13059,12337],"product_tag":[],"class_list":{"0":"post-717192","1":"product","2":"type-product","3":"status-publish","5":"product_cat-diger-politika-siyaset","6":"product_cat-politika-siyaset","7":"pa_cilt-ciltsiz","8":"pa_tur-kitap","9":"pa_yayinevi-astana-yayinlari","10":"pa_yazar-ilkin-mikayilov","12":"first","13":"instock","14":"sale","15":"shipping-taxable","16":"purchasable","17":"product-type-simple"},"_links":{"self":[{"href":"https:\/\/roveyayinevi.com.tr\/index.php\/wp-json\/wp\/v2\/product\/717192","targetHints":{"allow":["GET"]}}],"collection":[{"href":"https:\/\/roveyayinevi.com.tr\/index.php\/wp-json\/wp\/v2\/product"}],"about":[{"href":"https:\/\/roveyayinevi.com.tr\/index.php\/wp-json\/wp\/v2\/types\/product"}],"wp:attachment":[{"href":"https:\/\/roveyayinevi.com.tr\/index.php\/wp-json\/wp\/v2\/media?parent=717192"}],"wp:term":[{"taxonomy":"product_brand","embeddable":true,"href":"https:\/\/roveyayinevi.com.tr\/index.php\/wp-json\/wp\/v2\/product_brand?post=717192"},{"taxonomy":"product_cat","embeddable":true,"href":"https:\/\/roveyayinevi.com.tr\/index.php\/wp-json\/wp\/v2\/product_cat?post=717192"},{"taxonomy":"product_tag","embeddable":true,"href":"https:\/\/roveyayinevi.com.tr\/index.php\/wp-json\/wp\/v2\/product_tag?post=717192"}],"curies":[{"name":"wp","href":"https:\/\/api.w.org\/{rel}","templated":true}]}}