{"id":717177,"date":"2025-08-27T17:52:26","date_gmt":"2025-08-27T14:52:26","guid":{"rendered":"https:\/\/roveyayinevi.com.tr\/index.php\/urun\/buyuk-sinif-savasi-1914-1918\/"},"modified":"2026-04-16T02:25:11","modified_gmt":"2026-04-15T23:25:11","slug":"buyuk-sinif-savasi-1914-1918","status":"publish","type":"product","link":"https:\/\/roveyayinevi.com.tr\/index.php\/urun\/buyuk-sinif-savasi-1914-1918\/","title":{"rendered":"B\u00fcy\u00fck S\u0131n\u0131f Sava\u015f\u0131 1914 &#8211; 1918"},"content":{"rendered":"<p>Jacques Pauwels, Birinci D\u00fcnya Sava\u015f\u0131\u2019n\u0131n y\u00fcz\u00fcnc\u00fc y\u0131l\u0131yla birlikte hararetlenen tart\u0131\u015fmalara al\u0131\u015f\u0131lmad\u0131k, cesur ve renkli bir \u201ckar\u015f\u0131 tarih metni\u201dyle kat\u0131l\u0131yor.Birinci D\u00fcnya Sava\u015f\u0131, sadece emperyalist rekabetin tetikledi\u011fi \u00fclkeler aras\u0131ndaki \u201cdikey\u201d bir sava\u015f m\u0131yd\u0131, yoksa sava\u015fa taraf olan her bir \u00fclkede h\u00e2kim s\u0131n\u0131flar ile halk y\u0131\u011f\u0131nlar\u0131, se\u00e7kinler ile s\u0131radan insanlar aras\u0131nda \u201cyatay\u201d bir sava\u015f da ya\u015fand\u0131 m\u0131? Pauwels, B\u00fcy\u00fck S\u0131n\u0131f Sava\u015f\u0131 ad\u0131n\u0131 verdi\u011fi bu b\u00fcy\u00fck \u00e7at\u0131\u015fman\u0131n sadece uluslar aras\u0131nda de\u011fil, s\u0131n\u0131flar aras\u0131nda da cereyan etti\u011fini g\u00f6stermek i\u00e7in bir ad\u0131m geri \u00e7ekilmeyi \u00f6neriyor ve sava\u015fa 1789\u2019dan g\u00fcn\u00fcm\u00fcze kadar d\u00fcnyay\u0131 \u015fekillendiren s\u0131n\u0131f m\u00fccadelelerinin daha geni\u015f perspektifinden bakmaya \u00e7al\u0131\u015f\u0131yor.Pauwels\u2019in 1789 Frans\u0131z Devrimi\u2019yle ba\u015flayan demokratikle\u015fme s\u00fcrecini durdurmak ve takvimi 1789 \u00f6ncesine almak i\u00e7in Avrupa\u2019da aristokrasi ve burjuvaziden olu\u015fan se\u00e7kinlerin sava\u015f\u0131 nas\u0131l istediklerini, k\u0131\u015fk\u0131rtt\u0131klar\u0131n\u0131 ve ba\u015flatt\u0131klar\u0131n\u0131 g\u00f6stererek Birinci D\u00fcnya Sava\u015f\u0131\u2019n\u0131n nedenlerine dair geleneksel tarih yaz\u0131m\u0131na meydan okuyan kitab\u0131, kapsam\u0131 kadar derinli\u011fiyle de etkileyici bir toplumsal tarih \u00e7al\u0131\u015fmas\u0131.B\u00fcy\u00fck S\u0131n\u0131f Sava\u015f\u0131, Birinci D\u00fcnya Sava\u015f\u0131\u2019n\u0131n y\u00fcz\u00fcnc\u00fc y\u0131l\u0131 vesilesiyle yay\u0131mlanan \u00e7ok say\u0131da siyasi tarih kitab\u0131ndan farkl\u0131 olarak, sava\u015f\u0131 imparatorlar\u0131n, generallerin veya diplomatlar\u0131n de\u011fil, cephedeki askerlerin ve geride b\u0131rakt\u0131klar\u0131 yoksul sivillerin g\u00f6z\u00fcnden anlat\u0131yor. Sava\u015f\u0131n ger\u00e7ek kahramanlar\u0131 ve kurbanlar\u0131 olan erlerin yazd\u0131\u011f\u0131 \u015fiirlerden, \u015fark\u0131lardan, mektuplardan ve an\u0131lardan yola \u00e7\u0131kan Pauwels, s\u0131radan insanlar\u0131n hayallerini ve hayal k\u0131r\u0131kl\u0131klar\u0131n\u0131, sava\u015f\u0131 nas\u0131l tecr\u00fcbe ettiklerini, onlar\u0131 \u00f6lmeye ve \u00f6ld\u00fcrmeye s\u00fcr\u00fckleyen nedenleri, d\u00f6nemin siyasi, iktisadi ve k\u00fclt\u00fcrel iklimiyle harmanlayarak okura sunuyor.B\u00fcy\u00fck S\u0131n\u0131f Sava\u015f\u0131, sadece insanl\u0131k tarihinin bu ilk k\u00fcresel \u00e7at\u0131\u015fmas\u0131n\u0131 de\u011fil, giderek daha fazla Birinci D\u00fcnya Sava\u015f\u0131 \u00f6ncesiyle k\u0131yaslanan g\u00fcn\u00fcm\u00fcz\u00fc anlamak i\u00e7in de ufuk a\u00e7\u0131c\u0131 bir eser\u2026<\/p>\n","protected":false},"excerpt":{"rendered":"<p>Jacques Pauwels, Birinci D\u00fcnya Sava\u015f\u0131\u2019n\u0131n y\u00fcz\u00fcnc\u00fc y\u0131l\u0131yla birlikte hararetlenen tart\u0131\u015fmalara al\u0131\u015f\u0131lmad\u0131k, cesur ve renkli bir \u201ckar\u015f\u0131 tarih metni\u201dyle kat\u0131l\u0131yor.Birinci D\u00fcnya Sava\u015f\u0131, sadece emperyalist rekabetin tetikledi\u011fi \u00fclkeler<span class=\"excerpt-hellip\"> [\u2026]<\/span><\/p>\n","protected":false},"featured_media":0,"template":"","meta":{"_monsterinsights_skip_tracking":false,"_monsterinsights_sitenote_active":false,"_monsterinsights_sitenote_note":"","_monsterinsights_sitenote_category":0},"product_brand":[],"product_cat":[12305,12304],"product_tag":[],"class_list":{"0":"post-717177","1":"product","2":"type-product","3":"status-publish","5":"product_cat-dunya-tarihi","6":"product_cat-tarih","7":"pa_cilt-ciltsiz","8":"pa_tur-kitap","9":"pa_yayinevi-yordam-kitap","10":"pa_yazar-jacques-r-pauwels","12":"first","13":"instock","14":"sale","15":"shipping-taxable","16":"purchasable","17":"product-type-simple"},"_links":{"self":[{"href":"https:\/\/roveyayinevi.com.tr\/index.php\/wp-json\/wp\/v2\/product\/717177","targetHints":{"allow":["GET"]}}],"collection":[{"href":"https:\/\/roveyayinevi.com.tr\/index.php\/wp-json\/wp\/v2\/product"}],"about":[{"href":"https:\/\/roveyayinevi.com.tr\/index.php\/wp-json\/wp\/v2\/types\/product"}],"wp:attachment":[{"href":"https:\/\/roveyayinevi.com.tr\/index.php\/wp-json\/wp\/v2\/media?parent=717177"}],"wp:term":[{"taxonomy":"product_brand","embeddable":true,"href":"https:\/\/roveyayinevi.com.tr\/index.php\/wp-json\/wp\/v2\/product_brand?post=717177"},{"taxonomy":"product_cat","embeddable":true,"href":"https:\/\/roveyayinevi.com.tr\/index.php\/wp-json\/wp\/v2\/product_cat?post=717177"},{"taxonomy":"product_tag","embeddable":true,"href":"https:\/\/roveyayinevi.com.tr\/index.php\/wp-json\/wp\/v2\/product_tag?post=717177"}],"curies":[{"name":"wp","href":"https:\/\/api.w.org\/{rel}","templated":true}]}}