{"id":717176,"date":"2025-08-27T17:52:25","date_gmt":"2025-08-27T14:52:25","guid":{"rendered":"https:\/\/roveyayinevi.com.tr\/index.php\/urun\/kuresel-kapitalizmin-olusturulmasi\/"},"modified":"2026-04-16T02:25:11","modified_gmt":"2026-04-15T23:25:11","slug":"kuresel-kapitalizmin-olusturulmasi","status":"publish","type":"product","link":"https:\/\/roveyayinevi.com.tr\/index.php\/urun\/kuresel-kapitalizmin-olusturulmasi\/","title":{"rendered":"K\u00fcresel Kapitalizmin Olu\u015fturulmas\u0131"},"content":{"rendered":"<p>Amerikan \u0130mparatorlu\u011fu nas\u0131l kuruldu? Di\u011fer emperyalist g\u00fc\u00e7ler aras\u0131ndan s\u0131yr\u0131larak nas\u0131l d\u00fcnyan\u0131n h\u00e2kim g\u00fcc\u00fc haline geldi, k\u00fcreselle\u015fme s\u00fcrecinin eksenine nas\u0131l yerle\u015fti? B\u00fcy\u00fck Bunal\u0131m\u2019dan ve Yeni D\u00fczen\u2019den neoliberalizm evresine kadar uzanan y\u0131llarda ne gibi sorunlar ya\u015fand\u0131? K\u00fcreselle\u015fme s\u00fcrecinin ba\u015fl\u0131ca \u00e7at\u0131\u015fma alanlar\u0131 neler oldu, devlet-piyasa ili\u015fkisi nas\u0131l geli\u015fti?Hepsi \u00f6nemli ve kapsaml\u0131 sorular. Dahas\u0131 da var: K\u00fcresel imparatorlu\u011fun merkezinde ve \u00e7eperlerinde, finans ve sanayi kesimlerinin ili\u015fkisi nas\u0131l bir evrim ge\u00e7irdi? Ekonomik alanla birlikte siyasal ve hukuki alanlarda neler ya\u015fand\u0131? Emek g\u00fc\u00e7leri k\u00fcreselle\u015fme kar\u015f\u0131s\u0131nda neden etkisiz kald\u0131? Avrupa Birli\u011fi olu\u015fumu, ABD liderli\u011fine kar\u015f\u0131 bir direni\u015fi mi temsil ediyordu, yoksa onun liderli\u011fiyle uyum temelinde mi in\u015fa edildi? Avrupa\u2019yla birlikte Latin Amerika, Japonya, G\u00fcney Kore ba\u015fta olmak \u00fczere Asya \u00fclkeleri, T\u00fcrkiye gibi \u00dc\u00e7\u00fcnc\u00fc D\u00fcnya \u00fclkeleri ve en nihayetinde eski sosyalist \u00fclkeler k\u00fcresel sisteme nas\u0131l eklemlendiler?Biri akademideki, di\u011feri sendika \u00e7evrelerindeki ara\u015ft\u0131rmalar\u0131 ve eylemci kimlikleriyle \u00f6ne \u00e7\u0131kan Kanadal\u0131 Marksist yazarlar Leo Panitch ve Sam Gindin, i\u015fte bu kapsaml\u0131 sorular\u0131n pe\u015fine d\u00fc\u015f\u00fcyor. G\u00fcn\u00fcm\u00fcz\u00fcn en \u00e7ok tart\u0131\u015f\u0131lan kavramlar\u0131ndan \u201ck\u00fcreselle\u015fme\u201dyi 19. y\u00fczy\u0131l\u0131n sonundan bug\u00fcne t\u00fcm olu\u015fum evreleriyle anlatan yazarlar, ABD liderli\u011finde geli\u015fen k\u00fcreselle\u015fme s\u00fcrecini, bu \u00fclkenin emperyalist bir g\u00fc\u00e7 olarak in\u015fas\u0131 ekseninde at\u0131lan b\u00fct\u00fcn \u00f6nemli ad\u0131mlar\u0131n somutlu\u011funda da g\u00f6steriyorlar.2013 Deutscher \u00d6d\u00fcl\u00fc\u2019ne lay\u0131k g\u00f6r\u00fclen K\u00fcresel Kapitalizmin Olu\u015fturulmas\u0131, yak\u0131n tarihe ve k\u00fcreselle\u015fmeye dair \u00e7al\u0131\u015fmalar aras\u0131nda vazge\u00e7ilmez bir yere sahip.\u201cKapitalizmin gelece\u011finin nereye uzand\u0131\u011f\u0131yla ilgilenen herkesin mutlaka okumas\u0131 gereken bir kitap.\u201dDavid Harvey\u201cAmerikan \u0130mparatorlu\u011fu\u2019nun tarihine ve faaliyetlerine dair zihin a\u00e7\u0131c\u0131 ve vazge\u00e7ilmez bir rehber.\u201dNaomi Klein<\/p>\n","protected":false},"excerpt":{"rendered":"<p>Amerikan \u0130mparatorlu\u011fu nas\u0131l kuruldu? Di\u011fer emperyalist g\u00fc\u00e7ler aras\u0131ndan s\u0131yr\u0131larak nas\u0131l d\u00fcnyan\u0131n h\u00e2kim g\u00fcc\u00fc haline geldi, k\u00fcreselle\u015fme s\u00fcrecinin eksenine nas\u0131l yerle\u015fti? B\u00fcy\u00fck Bunal\u0131m\u2019dan ve Yeni D\u00fczen\u2019den neoliberalizm<span class=\"excerpt-hellip\"> [\u2026]<\/span><\/p>\n","protected":false},"featured_media":0,"template":"","meta":{"_monsterinsights_skip_tracking":false,"_monsterinsights_sitenote_active":false,"_monsterinsights_sitenote_note":"","_monsterinsights_sitenote_category":0},"product_brand":[],"product_cat":[12338,12337],"product_tag":[],"class_list":{"0":"post-717176","1":"product","2":"type-product","3":"status-publish","5":"product_cat-dunya-siyaseti-ve-politikasi","6":"product_cat-politika-siyaset","7":"pa_cilt-ciltsiz","8":"pa_tur-kitap","9":"pa_yayinevi-yordam-kitap","10":"pa_yazar-leo-panitch-sam-gindin","12":"first","13":"instock","14":"sale","15":"shipping-taxable","16":"purchasable","17":"product-type-simple"},"_links":{"self":[{"href":"https:\/\/roveyayinevi.com.tr\/index.php\/wp-json\/wp\/v2\/product\/717176","targetHints":{"allow":["GET"]}}],"collection":[{"href":"https:\/\/roveyayinevi.com.tr\/index.php\/wp-json\/wp\/v2\/product"}],"about":[{"href":"https:\/\/roveyayinevi.com.tr\/index.php\/wp-json\/wp\/v2\/types\/product"}],"wp:attachment":[{"href":"https:\/\/roveyayinevi.com.tr\/index.php\/wp-json\/wp\/v2\/media?parent=717176"}],"wp:term":[{"taxonomy":"product_brand","embeddable":true,"href":"https:\/\/roveyayinevi.com.tr\/index.php\/wp-json\/wp\/v2\/product_brand?post=717176"},{"taxonomy":"product_cat","embeddable":true,"href":"https:\/\/roveyayinevi.com.tr\/index.php\/wp-json\/wp\/v2\/product_cat?post=717176"},{"taxonomy":"product_tag","embeddable":true,"href":"https:\/\/roveyayinevi.com.tr\/index.php\/wp-json\/wp\/v2\/product_tag?post=717176"}],"curies":[{"name":"wp","href":"https:\/\/api.w.org\/{rel}","templated":true}]}}