{"id":717116,"date":"2025-08-27T17:51:44","date_gmt":"2025-08-27T14:51:44","guid":{"rendered":"https:\/\/roveyayinevi.com.tr\/index.php\/urun\/safevi-devletinin-askeri-teskilati\/"},"modified":"2026-04-16T02:25:09","modified_gmt":"2026-04-15T23:25:09","slug":"safevi-devletinin-askeri-teskilati","status":"publish","type":"product","link":"https:\/\/roveyayinevi.com.tr\/index.php\/urun\/safevi-devletinin-askeri-teskilati\/","title":{"rendered":"Safevi Devleti&#8217;nin Askeri Te\u015fkilat\u0131"},"content":{"rendered":"<p>\u0130ran\u2019da Gazneliler ile ba\u015flayan T\u00fcrk hakimiyeti, \u015eii lider \u015eah \u0130smail taraf\u0131ndan kurulan Safeviler ile birlikte apayr\u0131 bir g\u00f6r\u00fcn\u00fcm alm\u0131\u015ft\u0131r. Anadolu\u2019dan \u0130ran\u2019a g\u00f6\u00e7en T\u00fcrkmen gruplar\u0131 sayesinde k\u00fc\u00e7\u00fck bir tarikattan b\u00fcy\u00fck bir devlet haline gelen Safeviler, \u00f6zellikle Osmanl\u0131 Devleti\u2019ne k\u0131rg\u0131n olan bir\u00e7ok T\u00fcrkmen unsurunu kolayl\u0131kla kendisine \u00e7ekmeyi ba\u015farm\u0131\u015ft\u0131r. Asker\u00ee ve merkezi sistem i\u00e7erisinde \u00e7ok \u00f6nemli rolleri olan T\u00fcrkmen gruplar \u015eiili\u011fi benimseyerek soyda\u015flar\u0131 Bab\u00fcrl\u00fcler, Osmanl\u0131lar ve \u00d6zbeklere kar\u015f\u0131 y\u0131prat\u0131c\u0131 sava\u015flar vermi\u015flerdir. Ancak zamanla kurucu unsur olan bu T\u00fcrkmenlerin devletteki etkinli\u011fi azalt\u0131larak \u0130ran\u00ee ve Kafkas k\u00f6kenli ki\u015filer \u00f6n plana \u00e7\u0131kar\u0131lm\u0131\u015ft\u0131r. \u00d6zellikle Osmanl\u0131 Devleti\u2019nin bat\u0131ya do\u011fru yap\u0131lan fetihlerine darbe vuran Safevilerin askeri sisteminin incelenmesi bu devletlerle yap\u0131lan m\u00fccadeleler ve bat\u0131 ile olan ili\u015fkilerini daha iyi \u00e7\u00f6z\u00fcmlememize yard\u0131m edecektir. Ayr\u0131ca T\u00fcrkmenlerin bu yap\u0131 i\u00e7erisindeki rolleri ve zamanla de\u011fi\u015fen stat\u00fcleri, g\u00fcn\u00fcm\u00fcz \u0130ran\u2019\u0131 ile Anadolu\u2019da kalan T\u00fcrkmen gruplar\u0131n\u0131 inceleyecek olan ara\u015ft\u0131rmac\u0131lara katk\u0131 sa\u011flayacakt\u0131r.<\/p>\n","protected":false},"excerpt":{"rendered":"<p>\u0130ran\u2019da Gazneliler ile ba\u015flayan T\u00fcrk hakimiyeti, \u015eii lider \u015eah \u0130smail taraf\u0131ndan kurulan Safeviler ile birlikte apayr\u0131 bir g\u00f6r\u00fcn\u00fcm alm\u0131\u015ft\u0131r. Anadolu\u2019dan \u0130ran\u2019a g\u00f6\u00e7en T\u00fcrkmen gruplar\u0131 sayesinde k\u00fc\u00e7\u00fck<span class=\"excerpt-hellip\"> [\u2026]<\/span><\/p>\n","protected":false},"featured_media":0,"template":"","meta":{"_monsterinsights_skip_tracking":false,"_monsterinsights_sitenote_active":false,"_monsterinsights_sitenote_note":"","_monsterinsights_sitenote_category":0},"product_brand":[],"product_cat":[13517,12304],"product_tag":[],"class_list":{"0":"post-717116","1":"product","2":"type-product","3":"status-publish","5":"product_cat-osmanli-tarihi","6":"product_cat-tarih","7":"pa_cilt-ciltsiz","8":"pa_tur-kitap","9":"pa_yayinevi-yeditepe-yayinevi","10":"pa_yazar-eralp-erdogan","12":"first","13":"instock","14":"sale","15":"shipping-taxable","16":"purchasable","17":"product-type-simple"},"_links":{"self":[{"href":"https:\/\/roveyayinevi.com.tr\/index.php\/wp-json\/wp\/v2\/product\/717116","targetHints":{"allow":["GET"]}}],"collection":[{"href":"https:\/\/roveyayinevi.com.tr\/index.php\/wp-json\/wp\/v2\/product"}],"about":[{"href":"https:\/\/roveyayinevi.com.tr\/index.php\/wp-json\/wp\/v2\/types\/product"}],"wp:attachment":[{"href":"https:\/\/roveyayinevi.com.tr\/index.php\/wp-json\/wp\/v2\/media?parent=717116"}],"wp:term":[{"taxonomy":"product_brand","embeddable":true,"href":"https:\/\/roveyayinevi.com.tr\/index.php\/wp-json\/wp\/v2\/product_brand?post=717116"},{"taxonomy":"product_cat","embeddable":true,"href":"https:\/\/roveyayinevi.com.tr\/index.php\/wp-json\/wp\/v2\/product_cat?post=717116"},{"taxonomy":"product_tag","embeddable":true,"href":"https:\/\/roveyayinevi.com.tr\/index.php\/wp-json\/wp\/v2\/product_tag?post=717116"}],"curies":[{"name":"wp","href":"https:\/\/api.w.org\/{rel}","templated":true}]}}