{"id":717112,"date":"2025-08-27T17:51:41","date_gmt":"2025-08-27T14:51:41","guid":{"rendered":"https:\/\/roveyayinevi.com.tr\/index.php\/urun\/cebis-evinden-hisartepeye\/"},"modified":"2026-04-16T02:25:09","modified_gmt":"2026-04-15T23:25:09","slug":"cebis-evinden-hisartepeye","status":"publish","type":"product","link":"https:\/\/roveyayinevi.com.tr\/index.php\/urun\/cebis-evinden-hisartepeye\/","title":{"rendered":"\u00c7ebi\u015f Evi\u2019nden Hisartepe\u2019ye"},"content":{"rendered":"<p>Do\u011fan Tekeli\u2019den keyifli bir otobiyografi \u00c7ebi\u015f Evi\u2019nden Hisartepe\u2019yeCumhuriyet d\u00f6nemi T\u00fcrk mimarisinin \u00f6nde gelen isimlerinden Do\u011fan Tekeli\u2019nin otobiyografisi \u00c7ebi\u015f Evi\u2019nden Hisartepe\u2019ye Yap\u0131 Kredi Yay\u0131nlar\u0131\u2019ndan \u00e7\u0131kt\u0131.Daha \u00f6nce mesleki ya\u015fam\u0131na ili\u015fkin an\u0131lar\u0131n\u0131 toplad\u0131\u011f\u0131 Mimarl\u0131k: Zor Sanat adl\u0131 kitab\u0131yla ilgi \u00e7eken \u00e7a\u011fda\u015f mimarl\u0131\u011f\u0131n \u00f6nde gelen isimlerinden Do\u011fan Tekeli bu kitab\u0131nda ya\u015fam\u00f6yk\u00fcs\u00fcn\u00fc kaleme ald\u0131. Do\u011fan Tekeli, Isparta\u2019da bir memur ailesinin ilk \u00e7ocu\u011fu olarak d\u00fcnyaya geldi. \u0130zmir ve \u0130stanbul\u2019da ge\u00e7en yeti\u015fme d\u00f6neminden sonra 1952 y\u0131l\u0131nda \u0130stanbul Teknik \u00dcniversitesi Mimarl\u0131k Fak\u00fcltesi\u2019nden mezun oldu. Sami Sisa\u2019yla kurdu\u011fu Tekeli-Sisa mimarl\u0131k b\u00fcrosunda altm\u0131\u015f y\u0131l \u00e7al\u0131\u015ft\u0131. Mesleki ya\u015fam\u0131na ili\u015fkin ayr\u0131nt\u0131lar\u0131 daha \u00f6nce Mimarl\u0131k: Zor Sanat adl\u0131 kitapta anlatan Tekeli bu kez kendi \u00f6yk\u00fcs\u00fcne y\u00f6neldi. \u00c7ebi\u015f Evi\u2019nden Hisartepe\u2019ye otobiyografik bir kitap. Do\u011fan Tekeli bir yandan birbirinden ilgin\u00e7 an\u0131lar\u0131n\u0131 lezzetli bir dille anlat\u0131yor, \u00f6te yandan T\u00fcrkiye\u2019nin toplumsal d\u00f6n\u00fc\u015f\u00fcmlerine, siyaset-ekonomi, kamu-\u00f6zel sekt\u00f6r ili\u015fkilerine mimarl\u0131k mesle\u011fi a\u00e7\u0131s\u0131ndan ayna tutuyor.\u201cYa\u015fam\u0131m ile ilgili olarak sadece mesleki an\u0131lar\u0131n\u0131 yazm\u0131\u015f olmak bana yeterli gelmiyordu. Ger\u00e7ekte yaz\u0131 yazmak, bir mimari proje \u00fczerinde \u00e7al\u0131\u015f\u0131r gibi d\u00fc\u015f\u00fcnerek ve yazd\u0131klar\u0131m\u0131 tekrar tekrar g\u00f6zden ge\u00e7irerek yazd\u0131\u011f\u0131m i\u00e7in bana zor geliyordu. Buna kar\u015f\u0131n, kendimi Cumhuriyet d\u00f6neminin ilk ku\u015faklar\u0131ndan sayd\u0131\u011f\u0131m i\u00e7in yeti\u015fti\u011fim \u00e7evreleri ve zaman\u0131n ko\u015fullar\u0131n\u0131 payla\u015fmak istiyor, ama bir yandan da \u2018Benim ya\u015fam \u00f6yk\u00fcm kimi, neden ilgilendirsin?\u2019 diyordum. Bir ikilem i\u00e7indeydim. \u00c7ocuklu\u011fumu, Isparta\u2019da do\u011fdu\u011fum iki y\u00fcz y\u0131ll\u0131k \u00c7ebi\u015f Evi\u2019ni ve eski Isparta\u2019y\u0131 hat\u0131rlamak, ho\u015fuma gitmeye ba\u015flad\u0131. Bir\u00e7ok ayr\u0131nt\u0131, adeta g\u00f6z\u00fcm\u00fcn \u00f6n\u00fcndeydi. Bir ucundan yazmaya ba\u015flad\u0131m.\u201d<\/p>\n","protected":false},"excerpt":{"rendered":"<p>Do\u011fan Tekeli\u2019den keyifli bir otobiyografi \u00c7ebi\u015f Evi\u2019nden Hisartepe\u2019yeCumhuriyet d\u00f6nemi T\u00fcrk mimarisinin \u00f6nde gelen isimlerinden Do\u011fan Tekeli\u2019nin otobiyografisi \u00c7ebi\u015f Evi\u2019nden Hisartepe\u2019ye Yap\u0131 Kredi Yay\u0131nlar\u0131\u2019ndan \u00e7\u0131kt\u0131.Daha \u00f6nce mesleki<span class=\"excerpt-hellip\"> [\u2026]<\/span><\/p>\n","protected":false},"featured_media":0,"template":"","meta":{"_monsterinsights_skip_tracking":false,"_monsterinsights_sitenote_active":false,"_monsterinsights_sitenote_note":"","_monsterinsights_sitenote_category":0},"product_brand":[],"product_cat":[14009,12291],"product_tag":[],"class_list":{"0":"post-717112","1":"product","2":"type-product","3":"status-publish","5":"product_cat-biyografi-otobiyografi-edebiyat","6":"product_cat-edebiyat","7":"pa_cilt-ciltsiz","8":"pa_tur-kitap","9":"pa_yayinevi-yapi-kredi-yayinlari","10":"pa_yazar-dogan-tekeli","12":"first","13":"instock","14":"sale","15":"shipping-taxable","16":"purchasable","17":"product-type-simple"},"_links":{"self":[{"href":"https:\/\/roveyayinevi.com.tr\/index.php\/wp-json\/wp\/v2\/product\/717112","targetHints":{"allow":["GET"]}}],"collection":[{"href":"https:\/\/roveyayinevi.com.tr\/index.php\/wp-json\/wp\/v2\/product"}],"about":[{"href":"https:\/\/roveyayinevi.com.tr\/index.php\/wp-json\/wp\/v2\/types\/product"}],"wp:attachment":[{"href":"https:\/\/roveyayinevi.com.tr\/index.php\/wp-json\/wp\/v2\/media?parent=717112"}],"wp:term":[{"taxonomy":"product_brand","embeddable":true,"href":"https:\/\/roveyayinevi.com.tr\/index.php\/wp-json\/wp\/v2\/product_brand?post=717112"},{"taxonomy":"product_cat","embeddable":true,"href":"https:\/\/roveyayinevi.com.tr\/index.php\/wp-json\/wp\/v2\/product_cat?post=717112"},{"taxonomy":"product_tag","embeddable":true,"href":"https:\/\/roveyayinevi.com.tr\/index.php\/wp-json\/wp\/v2\/product_tag?post=717112"}],"curies":[{"name":"wp","href":"https:\/\/api.w.org\/{rel}","templated":true}]}}