{"id":717051,"date":"2025-08-27T17:51:02","date_gmt":"2025-08-27T14:51:02","guid":{"rendered":"https:\/\/roveyayinevi.com.tr\/index.php\/urun\/kardesler\/"},"modified":"2026-04-16T02:25:08","modified_gmt":"2026-04-15T23:25:08","slug":"kardesler","status":"publish","type":"product","link":"https:\/\/roveyayinevi.com.tr\/index.php\/urun\/kardesler\/","title":{"rendered":"Karde\u015fler!"},"content":{"rendered":"<p>\u00d6p\u00fcc\u00fck Ne Renktir? ve D\u00fcnyan\u0131n En Y\u00fcksek Kitap Da\u011f\u0131 ile \u00fclkemizde de \u00e7ok sevilen sanat\u00e7\u0131 Rocio Bonilla, yaz\u0131p resimledi\u011fi yeni kitab\u0131nda, hayat\u0131m\u0131z\u0131n en uzun ili\u015fkisini, \u201ckarde\u015fli\u011fi\u201d e\u011flenceli bir dille anlat\u0131yor. G\u00f6z al\u0131c\u0131 desenleri ve zengin g\u00f6rsel anlat\u0131m\u0131yla zihinlerde say\u0131s\u0131z pencere a\u00e7an \u00e7ift kapakl\u0131 kitap, iki karde\u015fin bak\u0131\u015f a\u00e7\u0131s\u0131n\u0131 tek \u00f6yk\u00fcde birle\u015ftiriyor. Karde\u015fli\u011fin z\u0131tl\u0131klara ra\u011fmen paha bi\u00e7ilmez oldu\u011funu hat\u0131rlatan, yal\u0131n anlat\u0131m\u0131yla karde\u015flerin duygusuna ortak eden resimli \u00f6yk\u00fc, her ya\u015ftan okuru s\u00fcrprizli sonuyla \u015fa\u015f\u0131rt\u0131yor, karde\u015f s\u0131cakl\u0131\u011f\u0131yla sar\u0131p sarmal\u0131yor. \u0130ki karde\u015f \u00e7ok da iyi ge\u00e7inememektedir. K\u00fc\u00e7\u00fck o\u011flan, \u201cgergedan\u201d diye niteledi\u011fi huysuz, s\u0131k\u0131c\u0131 ablas\u0131n\u0131n g\u0131c\u0131k oldu\u011fu yanlar\u0131n\u0131 anlat\u0131r; ablas\u0131 da onu \u201c\u015febek\u201d ilan ederek, tam bir ba\u015f belas\u0131 olu\u015fundan yak\u0131n\u0131r. Ancak ikisi de, her \u015feye ra\u011fmen birbirlerine d\u00fc\u015fk\u00fcnl\u00fcklerini, sevgilerini ke\u015ffederler. \u0130nsan\u0131n karde\u015finin olmas\u0131 m\u00fcthi\u015f bir \u015feydir ve hayat s\u00fcrprizlerle doludur&#8230;<\/p>\n","protected":false},"excerpt":{"rendered":"<p>\u00d6p\u00fcc\u00fck Ne Renktir? ve D\u00fcnyan\u0131n En Y\u00fcksek Kitap Da\u011f\u0131 ile \u00fclkemizde de \u00e7ok sevilen sanat\u00e7\u0131 Rocio Bonilla, yaz\u0131p resimledi\u011fi yeni kitab\u0131nda, hayat\u0131m\u0131z\u0131n en uzun ili\u015fkisini, \u201ckarde\u015fli\u011fi\u201d<span class=\"excerpt-hellip\"> [\u2026]<\/span><\/p>\n","protected":false},"featured_media":0,"template":"","meta":{"_monsterinsights_skip_tracking":false,"_monsterinsights_sitenote_active":false,"_monsterinsights_sitenote_note":"","_monsterinsights_sitenote_category":0},"product_brand":[],"product_cat":[12913,12274],"product_tag":[],"class_list":{"0":"post-717051","1":"product","2":"type-product","3":"status-publish","5":"product_cat-3-6-yas-kitaplari","6":"product_cat-cocuk-ve-genclik-kitaplari","7":"pa_cilt-ciltsiz","8":"pa_tur-kitap","9":"pa_yayinevi-gunisigi-kitapligi","10":"pa_yazar-rocio-bonilla","12":"first","13":"instock","14":"sale","15":"shipping-taxable","16":"purchasable","17":"product-type-simple"},"_links":{"self":[{"href":"https:\/\/roveyayinevi.com.tr\/index.php\/wp-json\/wp\/v2\/product\/717051","targetHints":{"allow":["GET"]}}],"collection":[{"href":"https:\/\/roveyayinevi.com.tr\/index.php\/wp-json\/wp\/v2\/product"}],"about":[{"href":"https:\/\/roveyayinevi.com.tr\/index.php\/wp-json\/wp\/v2\/types\/product"}],"wp:attachment":[{"href":"https:\/\/roveyayinevi.com.tr\/index.php\/wp-json\/wp\/v2\/media?parent=717051"}],"wp:term":[{"taxonomy":"product_brand","embeddable":true,"href":"https:\/\/roveyayinevi.com.tr\/index.php\/wp-json\/wp\/v2\/product_brand?post=717051"},{"taxonomy":"product_cat","embeddable":true,"href":"https:\/\/roveyayinevi.com.tr\/index.php\/wp-json\/wp\/v2\/product_cat?post=717051"},{"taxonomy":"product_tag","embeddable":true,"href":"https:\/\/roveyayinevi.com.tr\/index.php\/wp-json\/wp\/v2\/product_tag?post=717051"}],"curies":[{"name":"wp","href":"https:\/\/api.w.org\/{rel}","templated":true}]}}