{"id":716693,"date":"2025-08-27T17:46:10","date_gmt":"2025-08-27T14:46:10","guid":{"rendered":"https:\/\/roveyayinevi.com.tr\/index.php\/urun\/fasizmden-populizme\/"},"modified":"2026-04-16T02:25:00","modified_gmt":"2026-04-15T23:25:00","slug":"fasizmden-populizme","status":"publish","type":"product","link":"https:\/\/roveyayinevi.com.tr\/index.php\/urun\/fasizmden-populizme\/","title":{"rendered":"Fa\u015fizmden Pop\u00fclizme"},"content":{"rendered":"<p>\u201cG\u00fcn\u00fcm\u00fczde uzmanlar ve siyaset\u00e7iler fa\u015fizmi, yaln\u0131zca pop\u00fclizmi de\u011fil, otoriter rejimleri, uluslararas\u0131 ter\u00f6rizmi veya devletlerin sergiledi\u011fi bask\u0131c\u0131 tutumlar\u0131, hatta muhalefetin ger\u00e7ekle\u015ftirdi\u011fi sokak eylemlerini de gev\u015fek\u00e7e tan\u0131mlamak i\u00e7in kullan\u0131yor. Bu gev\u015feklik tarihsel olarak sorunludur, fa\u015fizm kavram\u0131n\u0131n bu gibi dikkatsiz kullan\u0131mlar\u0131 pop\u00fclizmi \u015feytanla\u015ft\u0131r\u0131r fakat onu var eden tarihsel sebepleri a\u00e7\u0131klayamaz. Fa\u015fizm ve pop\u00fclizmin bir torbaya konulmas\u0131, genellikle stat\u00fckonun pop\u00fclist se\u00e7eneklerin yeg\u00e2ne alternatifi olarak sunulmas\u0131na sebep olur.\u201d \ufffc Pop\u00fclizm \u015fu s\u0131ra her kap\u0131n\u0131n kilidini a\u00e7an bir kavram muamelesi g\u00f6r\u00fcyor. Bamba\u015fka \u00fclkelerdeki hareketlere, liderlere, siyasetlere pop\u00fclizm ve pop\u00fclist etiketi konduruluyor. Bu adland\u0131rmalardan da hareketle, bir fenomen olarak pop\u00fclizmin ulus-\u00f6tesi bir karakter ta\u015f\u0131d\u0131\u011f\u0131na \u015f\u00fcphe olmasa da onun ne oldu\u011funa dair tart\u0131\u015fmalar k\u0131sa vadede h\u0131z kesecek gibi g\u00f6r\u00fcnm\u00fcyor. Federico Finchelstein, Fa\u015fizmden Pop\u00fclizme adl\u0131 bu kitab\u0131nda, pop\u00fclizmin ulus-\u00f6tesi karakterini tan\u0131yarak, onu iki sava\u015f aras\u0131 d\u00f6nemde, \u0130kinci D\u00fcnya Sava\u015f\u0131 sonras\u0131nda ve So\u011fuk Sava\u015f atmosferi i\u00e7erisinde kavr\u0131yor. B\u00f6ylelikle pop\u00fclizmi fa\u015fizme e\u015fitleyen g\u00f6r\u00fc\u015fleri bertaraf ederken, fa\u015fizm miras\u0131ndan devrald\u0131klar\u0131n\u0131 g\u00f6stererek, onu post-fa\u015fist bir ba\u011flam i\u00e7erisinde kavramam\u0131za imk\u00e2n tan\u0131yor. Bu kar\u015f\u0131la\u015ft\u0131rmal\u0131-tarihsel okuma, sava\u015f sonras\u0131 zuhur eden modern pop\u00fclizmi kavramaya ve kavramlar\u0131n kullan\u0131mlar\u0131n\u0131n \u00f6nemini yeniden hat\u0131rlamaya bir davet niteli\u011fi ta\u015f\u0131yor. <\/p>\n","protected":false},"excerpt":{"rendered":"<p>\u201cG\u00fcn\u00fcm\u00fczde uzmanlar ve siyaset\u00e7iler fa\u015fizmi, yaln\u0131zca pop\u00fclizmi de\u011fil, otoriter rejimleri, uluslararas\u0131 ter\u00f6rizmi veya devletlerin sergiledi\u011fi bask\u0131c\u0131 tutumlar\u0131, hatta muhalefetin ger\u00e7ekle\u015ftirdi\u011fi sokak eylemlerini de gev\u015fek\u00e7e tan\u0131mlamak i\u00e7in<span class=\"excerpt-hellip\"> [\u2026]<\/span><\/p>\n","protected":false},"featured_media":0,"template":"","meta":{"_monsterinsights_skip_tracking":false,"_monsterinsights_sitenote_active":false,"_monsterinsights_sitenote_note":"","_monsterinsights_sitenote_category":0},"product_brand":[],"product_cat":[13059,12337],"product_tag":[],"class_list":{"0":"post-716693","1":"product","2":"type-product","3":"status-publish","5":"product_cat-diger-politika-siyaset","6":"product_cat-politika-siyaset","7":"pa_cilt-ciltsiz","8":"pa_tur-kitap","9":"pa_yayinevi-iletisim-yayinlari","10":"pa_yazar-federico-finchelstein","12":"first","13":"instock","14":"sale","15":"shipping-taxable","16":"purchasable","17":"product-type-simple"},"_links":{"self":[{"href":"https:\/\/roveyayinevi.com.tr\/index.php\/wp-json\/wp\/v2\/product\/716693","targetHints":{"allow":["GET"]}}],"collection":[{"href":"https:\/\/roveyayinevi.com.tr\/index.php\/wp-json\/wp\/v2\/product"}],"about":[{"href":"https:\/\/roveyayinevi.com.tr\/index.php\/wp-json\/wp\/v2\/types\/product"}],"wp:attachment":[{"href":"https:\/\/roveyayinevi.com.tr\/index.php\/wp-json\/wp\/v2\/media?parent=716693"}],"wp:term":[{"taxonomy":"product_brand","embeddable":true,"href":"https:\/\/roveyayinevi.com.tr\/index.php\/wp-json\/wp\/v2\/product_brand?post=716693"},{"taxonomy":"product_cat","embeddable":true,"href":"https:\/\/roveyayinevi.com.tr\/index.php\/wp-json\/wp\/v2\/product_cat?post=716693"},{"taxonomy":"product_tag","embeddable":true,"href":"https:\/\/roveyayinevi.com.tr\/index.php\/wp-json\/wp\/v2\/product_tag?post=716693"}],"curies":[{"name":"wp","href":"https:\/\/api.w.org\/{rel}","templated":true}]}}