{"id":716650,"date":"2025-08-27T17:45:41","date_gmt":"2025-08-27T14:45:41","guid":{"rendered":"https:\/\/roveyayinevi.com.tr\/index.php\/urun\/avrupada-kamu-yonetimi\/"},"modified":"2026-04-16T02:24:59","modified_gmt":"2026-04-15T23:24:59","slug":"avrupada-kamu-yonetimi","status":"publish","type":"product","link":"https:\/\/roveyayinevi.com.tr\/index.php\/urun\/avrupada-kamu-yonetimi\/","title":{"rendered":"Avrupa\u2019da Kamu Y\u00f6netimi"},"content":{"rendered":"<p>Kitapta \u00f6ncelikle Avrupa&#8217;da farkl\u0131 siyasi ve idari yap\u0131lar\u0131 sahip \u00fclkeler aras\u0131nda ortak kamu y\u00f6netimi ilkelerinin olu\u015fturulmas\u0131na y\u00f6nelik \u00e7abalar ele al\u0131nmaktad\u0131r. Bu ba\u011flamda Avrupal\u0131la\u015fma ve Avrupa \u0130dari Alan\u0131 gibi kavramlar \u00f6nemli yer tutmaktad\u0131r. Kitapta Avrupal\u0131la\u015fma kavram\u0131 \u00f6zellikle kamu y\u00f6netimi alan\u0131na yans\u0131mas\u0131 ba\u011flam\u0131nda a\u00e7\u0131klanmaktad\u0131r. \u0130\u00e7indekiler: Kamu Y\u00f6netiminde Avrupal\u0131la\u015fma Yeni Bir Y\u00f6neti\u015fim Modeli:A\u00e7\u0131k \u0130\u015fbirli\u011fi Metodu B\u00fcrokrasi ve Siyaset B\u00f6lgesel Y\u00f6netimler Kamu Sekt\u00f6r\u00fcnde \u0130novasyon 6.Avrupa&#8217;da Kamu Y\u00f6netiminin Genel G\u00f6r\u00fcn\u00fcm\u00fc<\/p>\n","protected":false},"excerpt":{"rendered":"<p>Kitapta \u00f6ncelikle Avrupa&#8217;da farkl\u0131 siyasi ve idari yap\u0131lar\u0131 sahip \u00fclkeler aras\u0131nda ortak kamu y\u00f6netimi ilkelerinin olu\u015fturulmas\u0131na y\u00f6nelik \u00e7abalar ele al\u0131nmaktad\u0131r. Bu ba\u011flamda Avrupal\u0131la\u015fma ve Avrupa \u0130dari<span class=\"excerpt-hellip\"> [\u2026]<\/span><\/p>\n","protected":false},"featured_media":0,"template":"","meta":{"_monsterinsights_skip_tracking":false,"_monsterinsights_sitenote_active":false,"_monsterinsights_sitenote_note":"","_monsterinsights_sitenote_category":0},"product_brand":[],"product_cat":[12337,14528],"product_tag":[],"class_list":{"0":"post-716650","1":"product","2":"type-product","3":"status-publish","5":"product_cat-politika-siyaset","6":"product_cat-siyaset-tarihi","7":"pa_cilt-ciltsiz","8":"pa_tur-kitap","9":"pa_yayinevi-gazi-kitabevi","10":"pa_yazar-fatih-demir","12":"first","13":"instock","14":"sale","15":"shipping-taxable","16":"purchasable","17":"product-type-simple"},"_links":{"self":[{"href":"https:\/\/roveyayinevi.com.tr\/index.php\/wp-json\/wp\/v2\/product\/716650","targetHints":{"allow":["GET"]}}],"collection":[{"href":"https:\/\/roveyayinevi.com.tr\/index.php\/wp-json\/wp\/v2\/product"}],"about":[{"href":"https:\/\/roveyayinevi.com.tr\/index.php\/wp-json\/wp\/v2\/types\/product"}],"wp:attachment":[{"href":"https:\/\/roveyayinevi.com.tr\/index.php\/wp-json\/wp\/v2\/media?parent=716650"}],"wp:term":[{"taxonomy":"product_brand","embeddable":true,"href":"https:\/\/roveyayinevi.com.tr\/index.php\/wp-json\/wp\/v2\/product_brand?post=716650"},{"taxonomy":"product_cat","embeddable":true,"href":"https:\/\/roveyayinevi.com.tr\/index.php\/wp-json\/wp\/v2\/product_cat?post=716650"},{"taxonomy":"product_tag","embeddable":true,"href":"https:\/\/roveyayinevi.com.tr\/index.php\/wp-json\/wp\/v2\/product_tag?post=716650"}],"curies":[{"name":"wp","href":"https:\/\/api.w.org\/{rel}","templated":true}]}}