{"id":716623,"date":"2025-08-27T17:44:48","date_gmt":"2025-08-27T14:44:48","guid":{"rendered":"https:\/\/roveyayinevi.com.tr\/index.php\/urun\/efsane-vali-istanbul-valisi-dr-lutfi-kirdarin-yasam-oykusu\/"},"modified":"2025-10-21T05:00:21","modified_gmt":"2025-10-21T02:00:21","slug":"efsane-vali-istanbul-valisi-dr-lutfi-kirdarin-yasam-oykusu","status":"publish","type":"product","link":"https:\/\/roveyayinevi.com.tr\/index.php\/urun\/efsane-vali-istanbul-valisi-dr-lutfi-kirdarin-yasam-oykusu\/","title":{"rendered":"Efsane Vali \u0130stanbul Valisi Dr. L\u00fctfi K\u0131rdar\u0131n Ya\u015fam \u00d6yk\u00fcs\u00fc"},"content":{"rendered":"<p>\u00c7\u00f6ken bir imparatorluktan cumhuriyete giden s\u00fcre\u00e7te vatan savunmas\u0131 ve kurucu b\u00fcrokrasi i\u00e7inde yer alan Dr. L\u00fctfi K\u0131rdar, Balkan Sava\u015flar\u0131\u2019ndan 27 May\u0131s 1960 Darbesi\u2019ne kadar \u00e7ok \u00e7e\u015fitli ve kritik g\u00f6revler \u00fcstlenmi\u015ftir. Yar\u0131s\u0131ndan fazlas\u0131 \u0130kinci D\u00fcnya Sava\u015f\u0131\u2019na denk gelen zorlu s\u00fcre\u00e7te ger\u00e7ekle\u015ftirdi\u011fi \u0130stanbul Valili\u011fi ve Belediye Ba\u015fkanl\u0131\u011f\u0131, bakanl\u0131k g\u00f6revi; ba\u015far\u0131l\u0131 \u00e7al\u0131\u015fmalar, \u0130stanbul\u2019un siluetini de\u011fi\u015ftiren eserler ve diplomatik g\u00f6revlerle doludur.   Siyasi hayat\u0131 boyunca partizanl\u0131\u011fa kar\u015f\u0131 duran Dr. L\u00fctfi K\u0131rdar, 27 May\u0131s Darbesi ile birlikte yaln\u0131zca siyasi hayat\u0131na de\u011fil, ayn\u0131 zamanda d\u00fcnyevi hayat\u0131na da veda etmi\u015ftir.   Efsane Vali, Dr. L\u00fctfi K\u0131rdar\u2019\u0131n ya\u015fam \u00f6yk\u00fcs\u00fcn\u00fc, \u00fclkeye hizmetlerini, demokrasiye inanc\u0131n\u0131 ve siyasi ilkeleri u\u011fruna verdi\u011fi m\u00fccadeleyi tarihin tozlu raflar\u0131ndan g\u00fcn \u0131\u015f\u0131\u011f\u0131na \u00e7\u0131kar\u0131yor.  <\/p>\n","protected":false},"excerpt":{"rendered":"<p>\u00c7\u00f6ken bir imparatorluktan cumhuriyete giden s\u00fcre\u00e7te vatan savunmas\u0131 ve kurucu b\u00fcrokrasi i\u00e7inde yer alan Dr. L\u00fctfi K\u0131rdar, Balkan Sava\u015flar\u0131\u2019ndan 27 May\u0131s 1960 Darbesi\u2019ne kadar \u00e7ok \u00e7e\u015fitli<span class=\"excerpt-hellip\"> [\u2026]<\/span><\/p>\n","protected":false},"featured_media":0,"template":"","meta":{"_monsterinsights_skip_tracking":false,"_monsterinsights_sitenote_active":false,"_monsterinsights_sitenote_note":"","_monsterinsights_sitenote_category":0},"product_brand":[],"product_cat":[14009,12291],"product_tag":[],"class_list":{"0":"post-716623","1":"product","2":"type-product","3":"status-publish","5":"product_cat-biyografi-otobiyografi-edebiyat","6":"product_cat-edebiyat","7":"pa_cilt-ciltsiz","8":"pa_tur-kitap","9":"pa_yayinevi-dogan-kitap","10":"pa_yazar-olcay-soguk","12":"first","13":"instock","14":"sale","15":"shipping-taxable","16":"purchasable","17":"product-type-simple"},"_links":{"self":[{"href":"https:\/\/roveyayinevi.com.tr\/index.php\/wp-json\/wp\/v2\/product\/716623","targetHints":{"allow":["GET"]}}],"collection":[{"href":"https:\/\/roveyayinevi.com.tr\/index.php\/wp-json\/wp\/v2\/product"}],"about":[{"href":"https:\/\/roveyayinevi.com.tr\/index.php\/wp-json\/wp\/v2\/types\/product"}],"wp:attachment":[{"href":"https:\/\/roveyayinevi.com.tr\/index.php\/wp-json\/wp\/v2\/media?parent=716623"}],"wp:term":[{"taxonomy":"product_brand","embeddable":true,"href":"https:\/\/roveyayinevi.com.tr\/index.php\/wp-json\/wp\/v2\/product_brand?post=716623"},{"taxonomy":"product_cat","embeddable":true,"href":"https:\/\/roveyayinevi.com.tr\/index.php\/wp-json\/wp\/v2\/product_cat?post=716623"},{"taxonomy":"product_tag","embeddable":true,"href":"https:\/\/roveyayinevi.com.tr\/index.php\/wp-json\/wp\/v2\/product_tag?post=716623"}],"curies":[{"name":"wp","href":"https:\/\/api.w.org\/{rel}","templated":true}]}}