{"id":716584,"date":"2025-08-27T17:44:22","date_gmt":"2025-08-27T14:44:22","guid":{"rendered":"https:\/\/roveyayinevi.com.tr\/index.php\/urun\/sensiz-gecen-yillarim-ada\/"},"modified":"2026-04-16T02:24:57","modified_gmt":"2026-04-15T23:24:57","slug":"sensiz-gecen-yillarim-ada","status":"publish","type":"product","link":"https:\/\/roveyayinevi.com.tr\/index.php\/urun\/sensiz-gecen-yillarim-ada\/","title":{"rendered":"Sensiz Ge\u00e7en Y\u0131llar\u0131m &#8211; Ada"},"content":{"rendered":"<p>\u201cYar\u0131m kalan sevin\u00e7lerim vard\u0131 benim. Yar\u0131m kalan mutluluklar\u0131m. Daha tohum halindeyken, filiz bile verememi\u015fken solmu\u015f umutlar\u0131m vard\u0131. Hep bir yan\u0131m eksikti. Hi\u00e7 tamamlanmam\u0131\u015ft\u0131m \u015fimdiye kadar. Hep yar\u0131m kalm\u0131\u015ft\u0131m. \u0130lk defa d\u00fcn ak\u015fam kendimi tamamlanm\u0131\u015f hissetmi\u015ftim, oysaki bu bir yan\u0131lsamayd\u0131. Yank\u0131 gitmi\u015fti. O p\u0131r\u0131l p\u0131r\u0131l parlayan g\u00fcne\u015f sanki \u00f6n\u00fcnde koyu bir bulut varm\u0131\u015f gibi t\u00fcm g\u00fczelli\u011fini ve \u0131\u015f\u0131\u011f\u0131n\u0131 kaybetmi\u015fti.\u201d   Hen\u00fcz be\u015f ya\u015f\u0131ndayken kaybetti\u011fi anne ve babas\u0131n\u0131n ard\u0131ndan b\u00fcy\u00fck bir yaln\u0131zl\u0131\u011fa g\u00f6m\u00fclen Ada, i\u00e7inde biriktirdi\u011fi binlerce kelimeyi defterlere yazarak ve tek bir ki\u015fiye kar\u015f\u0131 duydu\u011fu imk\u00e2ns\u0131z a\u015fk\u0131n\u0131 anlatarak ge\u00e7irdi \u00e7ocukluk y\u0131llar\u0131n\u0131. Ta ki bir g\u00fcn o imk\u00e2ns\u0131z a\u015fk\u0131na kavu\u015funcaya kadar. Ancak g\u00f6zlerini a\u00e7t\u0131\u011f\u0131nda, y\u0131llar sonra kavu\u015ftu\u011fu \u00e7ocukluk a\u015fk\u0131n\u0131 kaybedece\u011fini bilemezdi.   Aradan ge\u00e7en y\u0131llar kimsesiz Ada\u2019n\u0131n k\u00fcllerinden yeniden do\u011fmas\u0131n\u0131 sa\u011flay\u0131p onu g\u00fc\u00e7l\u00fc bir kad\u0131n m\u0131 yapacakt\u0131 yoksa \u00e7ocuklu\u011fundan beri i\u00e7inde debelendi\u011fi y\u0131k\u0131nt\u0131lar\u0131n alt\u0131nda m\u0131 kalacakt\u0131? G\u00fcn\u00fcn birinde her giden geri gelirdi ve o g\u00fcn geldi\u011finde Ada\u2019y\u0131 \u00f6nemli bir karar bekliyordu<\/p>\n","protected":false},"excerpt":{"rendered":"<p>\u201cYar\u0131m kalan sevin\u00e7lerim vard\u0131 benim. Yar\u0131m kalan mutluluklar\u0131m. Daha tohum halindeyken, filiz bile verememi\u015fken solmu\u015f umutlar\u0131m vard\u0131. Hep bir yan\u0131m eksikti. Hi\u00e7 tamamlanmam\u0131\u015ft\u0131m \u015fimdiye kadar. Hep<span class=\"excerpt-hellip\"> [\u2026]<\/span><\/p>\n","protected":false},"featured_media":0,"template":"","meta":{"_monsterinsights_skip_tracking":false,"_monsterinsights_sitenote_active":false,"_monsterinsights_sitenote_note":"","_monsterinsights_sitenote_category":0},"product_brand":[],"product_cat":[14643,12291],"product_tag":[],"class_list":{"0":"post-716584","1":"product","2":"type-product","3":"status-publish","5":"product_cat-ask","6":"product_cat-edebiyat","7":"pa_cilt-ciltsiz","8":"pa_tur-kitap","9":"pa_yayinevi-muptela-yayinevi","10":"pa_yazar-aysegul-cicekoglu","12":"first","13":"instock","14":"sale","15":"shipping-taxable","16":"purchasable","17":"product-type-simple"},"_links":{"self":[{"href":"https:\/\/roveyayinevi.com.tr\/index.php\/wp-json\/wp\/v2\/product\/716584","targetHints":{"allow":["GET"]}}],"collection":[{"href":"https:\/\/roveyayinevi.com.tr\/index.php\/wp-json\/wp\/v2\/product"}],"about":[{"href":"https:\/\/roveyayinevi.com.tr\/index.php\/wp-json\/wp\/v2\/types\/product"}],"wp:attachment":[{"href":"https:\/\/roveyayinevi.com.tr\/index.php\/wp-json\/wp\/v2\/media?parent=716584"}],"wp:term":[{"taxonomy":"product_brand","embeddable":true,"href":"https:\/\/roveyayinevi.com.tr\/index.php\/wp-json\/wp\/v2\/product_brand?post=716584"},{"taxonomy":"product_cat","embeddable":true,"href":"https:\/\/roveyayinevi.com.tr\/index.php\/wp-json\/wp\/v2\/product_cat?post=716584"},{"taxonomy":"product_tag","embeddable":true,"href":"https:\/\/roveyayinevi.com.tr\/index.php\/wp-json\/wp\/v2\/product_tag?post=716584"}],"curies":[{"name":"wp","href":"https:\/\/api.w.org\/{rel}","templated":true}]}}