{"id":716560,"date":"2025-08-27T17:44:07","date_gmt":"2025-08-27T14:44:07","guid":{"rendered":"https:\/\/roveyayinevi.com.tr\/index.php\/urun\/van-munit-efsanesi\/"},"modified":"2026-04-16T02:24:41","modified_gmt":"2026-04-15T23:24:41","slug":"van-munit-efsanesi","status":"publish","type":"product","link":"https:\/\/roveyayinevi.com.tr\/index.php\/urun\/van-munit-efsanesi\/","title":{"rendered":"Van M\u00fcnit Efsanesi"},"content":{"rendered":"<p>Elinizdeki tuttu\u011funuz kitap gerek Recep Tayyip Erdo\u011fan ba\u015fkanl\u0131\u011f\u0131ndaki AKP h\u00fck\u00fcmeti, gerekse gelece\u011fin y\u00f6neticileri i\u00e7in neleri yapmamal\u0131y\u0131z rehberi niteli\u011finde. Ara\u015ft\u0131rman\u0131n bize i\u015faret etti\u011fi T\u00fcrkiye&#8217;nin do\u011fusunda d\u00fcnyaya gelen \u00e7ocukla devlet aras\u0131ndaki u\u00e7urumun \u00e7ok erken ya\u015flarda olu\u015fmaya ba\u015flad\u0131\u011f\u0131. Ara\u015ft\u0131rman\u0131n \u00e7\u0131k\u0131\u015f noktas\u0131 Davos krizi olsa da ula\u015ft\u0131\u011f\u0131 nokta k\u00f6kleri ge\u00e7mi\u015ften beslenen ve her krizde depre\u015fen bir yara.  Davos&#8217;ta &#8220;one minute&#8221;te \u0130slam \u00fclkelerindeki gen\u00e7lerin kalpleri kazan\u0131ld\u0131, peki ya T\u00fcrkiye&#8217;deki kalpler? Ba\u015fbakan Recep Tayyip Erdo\u011fan \u0130slam \u00fclkelerindeki gen\u00e7lerin kalplerini kazan\u0131rken, kend \u00fclkesindeki gen\u00e7ler, Davos&#8217;ta ya\u015fananlar hakk\u0131nda ne d\u00fc\u015f\u00fcn\u00fcyorlard\u0131? Uluslararas\u0131 politikada yaratt\u0131\u011f\u0131 etkinin yan\u0131 s\u0131ra T\u00fcrkiye&#8217;de Davos&#8217;ta olup bitenlerin nas\u0131l alg\u0131land\u0131\u011f\u0131n\u0131 anlamaya \u00e7al\u0131\u015ft\u0131\u011f\u0131m\u0131z eserde, demografik \u00f6zellikleri de g\u00f6z \u00f6n\u00fcnde bulunduruldu\u011funda gen\u00e7lerin Ba\u015fbakan Recep Tayyip Erdo\u011fan hakk\u0131ndaki g\u00f6r\u00fc\u015flerinin farkl\u0131l\u0131k g\u00f6sterdi\u011fi g\u00f6zlemlendi. Kitap, siyasal tarihin k\u0131r\u0131lma noktas\u0131na &#8220;Davos Krizi&#8221; olarak ge\u00e7en tarihi olaya T\u00fcrkiye&#8217;den mercek tutuyor.<\/p>\n","protected":false},"excerpt":{"rendered":"<p>Elinizdeki tuttu\u011funuz kitap gerek Recep Tayyip Erdo\u011fan ba\u015fkanl\u0131\u011f\u0131ndaki AKP h\u00fck\u00fcmeti, gerekse gelece\u011fin y\u00f6neticileri i\u00e7in neleri yapmamal\u0131y\u0131z rehberi niteli\u011finde. Ara\u015ft\u0131rman\u0131n bize i\u015faret etti\u011fi T\u00fcrkiye&#8217;nin do\u011fusunda d\u00fcnyaya gelen<span class=\"excerpt-hellip\"> [\u2026]<\/span><\/p>\n","protected":false},"featured_media":0,"template":"","meta":{"_monsterinsights_skip_tracking":false,"_monsterinsights_sitenote_active":false,"_monsterinsights_sitenote_note":"","_monsterinsights_sitenote_category":0},"product_brand":[],"product_cat":[13059,12337],"product_tag":[],"class_list":{"0":"post-716560","1":"product","2":"type-product","3":"status-publish","5":"product_cat-diger-politika-siyaset","6":"product_cat-politika-siyaset","7":"pa_cilt-ciltsiz","8":"pa_tur-kitap","9":"pa_yayinevi-egitim-kitabevi-yayinlari","10":"pa_yazar-nurdan-akiner","12":"first","13":"instock","14":"sale","15":"shipping-taxable","16":"purchasable","17":"product-type-simple"},"_links":{"self":[{"href":"https:\/\/roveyayinevi.com.tr\/index.php\/wp-json\/wp\/v2\/product\/716560","targetHints":{"allow":["GET"]}}],"collection":[{"href":"https:\/\/roveyayinevi.com.tr\/index.php\/wp-json\/wp\/v2\/product"}],"about":[{"href":"https:\/\/roveyayinevi.com.tr\/index.php\/wp-json\/wp\/v2\/types\/product"}],"wp:attachment":[{"href":"https:\/\/roveyayinevi.com.tr\/index.php\/wp-json\/wp\/v2\/media?parent=716560"}],"wp:term":[{"taxonomy":"product_brand","embeddable":true,"href":"https:\/\/roveyayinevi.com.tr\/index.php\/wp-json\/wp\/v2\/product_brand?post=716560"},{"taxonomy":"product_cat","embeddable":true,"href":"https:\/\/roveyayinevi.com.tr\/index.php\/wp-json\/wp\/v2\/product_cat?post=716560"},{"taxonomy":"product_tag","embeddable":true,"href":"https:\/\/roveyayinevi.com.tr\/index.php\/wp-json\/wp\/v2\/product_tag?post=716560"}],"curies":[{"name":"wp","href":"https:\/\/api.w.org\/{rel}","templated":true}]}}