{"id":716508,"date":"2025-08-27T17:43:34","date_gmt":"2025-08-27T14:43:34","guid":{"rendered":"https:\/\/roveyayinevi.com.tr\/index.php\/urun\/milliyet-nazariyeleri-ve-milli-hayat\/"},"modified":"2026-04-16T02:24:40","modified_gmt":"2026-04-15T23:24:40","slug":"milliyet-nazariyeleri-ve-milli-hayat","status":"publish","type":"product","link":"https:\/\/roveyayinevi.com.tr\/index.php\/urun\/milliyet-nazariyeleri-ve-milli-hayat\/","title":{"rendered":"Milliyet Nazariyeleri ve Milli Hayat"},"content":{"rendered":"<p>Milliyet Nazariyeleri ve Mill\u00ee Hayat, G\u00f6kalp\u2019\u0131n T\u00fcrk\u00e7\u00fcl\u00fc\u011f\u00fcn Esaslar\u0131 adl\u0131 eserinden bir y\u0131l \u00f6nce kaleme al\u0131nm\u0131\u015f, bununla birlikte Mehmet \u0130zzet, \u00e7o\u011funlukla Ziya G\u00f6kalp ekol\u00fcn\u00fcn bir devam ettiricisi olarak kabul edilmi\u015ftir. Oysa iki d\u00fc\u015f\u00fcn\u00fcr\u00fcm\u00fcz\u00fcn ilm\u00ee ve felsef\u00ee tav\u0131rlar\u0131 birbirinden farkl\u0131d\u0131r. Hilmi Ziya \u00dclken, ilim ve fikir adamlar\u0131n\u0131 iki temel gruba ay\u0131r\u0131p biri i\u00e7in G\u00f6kalp\u2019\u0131, di\u011feri i\u00e7in de \u0130zzet\u2019i \u00f6rnek g\u00f6sterir. Ona g\u00f6re G\u00f6kalp, fikirleri s\u00fcratle fiil ve hareket haline ge\u00e7meye m\u00fcsait, onlar\u0131 in\u015fa ile asla yetinmeyen, eserlerini bizzat telkin ve tatbik etmek isteyen, hatta aksiyon mecburiyetiyle fikirlerini teferruatl\u0131 olarak i\u015flemekten bile vazge\u00e7en, kanaatinin iman halinde yay\u0131lmas\u0131 i\u00e7in her ifade \u015fekli ve arac\u0131na ba\u015fvuran, telkininin kuvvetini temin i\u00e7in az \u00e7ok dogmatik olmak zorunda kalan bir d\u00fc\u015f\u00fcn\u00fcr\u00fcm\u00fczd\u00fcr. Mehmet \u0130zzet ise, bilakis tam bir teorisyendir. Onun nazar\u0131nda b\u00fct\u00fcn k\u0131ymet aksiyonda de\u011fil fikirdedir. Ve bir ressam itinas\u0131yla, vehmiyle onun \u00fczerinde uzun m\u00fcddet \u00e7al\u0131\u015fmak laz\u0131md\u0131r. Kamu yarar\u0131n\u0131 d\u00fc\u015f\u00fcnmeye vakti yoktur. \u00dcretti\u011fi eserin ikinci elden fiile indirilmesini bekler. Tefekk\u00fcr\u00fcn temel \u00f6zelli\u011fi olan tenkit fikrini kaybetmemek i\u00e7in s\u00fcratle fiile inen dogmalardan ka\u00e7\u0131n\u0131r. T\u00fcrk milliyet\u00e7ili\u011fi tarihinde son derece \u00f6zg\u00fcn bir konuma oturan Milliyet Nazariyeleri ve Mill\u00ee Hayat\u2019\u0131n politikle\u015fen T\u00fcrk milliyet\u00e7ileri nezdinde hak etti\u011fi ilgiyi g\u00f6rmemesinin temel sebebi de budur. \u0130\u015fin asl\u0131na bak\u0131l\u0131rsa ciddi bir G\u00f6kalp ele\u015ftirisi olarak da okunabilecek eser, ilimden \u00f6d\u00fcn vermeyi\u015fi, felsef\u00ee sorgulamalar\u0131 ve vard\u0131\u011f\u0131 netice itibariyle unutulmu\u015f gibidir. Oysa felsef\u00ee idealizmden ald\u0131\u011f\u0131 temelle milliyet fikrine yeni bir ufuk a\u00e7an \u0130zzet, milliyeti s\u0131\u011f bir politika arac\u0131 veya g\u00fcndelik hayat g\u00f6r\u00fc\u015f\u00fc olmaktan \u00e7\u0131kararak ona geni\u015f bir idealizm m\u00e2n\u00e2s\u0131 kazand\u0131rm\u0131\u015ft\u0131r. 1923\u2019te eski harfli ilk yay\u0131m\u0131ndan sonra 1969\u2019da ve 1981\u2019de \u00d6t\u00fcken Ne\u015friyat taraf\u0131ndan iki defa yeni harflerle bas\u0131lan Milliyet Nazariyeleri ve Mill\u00ee Hayat\u2019\u0131n bu 4. ne\u015frinde, Mehmet \u0130zzet ve eseri hakk\u0131nda eksiksiz bir derleme sunulmaya \u00e7al\u0131\u015f\u0131lm\u0131\u015f, b\u00f6ylece Mehmet \u0130zzet\u2019i daha iyi ve \u015f\u00fcmull\u00fc anlaman\u0131n yolu a\u00e7\u0131lm\u0131\u015ft\u0131r. Bu ba\u011flamda, Mustafa \u015eekip\u2019ten, Hilmi Ziya\u2019ya, Sadreddin Celal\u2019den Z.F. F\u0131nd\u0131ko\u011flu\u2019na, Nurettin Hazar\u2019dan Levent Bayraktar\u2019a pek \u00e7ok kalem sahibinin Mehmet \u0130zzet hakk\u0131ndaki makaleleri kitaba \u201cek\u201dlenmi\u015f, ayr\u0131ca Yahya Kemal Ta\u015ftan taraf\u0131ndan bir Mehmet \u0130zzet Bibliyografyas\u0131 da haz\u0131rlanm\u0131\u015ft\u0131r.<\/p>\n","protected":false},"excerpt":{"rendered":"<p>Milliyet Nazariyeleri ve Mill\u00ee Hayat, G\u00f6kalp\u2019\u0131n T\u00fcrk\u00e7\u00fcl\u00fc\u011f\u00fcn Esaslar\u0131 adl\u0131 eserinden bir y\u0131l \u00f6nce kaleme al\u0131nm\u0131\u015f, bununla birlikte Mehmet \u0130zzet, \u00e7o\u011funlukla Ziya G\u00f6kalp ekol\u00fcn\u00fcn bir devam ettiricisi<span class=\"excerpt-hellip\"> [\u2026]<\/span><\/p>\n","protected":false},"featured_media":0,"template":"","meta":{"_monsterinsights_skip_tracking":false,"_monsterinsights_sitenote_active":false,"_monsterinsights_sitenote_note":"","_monsterinsights_sitenote_category":0},"product_brand":[],"product_cat":[14009,12291],"product_tag":[],"class_list":{"0":"post-716508","1":"product","2":"type-product","3":"status-publish","5":"product_cat-biyografi-otobiyografi-edebiyat","6":"product_cat-edebiyat","7":"pa_cilt-ciltsiz","8":"pa_tur-kitap","9":"pa_yayinevi-otuken-nesriyat","10":"pa_yazar-mehmet-izzet-aslin","12":"first","13":"instock","14":"sale","15":"shipping-taxable","16":"purchasable","17":"product-type-simple"},"_links":{"self":[{"href":"https:\/\/roveyayinevi.com.tr\/index.php\/wp-json\/wp\/v2\/product\/716508","targetHints":{"allow":["GET"]}}],"collection":[{"href":"https:\/\/roveyayinevi.com.tr\/index.php\/wp-json\/wp\/v2\/product"}],"about":[{"href":"https:\/\/roveyayinevi.com.tr\/index.php\/wp-json\/wp\/v2\/types\/product"}],"wp:attachment":[{"href":"https:\/\/roveyayinevi.com.tr\/index.php\/wp-json\/wp\/v2\/media?parent=716508"}],"wp:term":[{"taxonomy":"product_brand","embeddable":true,"href":"https:\/\/roveyayinevi.com.tr\/index.php\/wp-json\/wp\/v2\/product_brand?post=716508"},{"taxonomy":"product_cat","embeddable":true,"href":"https:\/\/roveyayinevi.com.tr\/index.php\/wp-json\/wp\/v2\/product_cat?post=716508"},{"taxonomy":"product_tag","embeddable":true,"href":"https:\/\/roveyayinevi.com.tr\/index.php\/wp-json\/wp\/v2\/product_tag?post=716508"}],"curies":[{"name":"wp","href":"https:\/\/api.w.org\/{rel}","templated":true}]}}