{"id":716507,"date":"2025-08-27T17:43:33","date_gmt":"2025-08-27T14:43:33","guid":{"rendered":"https:\/\/roveyayinevi.com.tr\/index.php\/urun\/osmanli-devletinde-muhaceret-iskan-ve-entegrasyon\/"},"modified":"2026-04-16T02:24:40","modified_gmt":"2026-04-15T23:24:40","slug":"osmanli-devletinde-muhaceret-iskan-ve-entegrasyon","status":"publish","type":"product","link":"https:\/\/roveyayinevi.com.tr\/index.php\/urun\/osmanli-devletinde-muhaceret-iskan-ve-entegrasyon\/","title":{"rendered":"Osmanl\u0131 Devleti&#8217;nde Muhaceret \u0130skan ve Entegrasyon"},"content":{"rendered":"<p>K\u0131r\u0131m Sava\u015f\u0131 ve 93 Harbi sonras\u0131nda ya\u015fanan kitle g\u00f6\u00e7leri neticesinde Osmanl\u0131 Devleti g\u00f6\u00e7 olgusunun ac\u0131 deneyimini defaatle ya\u015famak zorunda kald\u0131. Bu kitle g\u00f6\u00e7leri, y\u00fczy\u0131llard\u0131r ya\u015fad\u0131klar\u0131 topraklarda bir anda az\u0131nl\u0131k konumuna d\u00fc\u015fen M\u00fcsl\u00fcman halk i\u00e7in Anadolu\u2019yu \u00e2deta bir s\u0131\u011f\u0131nak h\u00e2line getirdi. K\u0131r\u0131m\u2019dan, Kafkasya\u2019dan, Balkanlar\u2019dan Osmanl\u0131 topraklar\u0131na gelen muhacirlerin isk\u00e2n\u0131 i\u00e7in se\u00e7ilen \u015fehirlerden biri de Bursa\u2019yd\u0131. Birinci elden ar\u015fiv kaynaklar\u0131 ile haz\u0131rlanan bu eserle yazar, sadece Bursa sanca\u011f\u0131na g\u00f6\u00e7 eden muhacirlerin isk\u00e2n s\u00fcrecini ele almay\u0131p isk\u00e2n s\u00fcreci sonras\u0131nda ya\u015fad\u0131klar\u0131 entegrasyon problemlerine de yer vermi\u015f, g\u00f6\u00e7 ve g\u00f6\u00e7\u00fcn etkilerini bir b\u00fct\u00fcn olarak incelerken bir \u015fehrin g\u00f6\u00e7 ile u\u011frad\u0131\u011f\u0131 de\u011fi\u015fimleri de ortaya koymu\u015ftur. <\/p>\n","protected":false},"excerpt":{"rendered":"<p>K\u0131r\u0131m Sava\u015f\u0131 ve 93 Harbi sonras\u0131nda ya\u015fanan kitle g\u00f6\u00e7leri neticesinde Osmanl\u0131 Devleti g\u00f6\u00e7 olgusunun ac\u0131 deneyimini defaatle ya\u015famak zorunda kald\u0131. Bu kitle g\u00f6\u00e7leri, y\u00fczy\u0131llard\u0131r ya\u015fad\u0131klar\u0131 topraklarda<span class=\"excerpt-hellip\"> [\u2026]<\/span><\/p>\n","protected":false},"featured_media":0,"template":"","meta":{"_monsterinsights_skip_tracking":false,"_monsterinsights_sitenote_active":false,"_monsterinsights_sitenote_note":"","_monsterinsights_sitenote_category":0},"product_brand":[],"product_cat":[13517,12304],"product_tag":[],"class_list":{"0":"post-716507","1":"product","2":"type-product","3":"status-publish","5":"product_cat-osmanli-tarihi","6":"product_cat-tarih","7":"pa_cilt-ciltsiz","8":"pa_tur-kitap","9":"pa_yayinevi-ideal-kultur-yayincilik","10":"pa_yazar-ismet-saribal","12":"first","13":"instock","14":"sale","15":"shipping-taxable","16":"purchasable","17":"product-type-simple"},"_links":{"self":[{"href":"https:\/\/roveyayinevi.com.tr\/index.php\/wp-json\/wp\/v2\/product\/716507","targetHints":{"allow":["GET"]}}],"collection":[{"href":"https:\/\/roveyayinevi.com.tr\/index.php\/wp-json\/wp\/v2\/product"}],"about":[{"href":"https:\/\/roveyayinevi.com.tr\/index.php\/wp-json\/wp\/v2\/types\/product"}],"wp:attachment":[{"href":"https:\/\/roveyayinevi.com.tr\/index.php\/wp-json\/wp\/v2\/media?parent=716507"}],"wp:term":[{"taxonomy":"product_brand","embeddable":true,"href":"https:\/\/roveyayinevi.com.tr\/index.php\/wp-json\/wp\/v2\/product_brand?post=716507"},{"taxonomy":"product_cat","embeddable":true,"href":"https:\/\/roveyayinevi.com.tr\/index.php\/wp-json\/wp\/v2\/product_cat?post=716507"},{"taxonomy":"product_tag","embeddable":true,"href":"https:\/\/roveyayinevi.com.tr\/index.php\/wp-json\/wp\/v2\/product_tag?post=716507"}],"curies":[{"name":"wp","href":"https:\/\/api.w.org\/{rel}","templated":true}]}}