{"id":716488,"date":"2025-08-27T17:43:22","date_gmt":"2025-08-27T14:43:22","guid":{"rendered":"https:\/\/roveyayinevi.com.tr\/index.php\/urun\/ali-fuad-basgil-bir-dusunurun-fikri-haritasi\/"},"modified":"2026-04-16T02:24:40","modified_gmt":"2026-04-15T23:24:40","slug":"ali-fuad-basgil-bir-dusunurun-fikri-haritasi","status":"publish","type":"product","link":"https:\/\/roveyayinevi.com.tr\/index.php\/urun\/ali-fuad-basgil-bir-dusunurun-fikri-haritasi\/","title":{"rendered":"Ali Fuad Ba\u015fgil &#8211; Bir D\u00fc\u015f\u00fcn\u00fcr\u00fcn Fikri Haritas\u0131"},"content":{"rendered":"<p>Bu \u00e7al\u0131\u015fma Ali Fuad Ba\u015fgil\u2019in 1932 il\u00e2 1967 y\u0131llar\u0131 aras\u0131n\u0131 kapsayan otuz be\u015f senelik ilm\u00ee hayat\u0131ndaki siyaset, hukuk, din ve toplumla ilgili g\u00f6r\u00fc\u015flerini, ele\u015ftirilerini ve tekliflerini T\u00fcrkiye\u2019deki siyas\u00ee geli\u015fmeler ve kendisinin fikr\u00ee pozisyonu ba\u011flam\u0131nda ele almay\u0131 ama\u00e7lamaktad\u0131r. Bu ama\u00e7 dikkate al\u0131nd\u0131\u011f\u0131nda kitab\u0131n isminde neden \u201cfikir haritas\u0131\u201d ifadesinin kullan\u0131ld\u0131\u011f\u0131n\u0131n daha anla\u015f\u0131l\u0131r olaca\u011f\u0131 d\u00fc\u015f\u00fcn\u00fclmektedir. Zira \u00e7al\u0131\u015fman\u0131n her b\u00f6l\u00fcm\u00fcnde Ba\u015fgil\u2019in fikr\u00ee de\u011fi\u015fim ve geli\u015fimine temas edildi\u011fi gibi hangi d\u00fc\u015f\u00fcncesini hangi hadiseler neticesinde dile getirdi\u011fi ve bunun sonucunda hangi geli\u015fmelerin ya\u015fand\u0131\u011f\u0131 da ele al\u0131nmaktad\u0131r.Haritan\u0131n, belirli bir yerin tamam\u0131n\u0131n ya da belirli k\u0131sm\u0131n\u0131n ku\u015fbak\u0131\u015f\u0131 g\u00f6r\u00fcnt\u00fcs\u00fcn\u00fc veren bir taslak oldu\u011fu d\u00fc\u015f\u00fcn\u00fcl\u00fcrse, bu \u00e7al\u0131\u015fmada esas yap\u0131lmak istenenin de Ba\u015fgil\u2019in d\u00fc\u015f\u00fcnce yap\u0131s\u0131n\u0131n zaman i\u00e7indeki de\u011fi\u015fimini ve s\u0131n\u0131rlar\u0131n\u0131 g\u00f6steren ku\u015fbak\u0131\u015f\u0131 bir tasla\u011f\u0131n\u0131 sunmak oldu\u011fu g\u00f6r\u00fclecektir.<\/p>\n","protected":false},"excerpt":{"rendered":"<p>Bu \u00e7al\u0131\u015fma Ali Fuad Ba\u015fgil\u2019in 1932 il\u00e2 1967 y\u0131llar\u0131 aras\u0131n\u0131 kapsayan otuz be\u015f senelik ilm\u00ee hayat\u0131ndaki siyaset, hukuk, din ve toplumla ilgili g\u00f6r\u00fc\u015flerini, ele\u015ftirilerini ve tekliflerini<span class=\"excerpt-hellip\"> [\u2026]<\/span><\/p>\n","protected":false},"featured_media":0,"template":"","meta":{"_monsterinsights_skip_tracking":false,"_monsterinsights_sitenote_active":false,"_monsterinsights_sitenote_note":"","_monsterinsights_sitenote_category":0},"product_brand":[],"product_cat":[12370,12304],"product_tag":[],"class_list":{"0":"post-716488","1":"product","2":"type-product","3":"status-publish","5":"product_cat-arastirma-inceleme","6":"product_cat-tarih","7":"pa_cilt-ciltsiz","8":"pa_tur-kitap","9":"pa_yayinevi-liberte-yayinlari","10":"pa_yazar-salih-zeki-hakli","12":"first","13":"instock","14":"sale","15":"shipping-taxable","16":"purchasable","17":"product-type-simple"},"_links":{"self":[{"href":"https:\/\/roveyayinevi.com.tr\/index.php\/wp-json\/wp\/v2\/product\/716488","targetHints":{"allow":["GET"]}}],"collection":[{"href":"https:\/\/roveyayinevi.com.tr\/index.php\/wp-json\/wp\/v2\/product"}],"about":[{"href":"https:\/\/roveyayinevi.com.tr\/index.php\/wp-json\/wp\/v2\/types\/product"}],"wp:attachment":[{"href":"https:\/\/roveyayinevi.com.tr\/index.php\/wp-json\/wp\/v2\/media?parent=716488"}],"wp:term":[{"taxonomy":"product_brand","embeddable":true,"href":"https:\/\/roveyayinevi.com.tr\/index.php\/wp-json\/wp\/v2\/product_brand?post=716488"},{"taxonomy":"product_cat","embeddable":true,"href":"https:\/\/roveyayinevi.com.tr\/index.php\/wp-json\/wp\/v2\/product_cat?post=716488"},{"taxonomy":"product_tag","embeddable":true,"href":"https:\/\/roveyayinevi.com.tr\/index.php\/wp-json\/wp\/v2\/product_tag?post=716488"}],"curies":[{"name":"wp","href":"https:\/\/api.w.org\/{rel}","templated":true}]}}