{"id":716381,"date":"2025-08-27T17:42:02","date_gmt":"2025-08-27T14:42:02","guid":{"rendered":"https:\/\/roveyayinevi.com.tr\/index.php\/urun\/yenicag-felsefesi-tarihi\/"},"modified":"2026-04-16T02:24:37","modified_gmt":"2026-04-15T23:24:37","slug":"yenicag-felsefesi-tarihi","status":"publish","type":"product","link":"https:\/\/roveyayinevi.com.tr\/index.php\/urun\/yenicag-felsefesi-tarihi\/","title":{"rendered":"Yeni\u00e7a\u011f Felsefesi Tarihi"},"content":{"rendered":"<p>Bir toplumun geli\u015fmi\u015flik g\u00f6stergesi, o toplumun bilgi, sanat, ahlak, politika ve varl\u0131\u011f\u0131 alg\u0131 bi\u00e7iminin nas\u0131l oldu\u011fuyla \u00f6l\u00e7\u00fclebilir.Bilgi \u00fcretemeyen bir toplumun, di\u011fer toplumlarla ayn\u0131 d\u00fczeyde bir ya\u015fam standard\u0131n\u0131 elde etmesinin m\u00fcmk\u00fcn olmad\u0131\u011f\u0131 gibi, ayn\u0131 \u015feklide ahlak ve siyaset konular\u0131nda ilerleme sa\u011flayamam\u0131\u015f bir toplumun, kendi i\u00e7inde bir harmoni olu\u015fturmas\u0131 da beklenecek bir \u015fey de\u011fildir. \u00d6te yandan varl\u0131k alg\u0131s\u0131 ise bir taraftan maddeye \u015fekil verme h\u00fcneri olarak tan\u0131mlanabilecek teknolojinin olu\u015fup olu\u015fmamas\u0131n\u0131 di\u011fer taraftan insan\u0131n maddi ve manevi alanla kuraca\u011f\u0131 ba\u011f\u0131 belirleyecektir.B\u00fct\u00fcn bu alanlarda olacak her t\u00fcr geli\u015fme ve ilerleme bir plana, programa ve y\u00f6nteme ihtiya\u00e7 duymaktad\u0131r. \u00c7\u00fcnk\u00fc as\u0131l olan, do\u011fru bilgi \u00fcretmektir. Do\u011fru bilgiye ise y\u00f6ntemsiz ula\u015f\u0131lamaz. D\u00fcnyan\u0131n geli\u015fmi\u015f olarak nitelendirilen toplumlar\u0131, kendi tarihleri i\u00e7erisinde b\u00f6yle bir s\u00fcre\u00e7ten ge\u00e7mi\u015f ve bug\u00fcnk\u00fc durumlar\u0131na bu \u015fekilde ula\u015fm\u0131\u015flard\u0131r.\u0130\u015fte Yeni\u00e7a\u011f Felsefesi Tarihi, Bat\u0131\u2019n\u0131n ge\u00e7irdi\u011fi bu s\u00fcreci ele almakta ve o co\u011frafyada yeti\u015fen filozoflar\u0131n g\u00f6r\u00fc\u015flerini i\u00e7ermektedir. Bat\u0131 filozoflar\u0131 ilk olarak yukar\u0131da ad\u0131 ge\u00e7en alanlarda do\u011fru bilgiye ula\u015fabilmek i\u00e7in y\u00f6ntemin ne olmas\u0131 gerekti\u011fini sorgulam\u0131\u015f ve b\u00fct\u00fcn alanlarda belli bir y\u00f6ntem do\u011frultusunda bilgi \u00fcretmeye \u00e7al\u0131\u015fm\u0131\u015flard\u0131r. Bu, do\u011fal olarak birdenbire olmam\u0131\u015f, belli bir tarih dilimini kapsam\u0131\u015ft\u0131r.Bilgi, \u00fcretilip insanlar\u0131n zihnine sunuldu\u011fu andan itibaren art\u0131k herkesin ortak mal\u0131d\u0131r, yani evrenseldir. Nerede \u00fcretilirse \u00fcretilsin her toplum geli\u015febilmek, ilerleyebilmek i\u00e7in gerekli olan bilgilere ula\u015fmak zorundad\u0131r. Elinizdeki bu \u00e7al\u0131\u015fman\u0131n haz\u0131rlanmas\u0131ndaki temel ama\u00e7, bu anlamda Bat\u0131 toplumlar\u0131n\u0131n ne t\u00fcr bir s\u00fcre\u00e7ten ge\u00e7tiklerinin anla\u015f\u0131lmas\u0131na ve \u00fcretilen bilgilere ula\u015f\u0131lmas\u0131na katk\u0131 sa\u011flamakt\u0131r.Unutmamak gerekir ki her \u015fey \u00f6nce zihinde ba\u015flar\u2026 <\/p>\n","protected":false},"excerpt":{"rendered":"<p>Bir toplumun geli\u015fmi\u015flik g\u00f6stergesi, o toplumun bilgi, sanat, ahlak, politika ve varl\u0131\u011f\u0131 alg\u0131 bi\u00e7iminin nas\u0131l oldu\u011fuyla \u00f6l\u00e7\u00fclebilir.Bilgi \u00fcretemeyen bir toplumun, di\u011fer toplumlarla ayn\u0131 d\u00fczeyde bir ya\u015fam<span class=\"excerpt-hellip\"> [\u2026]<\/span><\/p>\n","protected":false},"featured_media":0,"template":"","meta":{"_monsterinsights_skip_tracking":false,"_monsterinsights_sitenote_active":false,"_monsterinsights_sitenote_note":"","_monsterinsights_sitenote_category":0},"product_brand":[],"product_cat":[12388,14717],"product_tag":[],"class_list":{"0":"post-716381","1":"product","2":"type-product","3":"status-publish","5":"product_cat-felsefe","6":"product_cat-felsefe-tarihi","7":"pa_cilt-ciltsiz","8":"pa_tur-kitap","9":"pa_yayinevi-bilge-kultur-sanat","10":"pa_yazar-h-omer-ozden-osman-elmali","12":"first","13":"instock","14":"sale","15":"shipping-taxable","16":"purchasable","17":"product-type-simple"},"_links":{"self":[{"href":"https:\/\/roveyayinevi.com.tr\/index.php\/wp-json\/wp\/v2\/product\/716381","targetHints":{"allow":["GET"]}}],"collection":[{"href":"https:\/\/roveyayinevi.com.tr\/index.php\/wp-json\/wp\/v2\/product"}],"about":[{"href":"https:\/\/roveyayinevi.com.tr\/index.php\/wp-json\/wp\/v2\/types\/product"}],"wp:attachment":[{"href":"https:\/\/roveyayinevi.com.tr\/index.php\/wp-json\/wp\/v2\/media?parent=716381"}],"wp:term":[{"taxonomy":"product_brand","embeddable":true,"href":"https:\/\/roveyayinevi.com.tr\/index.php\/wp-json\/wp\/v2\/product_brand?post=716381"},{"taxonomy":"product_cat","embeddable":true,"href":"https:\/\/roveyayinevi.com.tr\/index.php\/wp-json\/wp\/v2\/product_cat?post=716381"},{"taxonomy":"product_tag","embeddable":true,"href":"https:\/\/roveyayinevi.com.tr\/index.php\/wp-json\/wp\/v2\/product_tag?post=716381"}],"curies":[{"name":"wp","href":"https:\/\/api.w.org\/{rel}","templated":true}]}}