{"id":716372,"date":"2025-08-27T17:41:57","date_gmt":"2025-08-27T14:41:57","guid":{"rendered":"https:\/\/roveyayinevi.com.tr\/index.php\/urun\/carpitilan-tarihle-hesaplasma-vahdettin-ve-mustafa-kemal\/"},"modified":"2026-04-16T02:24:37","modified_gmt":"2026-04-15T23:24:37","slug":"carpitilan-tarihle-hesaplasma-vahdettin-ve-mustafa-kemal","status":"publish","type":"product","link":"https:\/\/roveyayinevi.com.tr\/index.php\/urun\/carpitilan-tarihle-hesaplasma-vahdettin-ve-mustafa-kemal\/","title":{"rendered":"\u00c7arp\u0131t\u0131lan Tarihle Hesapla\u015fma &#8211; Vahdettin ve Mustafa Kemal"},"content":{"rendered":"<p>Resm\u00ee tarihe g\u00f6re Sultan Vahdettin, Mill\u00ee M\u00fccadele\u2019ye kar\u015f\u0131 \u00e7\u0131km\u0131\u015f ve sonunda \u0130ngilizlere s\u0131\u011f\u0131nm\u0131\u015f bir haindir. Alternatif tarihe g\u00f6re ise Mill\u00ee M\u00fccadele\u2019yi ba\u015flatm\u0131\u015f ve desteklemi\u015f, yurdundan uzak ya\u015famaya mahk\u00fbm edilmi\u015f mazlum bir padi\u015faht\u0131r. Bu ihtilaf nedeniyledir ki Sultan Vahdettin g\u00fcn\u00fcm\u00fczde de toplumun bir k\u0131sm\u0131 taraf\u0131ndan hain olarak an\u0131l\u0131p lanetlenmekteyken bir k\u0131sm\u0131 taraf\u0131ndan da rahmetle y\u00e2d edilmektedir. Sultan Vahdettin hakk\u0131nda \u00e7ok say\u0131da kitap yaz\u0131lmas\u0131na ra\u011fmen bu kitaplardan pek az\u0131 tarafs\u0131z ve bilimseldir. Bu kitaplar, ger\u00e7e\u011fi ortaya koymad\u0131klar\u0131 gibi bilgi kirlili\u011fine yol a\u00e7m\u0131\u015flar, meseleyi i\u00e7inden \u00e7\u0131k\u0131lmas\u0131 \u00e7ok zor bir h\u00e2le getirmi\u015flerdir. Elinizdeki bu kitap, resm\u00ee tarih ve alternatif tarihin Sultan Vahdettin alg\u0131lar\u0131n\u0131 kar\u015f\u0131la\u015ft\u0131rmak ve hangisinin do\u011fru oldu\u011funa dair cevaplar aramak \u00fczere haz\u0131rlanm\u0131\u015ft\u0131r. Kitapta her okuyucunun kolayl\u0131kla anlayabilmesi i\u00e7in eski kelimelerden uzak, sade ve basit bir dil kullan\u0131lm\u0131\u015f; tamamen kaynaklara ve belgelere dayal\u0131 somut veriler ortaya koymak i\u00e7in b\u00fcy\u00fck bir titizlik g\u00f6sterilmi\u015ftir. Mill\u00ee M\u00fccadele fikrini ilk kim ortaya att\u0131? Mustafa Kemal\u2019i Samsun\u2019a Vahdettin mi g\u00f6nderdi? Vahdettin, Mustafa Kemal\u2019e Mill\u00ee M\u00fccadele\u2019de kullan\u0131lmas\u0131 i\u00e7in k\u0131rk  bin alt\u0131n verdi mi? Mustafa Kemal, Samsun&#8217;a ayak bast\u0131ktan sonra neler ya\u015fand\u0131?Mustafa Kemal&#8217;i \u0130stanbul&#8217;a d\u00f6nmesi i\u00e7in kim \u00e7a\u011f\u0131rd\u0131, \u0130stanbul&#8217;a d\u00f6nmeyen Mustafa Kemal&#8217;in plan\u0131 neydi? Vahdettin Mill\u00ee M\u00fccadele boyunca Mustafa Kemal\u2019e gizli destek verdi mi? Mustafa Kemal&#8217;e ve arkada\u015flar\u0131na y\u00f6nelik \u201cMilliyet\u00e7ileri durdurun!\u201d emrini kim verdi? Vahdettin \u0130ngilizlere devleti i\u015fgal edin diye teklif g\u00f6t\u00fcrd\u00fc m\u00fc? \u0130ngilizler, Mustafa Kemal&#8217;e suikast planlayarak neyi hedefliyorlard\u0131? Mill\u00ee M\u00fccadele kazan\u0131ld\u0131ktan sonra Mustafa Kemal ve Vahdettin cephesinde neler ya\u015fand\u0131? Vahdettin Amerikan ba\u015fkan\u0131na mektup yaz\u0131p T\u00fcrk milletini \u015fik\u00e2yet etti mi? Vahdettin Mondros M\u00fctakeresi\u2019nin imzalanmas\u0131na kar\u015f\u0131 \u00e7\u0131kt\u0131 m\u0131?  Vahdettin ka\u00e7t\u0131 m\u0131, s\u00fcrg\u00fcn m\u00fc edildi? <\/p>\n","protected":false},"excerpt":{"rendered":"<p>Resm\u00ee tarihe g\u00f6re Sultan Vahdettin, Mill\u00ee M\u00fccadele\u2019ye kar\u015f\u0131 \u00e7\u0131km\u0131\u015f ve sonunda \u0130ngilizlere s\u0131\u011f\u0131nm\u0131\u015f bir haindir. Alternatif tarihe g\u00f6re ise Mill\u00ee M\u00fccadele\u2019yi ba\u015flatm\u0131\u015f ve desteklemi\u015f, yurdundan uzak<span class=\"excerpt-hellip\"> [\u2026]<\/span><\/p>\n","protected":false},"featured_media":0,"template":"","meta":{"_monsterinsights_skip_tracking":false,"_monsterinsights_sitenote_active":false,"_monsterinsights_sitenote_note":"","_monsterinsights_sitenote_category":0},"product_brand":[],"product_cat":[12370,12304],"product_tag":[],"class_list":{"0":"post-716372","1":"product","2":"type-product","3":"status-publish","5":"product_cat-arastirma-inceleme","6":"product_cat-tarih","7":"pa_cilt-ciltsiz","8":"pa_tur-kitap","9":"pa_yayinevi-kripto-basim-yayin","10":"pa_yazar-umit-dogan","12":"first","13":"instock","14":"sale","15":"shipping-taxable","16":"purchasable","17":"product-type-simple"},"_links":{"self":[{"href":"https:\/\/roveyayinevi.com.tr\/index.php\/wp-json\/wp\/v2\/product\/716372","targetHints":{"allow":["GET"]}}],"collection":[{"href":"https:\/\/roveyayinevi.com.tr\/index.php\/wp-json\/wp\/v2\/product"}],"about":[{"href":"https:\/\/roveyayinevi.com.tr\/index.php\/wp-json\/wp\/v2\/types\/product"}],"wp:attachment":[{"href":"https:\/\/roveyayinevi.com.tr\/index.php\/wp-json\/wp\/v2\/media?parent=716372"}],"wp:term":[{"taxonomy":"product_brand","embeddable":true,"href":"https:\/\/roveyayinevi.com.tr\/index.php\/wp-json\/wp\/v2\/product_brand?post=716372"},{"taxonomy":"product_cat","embeddable":true,"href":"https:\/\/roveyayinevi.com.tr\/index.php\/wp-json\/wp\/v2\/product_cat?post=716372"},{"taxonomy":"product_tag","embeddable":true,"href":"https:\/\/roveyayinevi.com.tr\/index.php\/wp-json\/wp\/v2\/product_tag?post=716372"}],"curies":[{"name":"wp","href":"https:\/\/api.w.org\/{rel}","templated":true}]}}