{"id":716143,"date":"2025-08-27T17:38:51","date_gmt":"2025-08-27T14:38:51","guid":{"rendered":"https:\/\/roveyayinevi.com.tr\/index.php\/urun\/sanatsal-uyaranlarla-dil-ogretimi\/"},"modified":"2026-04-16T02:24:32","modified_gmt":"2026-04-15T23:24:32","slug":"sanatsal-uyaranlarla-dil-ogretimi","status":"publish","type":"product","link":"https:\/\/roveyayinevi.com.tr\/index.php\/urun\/sanatsal-uyaranlarla-dil-ogretimi\/","title":{"rendered":"Sanatsal Uyaranlarla Dil \u00d6\u011fretimi"},"content":{"rendered":"<p>\u00c7ocuk ve gen\u00e7lik edebiyat\u0131n\u0131n bilimsel bir \u00e7al\u0131\u015fma alan\u0131 olarak yap\u0131lanmas\u0131na d\u00f6n\u00fck kuramsal \u00e7al\u0131\u015fmalar\u0131yla tan\u0131nan Prof. Dr. Sedat Sever\u2019in yeni kitab\u0131Sanatsal Uyaranlarla Dil \u00d6\u011fretimi, dilsel ve g\u00f6rsel uyaranlarla \u00e7ocuklar\u0131n geli\u015fim s\u00fcrecine dair kapsaml\u0131 bir \u00e7al\u0131\u015fma sunuyor.Yazar\u0131n de\u011fi\u015fik sempozyumlarda sundu\u011fu bildirilerden derlenen yedi makaleden olu\u015fan kitap, sonunda yer alan \u201ckitaplar\u0131 de\u011ferlendirme \u00f6l\u00e7e\u011fi\u201d ile hem d\u00fc\u015f\u00fcnce hem de uygulamada ger\u00e7ek bir k\u0131lavuz niteli\u011fi kazan\u0131yor.\u00c7ocuk ve gen\u00e7lerin dil, d\u00fc\u015f\u00fcnce ve duyarl\u0131k e\u011fitimine ilgi duyan ba\u015fta ebeveynler ve \u00f6\u011fretmenler olmak \u00fczere, t\u00fcm ilgililere, bilimsel bir anlay\u0131\u015fla seslenen Prof. Dr. Sever, genel olarak \u201c\u00c7ocuk ve gen\u00e7lerimize okuma k\u00fclt\u00fcr\u00fc kazand\u0131rabilmek i\u00e7in neler yap\u0131lmal\u0131d\u0131r?\u201d sorusuna yan\u0131t ar\u0131yor.Sanatsal Uyaranlarla Dil \u00d6\u011fretimi\u2019nde yer alan makalelerde \u00e7ocu\u011fun \u00e7ok k\u00fc\u00e7\u00fck ya\u015flardan ba\u015flayarak s\u00f6z\u00fcn ve \u00e7izginin esteti\u011fiyle bulu\u015fturulmas\u0131n\u0131n, dilsel becerilerin geli\u015fimi i\u00e7in do\u011fal bir ortam yaratt\u0131\u011f\u0131 vurgulan\u0131yor; e\u011fitim s\u00fcre\u00e7lerinde edebiyat metinleri ve resim, karikat\u00fcr, k\u0131sa film gibi g\u00f6rsel unsurlar\u0131n kullan\u0131m\u0131na y\u00f6nelik ipu\u00e7lar\u0131n\u0131n yan\u0131 s\u0131ra, e\u011fitim ve bilim dilinde T\u00fcrk\u00e7enin geli\u015fimine katk\u0131da bulunacak \u00f6nerilere yer verilirken, demokratik k\u00fclt\u00fcr\u00fcn geli\u015fiminde dil ve edebiyat\u0131n \u00f6nemine de dikkat \u00e7ekiliyor.Dilsel, g\u00f6rsel, i\u015fitsel birer uyaran olarak karikat\u00fcr\u00fcn, k\u0131sa filmin, resmin, m\u00fczi\u011fin duyu alg\u0131lar\u0131n\u0131 \u00f6\u011frenme s\u00fcrecine katan, e\u011fitim ortam\u0131n\u0131 \u00e7ok uyaranl\u0131 niteli\u011fe d\u00f6n\u00fc\u015ft\u00fcren i\u015flevlerini tart\u0131\u015fan Prof. Dr. Sever\u2019in bu kitab\u0131, uyaran zenginli\u011fini \u00f6rneklemesi bak\u0131m\u0131ndan alan\u0131 i\u00e7in de ayr\u0131 bir \u00f6zellik g\u00f6steriyor.Sanatsal Uyaranlarla Dil \u00d6\u011fretimi, \u00fclkemizdeki dil ve edebiyat \u00f6\u011fretiminin sorunlar\u0131n\u0131 ve \u00e7\u00f6z\u00fcm \u00f6nerilerini irdeleyen kimi yaz\u0131lar\u0131yla, \u00e7a\u011fda\u015f bir \u00f6\u011fretimin de ipu\u00e7lar\u0131n\u0131 sunuyor.<\/p>\n","protected":false},"excerpt":{"rendered":"<p>\u00c7ocuk ve gen\u00e7lik edebiyat\u0131n\u0131n bilimsel bir \u00e7al\u0131\u015fma alan\u0131 olarak yap\u0131lanmas\u0131na d\u00f6n\u00fck kuramsal \u00e7al\u0131\u015fmalar\u0131yla tan\u0131nan Prof. Dr. Sedat Sever\u2019in yeni kitab\u0131Sanatsal Uyaranlarla Dil \u00d6\u011fretimi, dilsel ve g\u00f6rsel<span class=\"excerpt-hellip\"> [\u2026]<\/span><\/p>\n","protected":false},"featured_media":0,"template":"","meta":{"_monsterinsights_skip_tracking":false,"_monsterinsights_sitenote_active":false,"_monsterinsights_sitenote_note":"","_monsterinsights_sitenote_category":0},"product_brand":[],"product_cat":[12831,12324],"product_tag":[],"class_list":{"0":"post-716143","1":"product","2":"type-product","3":"status-publish","5":"product_cat-aile-ve-cocuk","6":"product_cat-sosyoloji","7":"pa_cilt-ciltsiz","8":"pa_tur-kitap","9":"pa_yayinevi-tudem-yayinlari","10":"pa_yazar-sedat-sever","12":"first","13":"instock","14":"sale","15":"shipping-taxable","16":"purchasable","17":"product-type-simple"},"_links":{"self":[{"href":"https:\/\/roveyayinevi.com.tr\/index.php\/wp-json\/wp\/v2\/product\/716143","targetHints":{"allow":["GET"]}}],"collection":[{"href":"https:\/\/roveyayinevi.com.tr\/index.php\/wp-json\/wp\/v2\/product"}],"about":[{"href":"https:\/\/roveyayinevi.com.tr\/index.php\/wp-json\/wp\/v2\/types\/product"}],"wp:attachment":[{"href":"https:\/\/roveyayinevi.com.tr\/index.php\/wp-json\/wp\/v2\/media?parent=716143"}],"wp:term":[{"taxonomy":"product_brand","embeddable":true,"href":"https:\/\/roveyayinevi.com.tr\/index.php\/wp-json\/wp\/v2\/product_brand?post=716143"},{"taxonomy":"product_cat","embeddable":true,"href":"https:\/\/roveyayinevi.com.tr\/index.php\/wp-json\/wp\/v2\/product_cat?post=716143"},{"taxonomy":"product_tag","embeddable":true,"href":"https:\/\/roveyayinevi.com.tr\/index.php\/wp-json\/wp\/v2\/product_tag?post=716143"}],"curies":[{"name":"wp","href":"https:\/\/api.w.org\/{rel}","templated":true}]}}