{"id":716101,"date":"2025-08-27T17:38:24","date_gmt":"2025-08-27T14:38:24","guid":{"rendered":"https:\/\/roveyayinevi.com.tr\/index.php\/urun\/erken-cocukluk-ozel-egitimi-el-kitabi\/"},"modified":"2026-04-16T02:24:31","modified_gmt":"2026-04-15T23:24:31","slug":"erken-cocukluk-ozel-egitimi-el-kitabi","status":"publish","type":"product","link":"https:\/\/roveyayinevi.com.tr\/index.php\/urun\/erken-cocukluk-ozel-egitimi-el-kitabi\/","title":{"rendered":"Erken \u00c7ocukluk \u00f6zel E\u011fitimi El Kitab\u0131"},"content":{"rendered":"<p>Erken \u00e7ocukluk e\u011fitimi ve \u00f6zel e\u011fitimden k\u00f6kenini alan ve psikoloji, \u00e7ocuk geli\u015fimi, sosyal hizmetler, sa\u011fl\u0131k bilimleri gibi pek \u00e7ok alandan etkilenen ve bu alanlarla i\u015fbirli\u011fi i\u00e7inde \u00e7al\u0131\u015fan Erken \u00c7ocukluk \u00d6zel E\u011fitimi (E\u00c7\u00d6E), t\u00fcm d\u00fcnyada g\u00f6rece yeni bir aland\u0131r. Amerika Birle\u015fik Devletleri\u2019nde (ABD), 1980\u2019li y\u0131llarda ivme kazanan E\u00c7\u00d6E, 0-8 ya\u015f aral\u0131\u011f\u0131ndaki yetersizli\u011fi ya da geli\u015fim gerili\u011fi olan hatta baz\u0131 eyaletlerde risk alt\u0131nda olan \u00e7ocuklara ve bu \u00e7ocuklar\u0131n ailelerine erken e\u011fitim (0-3 ya\u015f), okul \u00f6ncesi \u00f6zel e\u011fitim (3-5 ya\u015f) ve ilk\u00f6\u011fretimin ilk kademesinde (6-8 ya\u015f) sunulan hizmetleri kapsamaktad\u0131r. Avrupa\u2019da ise genellikle E\u00c7\u00d6E kavram\u0131 yerine Erken \u00c7ocukluk M\u00fcdahalesi (E\u00c7M) kavram\u0131 kullan\u0131lmakta ve bu kavram hem erken m\u00fcdahaleyi hem de okul \u00f6ncesi \u00f6zel e\u011fitimi i\u00e7ine alabilmektedir. Hatta \u00e7o\u011fu \u00fclkede E\u00c7M, do\u011fumdan 6 ya\u015f\u0131na kadar ve baz\u0131 durumlarda ise 8 ya\u015f\u0131na kadar olan m\u00fcdahaleleri kapsamaktad\u0131r.\u015eu anda okumakta oldu\u011funuz \u00e7ok kapsaml\u0131 ve disiplinler aras\u0131 bir bak\u0131\u015f a\u00e7\u0131s\u0131 ile kaleme al\u0131nan bu kitab\u0131n i\u00e7eri\u011fine bak\u0131ld\u0131\u011f\u0131nda, 3 k\u0131s\u0131m ve 29 b\u00f6l\u00fcmden olu\u015ftu\u011funu g\u00f6rebilirsiniz. \u0130lk k\u0131s\u0131m \u201cTarihsel Ba\u011flam ve Temeller\u201d ad\u0131n\u0131 ta\u015f\u0131makta ve iki alt k\u0131s\u0131mdan olu\u015fmaktad\u0131r. Tarihsel Ba\u011flamlar ve Y\u00f6nelimler ad\u0131n\u0131 ta\u015f\u0131yan ilk alt k\u0131s\u0131mda Erken \u00c7ocukluk \u00d6zel E\u011fitiminin Tarih\u00e7esi ile Erken \u00c7ocukluk \u00d6zel E\u011fitimi ve Erken M\u00fcdahalede Kuram\u0131n Rol\u00fc adl\u0131 iki b\u00f6l\u00fcm yer almaktad\u0131r. \u0130kinci alt k\u0131s\u0131m ise Temeller ad\u0131n\u0131 ta\u015f\u0131makta ve Erken \u00c7ocukluk M\u00fcdahalesinde Aile Merkezli Uygulamalar, Durum Belirleme ve \u0130lerleme: Kaliteli Erken \u00c7ocukluk B\u00fct\u00fcnle\u015ftirme Uygulamalar\u0131n\u0131 \u0130\u015fe Ko\u015fmak, Do\u011fumdan 3 Ya\u015fa: Erken M\u00fcdahale, Erken \u00c7ocukluk \u00d6zel E\u011fitiminde De\u011ferlendirme ve Erken \u00c7ocukluk \u00d6zel E\u011fitimi Ba\u011flam\u0131nda Kan\u0131t-Temelli Uygulama adl\u0131 be\u015f b\u00f6l\u00fcm bulunmaktad\u0131r.<\/p>\n","protected":false},"excerpt":{"rendered":"<p>Erken \u00e7ocukluk e\u011fitimi ve \u00f6zel e\u011fitimden k\u00f6kenini alan ve psikoloji, \u00e7ocuk geli\u015fimi, sosyal hizmetler, sa\u011fl\u0131k bilimleri gibi pek \u00e7ok alandan etkilenen ve bu alanlarla i\u015fbirli\u011fi i\u00e7inde<span class=\"excerpt-hellip\"> [\u2026]<\/span><\/p>\n","protected":false},"featured_media":0,"template":"","meta":{"_monsterinsights_skip_tracking":false,"_monsterinsights_sitenote_active":false,"_monsterinsights_sitenote_note":"","_monsterinsights_sitenote_category":0},"product_brand":[],"product_cat":[12573,12566],"product_tag":[],"class_list":{"0":"post-716101","1":"product","2":"type-product","3":"status-publish","5":"product_cat-akademik-kitaplar","6":"product_cat-egitim","7":"pa_cilt-ciltsiz","8":"pa_tur-kitap","9":"pa_yayinevi-ani-yayincilik","10":"pa_yazar-hatice-bakkaloglu","12":"first","13":"instock","14":"sale","15":"shipping-taxable","16":"purchasable","17":"product-type-simple"},"_links":{"self":[{"href":"https:\/\/roveyayinevi.com.tr\/index.php\/wp-json\/wp\/v2\/product\/716101","targetHints":{"allow":["GET"]}}],"collection":[{"href":"https:\/\/roveyayinevi.com.tr\/index.php\/wp-json\/wp\/v2\/product"}],"about":[{"href":"https:\/\/roveyayinevi.com.tr\/index.php\/wp-json\/wp\/v2\/types\/product"}],"wp:attachment":[{"href":"https:\/\/roveyayinevi.com.tr\/index.php\/wp-json\/wp\/v2\/media?parent=716101"}],"wp:term":[{"taxonomy":"product_brand","embeddable":true,"href":"https:\/\/roveyayinevi.com.tr\/index.php\/wp-json\/wp\/v2\/product_brand?post=716101"},{"taxonomy":"product_cat","embeddable":true,"href":"https:\/\/roveyayinevi.com.tr\/index.php\/wp-json\/wp\/v2\/product_cat?post=716101"},{"taxonomy":"product_tag","embeddable":true,"href":"https:\/\/roveyayinevi.com.tr\/index.php\/wp-json\/wp\/v2\/product_tag?post=716101"}],"curies":[{"name":"wp","href":"https:\/\/api.w.org\/{rel}","templated":true}]}}