{"id":716022,"date":"2025-08-27T17:37:22","date_gmt":"2025-08-27T14:37:22","guid":{"rendered":"https:\/\/roveyayinevi.com.tr\/index.php\/urun\/teskilat-i-mahsusa-kafkasya-ve-balkanlarda-operasyonlar\/"},"modified":"2026-04-16T02:24:29","modified_gmt":"2026-04-15T23:24:29","slug":"teskilat-i-mahsusa-kafkasya-ve-balkanlarda-operasyonlar","status":"publish","type":"product","link":"https:\/\/roveyayinevi.com.tr\/index.php\/urun\/teskilat-i-mahsusa-kafkasya-ve-balkanlarda-operasyonlar\/","title":{"rendered":"Te\u015fkilat-\u0131 Mahsusa &#8211; Kafkasya ve Balkanlar\u2019da Operasyonlar"},"content":{"rendered":"<p>Gayrinizami harp&#8230; Osmanl\u0131 ve Cumhuriyet d\u00f6nemi askeri tarihimizin en \u00f6nemli k\u00f6r noktalar\u0131ndan&#8230; Te\u015fkilat-\u0131 Mahsusa ise gayrinizami harp tarihimizde m\u00fcesses bir a\u015fama&#8230; Bir\u00e7o\u011fumuzun g\u00f6z\u00fcnde t\u00fcm operasyonel ve istihbar\u00ee sahaya hakim ezoterik bir \u00f6rg\u00fct, bir bilinmezlikler y\u0131\u011f\u0131n\u0131. Evet, bir\u00e7ok olay\u0131n Te\u015fkilat-\u0131 Mahsusa\u2019n\u0131n ola\u011fand\u0131\u015f\u0131l\u0131\u011f\u0131n\u0131 do\u011frulad\u0131\u011f\u0131 yads\u0131namaz. Yine de di\u011fer tarihi olaylarda oldu\u011fu gibi Te\u015fkilat-\u0131 Mahsusa\u2019n\u0131n da ger\u00e7ek insanlardan olu\u015fan ger\u00e7ek bir ge\u00e7mi\u015fe, k\u00f6\u015feleri olan bir tarihsel maceraya i\u015faret etti\u011fini kabul etmemiz gerekiyor. Yeter ki \u00f6rg\u00fct ideolojik, estetik veya ahlaki kayg\u0131larla de\u011fil konunun do\u011fas\u0131ndan kaynaklanan yan\u0131lt\u0131c\u0131l\u0131\u011fa kar\u015f\u0131 ihtiyatl\u0131 bir \u015fekilde, kaynaklar arac\u0131l\u0131\u011f\u0131yla bizlere seslenen ge\u00e7mi\u015fin pe\u015finden giderek \u00e7al\u0131\u015f\u0131ls\u0131n. Te\u015fkilat-\u0131 Mahsusa ile ilgili en \u00f6nemli kaynaklardan birinin, \u00f6rg\u00fctle organik ba\u011f\u0131 bulunan Arif Cemil Denker oldu\u011fu her t\u00fcrl\u00fc tart\u0131\u015fman\u0131n \u00f6tesindedir. Denker, erken Cumhuriyet d\u00f6neminde, Te\u015fkilat-\u0131 Mahsusa\u2019n\u0131n do\u011frudan devam\u0131 say\u0131labilecek \u00f6rg\u00fctlerin tarih sahnesinden silinmesinden yakla\u015f\u0131k 10 sene sonra Te\u015fkilat-\u0131 Mahsusa hakk\u0131nda ilk tefrikay\u0131 kaleme alm\u0131\u015ft\u0131r. Bu \u00f6nemine binaen, \u00fclkemizdeki gayrinizami harp tarihi \u00e7al\u0131\u015fmalar\u0131n\u0131n do\u011fru bir mecrada seyretmesine yard\u0131mc\u0131 olmay\u0131 ve bunlar\u0131 herkes i\u00e7in eri\u015filebilir k\u0131lmay\u0131 ama\u00e7layarak haz\u0131rlad\u0131\u011f\u0131m\u0131z Gizli Te\u015fkilatlar Serisi\u2019ne Denker\u2019in Umum-i Harp\u2019te Te\u015fkilat-\u0131 Mahsusa ad\u0131yla kaleme ald\u0131\u011f\u0131 tefrikas\u0131yla ba\u015fl\u0131yoruz. Denker bu kritik \u00e7al\u0131\u015fmas\u0131nda, bat\u0131da \u0130spanya\u2019dan do\u011fuda \u00c7in ve Endonezya\u2019ya, kuzeyde Rusya\u2019dan g\u00fcneyde Sudan\u2019a kadar olduk\u00e7a geni\u015f bir operasyonel co\u011frafyada varl\u0131k g\u00f6steren Te\u015fkilat-\u0131 Mahsusa\u2019n\u0131n Kafkasya ve Balkanlar\u2019daki faaliyetlerine mercek tutmu\u015ftur. Askeri tarih\u00e7i \u2013 yazar Erhan \u00c7ifci ise yay\u0131mland\u0131\u011f\u0131 d\u00f6nemin \u015fartlar\u0131nda gayet ak\u0131c\u0131 bir \u00fcslupla kaleme al\u0131nm\u0131\u015f olsa da art\u0131k anla\u015f\u0131lmas\u0131 zorla\u015fan bu \u00e7al\u0131\u015fmay\u0131 titiz edisyonuyla \u00e7ok daha anla\u015f\u0131l\u0131r ve kullan\u0131\u015fl\u0131 bir hale getirmi\u015ftir. Te\u015fkilat-\u0131 Mahsusa: Kafkasya ve Balkanlar\u2019da Operasyonlar ad\u0131yla yeniden piyasaya sundu\u011fumuz bu \u00e7al\u0131\u015fma umut ediyoruz ki Arif Cemil\u2019e literat\u00fcrde hak etti\u011fi sayg\u0131nl\u0131\u011f\u0131 kazand\u0131racakt\u0131r. <\/p>\n","protected":false},"excerpt":{"rendered":"<p>Gayrinizami harp&#8230; Osmanl\u0131 ve Cumhuriyet d\u00f6nemi askeri tarihimizin en \u00f6nemli k\u00f6r noktalar\u0131ndan&#8230; Te\u015fkilat-\u0131 Mahsusa ise gayrinizami harp tarihimizde m\u00fcesses bir a\u015fama&#8230; Bir\u00e7o\u011fumuzun g\u00f6z\u00fcnde t\u00fcm operasyonel ve<span class=\"excerpt-hellip\"> [\u2026]<\/span><\/p>\n","protected":false},"featured_media":0,"template":"","meta":{"_monsterinsights_skip_tracking":false,"_monsterinsights_sitenote_active":false,"_monsterinsights_sitenote_note":"","_monsterinsights_sitenote_category":0},"product_brand":[],"product_cat":[12312,12304],"product_tag":[],"class_list":{"0":"post-716022","1":"product","2":"type-product","3":"status-publish","5":"product_cat-diger","6":"product_cat-tarih","7":"pa_cilt-ciltsiz","8":"pa_tur-kitap","9":"pa_yayinevi-kronik-kitap","10":"pa_yazar-arif-cemil-denker","12":"first","13":"instock","14":"sale","15":"shipping-taxable","16":"purchasable","17":"product-type-simple"},"_links":{"self":[{"href":"https:\/\/roveyayinevi.com.tr\/index.php\/wp-json\/wp\/v2\/product\/716022","targetHints":{"allow":["GET"]}}],"collection":[{"href":"https:\/\/roveyayinevi.com.tr\/index.php\/wp-json\/wp\/v2\/product"}],"about":[{"href":"https:\/\/roveyayinevi.com.tr\/index.php\/wp-json\/wp\/v2\/types\/product"}],"wp:attachment":[{"href":"https:\/\/roveyayinevi.com.tr\/index.php\/wp-json\/wp\/v2\/media?parent=716022"}],"wp:term":[{"taxonomy":"product_brand","embeddable":true,"href":"https:\/\/roveyayinevi.com.tr\/index.php\/wp-json\/wp\/v2\/product_brand?post=716022"},{"taxonomy":"product_cat","embeddable":true,"href":"https:\/\/roveyayinevi.com.tr\/index.php\/wp-json\/wp\/v2\/product_cat?post=716022"},{"taxonomy":"product_tag","embeddable":true,"href":"https:\/\/roveyayinevi.com.tr\/index.php\/wp-json\/wp\/v2\/product_tag?post=716022"}],"curies":[{"name":"wp","href":"https:\/\/api.w.org\/{rel}","templated":true}]}}