{"id":716021,"date":"2025-08-27T17:37:21","date_gmt":"2025-08-27T14:37:21","guid":{"rendered":"https:\/\/roveyayinevi.com.tr\/index.php\/urun\/serif-huseyin-buyuk-oyunun-kucuk-aktoru\/"},"modified":"2026-04-16T02:24:29","modified_gmt":"2026-04-15T23:24:29","slug":"serif-huseyin-buyuk-oyunun-kucuk-aktoru","status":"publish","type":"product","link":"https:\/\/roveyayinevi.com.tr\/index.php\/urun\/serif-huseyin-buyuk-oyunun-kucuk-aktoru\/","title":{"rendered":"\u015eerif H\u00fcseyin &#8211; B\u00fcy\u00fck Oyun\u2019un K\u00fc\u00e7\u00fck Akt\u00f6r\u00fc"},"content":{"rendered":"<p>Osmanl\u0131 tarihinde bir seferde ya\u015fanan en b\u00fcy\u00fck toprak kayb\u0131 Haziran 1916\u2019da \u015eerif H\u00fcseyin\u2019in liderli\u011fini yapt\u0131\u011f\u0131 Arap \u0130syan\u0131 ile ger\u00e7ekle\u015fmi\u015ftir. \u0130syan \u0130ngilizlerle i\u015f birli\u011fi yapan \u015eerif H\u00fcseyin, d\u00f6rt o\u011flu ve merkez kararg\u00e2hlar\u0131 \u015eam\u2019da bulunan Arap milliyet\u00e7ileri taraf\u0131ndan \u00f6rg\u00fctlenmi\u015f ve Orta Arabistan\u2019daki Suudlar dahil Yar\u0131mada\u2019n\u0131n hemen her vahas\u0131nda yak\u0131lan \u00e7oban ate\u015flerinin birle\u015fiminden olu\u015fmu\u015ftur. Nitekim isyan\u0131n \u00f6nemli etkisiyle de Arap Yar\u0131madas\u0131 Osmanl\u0131 Devleti\u2019nden kopmaya ba\u015flam\u0131\u015ft\u0131r. Bu dramatik olay sadece Yar\u0131mada\u2019y\u0131 T\u00fcrk idaresinden ay\u0131rmam\u0131\u015f, beraberinde bir dizi felaketi ve sonu belirsiz savrulmay\u0131 da getirmi\u015ftir. Ancak hem isyan\u0131n hem de Birinci D\u00fcnya Sava\u015f\u0131\u2019n\u0131n \u00fczerinden y\u00fcz y\u0131l ge\u00e7mesine ra\u011fmen gerek asilerin eleba\u015f\u0131 \u015eerif H\u00fcseyin ile isyan\u0131n\u0131n geli\u015fimi ve ger\u00e7ekle\u015fme s\u00fcreciyle ilgili, gerekse isyan\u0131n kapsam\u0131 hakk\u0131nda tart\u0131\u015fmalar halen devam etmektedir. Daha \u00f6nce \u0130ngiliz Ar\u015fiv Belgelerinde Arap \u0130syan\u0131 adl\u0131 kitab\u0131yla isyan\u0131 t\u00fcm boyutlar\u0131yla ele alan \u0130smail K\u00f6se, bu kez merce\u011fini \u015eerif H\u00fcseyin\u2019e \u00e7eviriyor. Daha \u00f6nce benzeri g\u00f6r\u00fclmemi\u015f bir titizli\u011fe sahip olan \u015eerif H\u00fcseyin adl\u0131 bu \u00e7al\u0131\u015fma, \u00f6nce \u0130ngiltere ve Arap Yar\u0131madas\u0131 \u00fczerine e\u011filiyor. \u015eerif H\u00fcseyin\u2019in Hicaz emirli\u011fi ve emirlik g\u00f6revindeyken icra etti\u011fi faaliyetleriyle ilerliyor. Arap Yar\u0131madas\u0131\u2019ndaki g\u00fc\u00e7 m\u00fccadelesini t\u00fcm gerilimiyle hissettiren kitap, \u015eerif H\u00fcseyin\u2019in Hicaz Cep Krall\u0131\u011f\u0131 ve bu krall\u0131\u011f\u0131n Suud i\u015fgaliyle son bulmas\u0131n\u0131 derinlemesine anlat\u0131yor. Son b\u00f6l\u00fcmdeyse \u015eerif H\u00fcseyin&#8217;in s\u00fcrg\u00fcn y\u0131llar\u0131 ele al\u0131n\u0131yor.\u015eerif H\u00fcseyin\u2019in kontrol edilemez h\u0131rslarla ba\u015flayan ancak ne kendisinin ne de destek\u00e7ilerinin \u00f6ng\u00f6remedi\u011fi \u00f6l\u00e7\u00fcde b\u00fcy\u00fck bir h\u00fcsranla biten ya\u015fam \u00f6yk\u00fcs\u00fc, b\u00fct\u00fcn \u00e7\u0131plakl\u0131\u011f\u0131yla bu \u00e7al\u0131\u015fmada yer al\u0131yor&#8230;<\/p>\n","protected":false},"excerpt":{"rendered":"<p>Osmanl\u0131 tarihinde bir seferde ya\u015fanan en b\u00fcy\u00fck toprak kayb\u0131 Haziran 1916\u2019da \u015eerif H\u00fcseyin\u2019in liderli\u011fini yapt\u0131\u011f\u0131 Arap \u0130syan\u0131 ile ger\u00e7ekle\u015fmi\u015ftir. \u0130syan \u0130ngilizlerle i\u015f birli\u011fi yapan \u015eerif H\u00fcseyin,<span class=\"excerpt-hellip\"> [\u2026]<\/span><\/p>\n","protected":false},"featured_media":0,"template":"","meta":{"_monsterinsights_skip_tracking":false,"_monsterinsights_sitenote_active":false,"_monsterinsights_sitenote_note":"","_monsterinsights_sitenote_category":0},"product_brand":[],"product_cat":[12305,12304],"product_tag":[],"class_list":{"0":"post-716021","1":"product","2":"type-product","3":"status-publish","5":"product_cat-dunya-tarihi","6":"product_cat-tarih","7":"pa_cilt-ciltsiz","8":"pa_tur-kitap","9":"pa_yayinevi-kronik-kitap","10":"pa_yazar-ismail-kose","12":"first","13":"instock","14":"sale","15":"shipping-taxable","16":"purchasable","17":"product-type-simple"},"_links":{"self":[{"href":"https:\/\/roveyayinevi.com.tr\/index.php\/wp-json\/wp\/v2\/product\/716021","targetHints":{"allow":["GET"]}}],"collection":[{"href":"https:\/\/roveyayinevi.com.tr\/index.php\/wp-json\/wp\/v2\/product"}],"about":[{"href":"https:\/\/roveyayinevi.com.tr\/index.php\/wp-json\/wp\/v2\/types\/product"}],"wp:attachment":[{"href":"https:\/\/roveyayinevi.com.tr\/index.php\/wp-json\/wp\/v2\/media?parent=716021"}],"wp:term":[{"taxonomy":"product_brand","embeddable":true,"href":"https:\/\/roveyayinevi.com.tr\/index.php\/wp-json\/wp\/v2\/product_brand?post=716021"},{"taxonomy":"product_cat","embeddable":true,"href":"https:\/\/roveyayinevi.com.tr\/index.php\/wp-json\/wp\/v2\/product_cat?post=716021"},{"taxonomy":"product_tag","embeddable":true,"href":"https:\/\/roveyayinevi.com.tr\/index.php\/wp-json\/wp\/v2\/product_tag?post=716021"}],"curies":[{"name":"wp","href":"https:\/\/api.w.org\/{rel}","templated":true}]}}