{"id":715902,"date":"2025-08-27T17:36:05","date_gmt":"2025-08-27T14:36:05","guid":{"rendered":"https:\/\/roveyayinevi.com.tr\/index.php\/urun\/cagimizda-metafizik-sorunu\/"},"modified":"2026-04-16T02:23:57","modified_gmt":"2026-04-15T23:23:57","slug":"cagimizda-metafizik-sorunu","status":"publish","type":"product","link":"https:\/\/roveyayinevi.com.tr\/index.php\/urun\/cagimizda-metafizik-sorunu\/","title":{"rendered":"\u00c7a\u011f\u0131m\u0131zda Metafizik Sorunu"},"content":{"rendered":"<p>\u0130Y\u0130, Sevgi, \u00c7a\u011f\u0131m\u0131zda Metafizik Sorunu, 201820. y\u00fczy\u0131lda metafizik sorununa y\u00f6nelik yakla\u015f\u0131mlarda \u00f6nyarg\u0131l\u0131 bir tutum g\u00f6ze \u00e7arpmaktad\u0131r. Y\u00fczy\u0131l\u0131m\u0131zda metafizi\u011fe ili\u015fkin ortaya \u00e7\u0131kan bu olgu kar\u015f\u0131s\u0131nda ara\u015ft\u0131r\u0131lmas\u0131 d\u00fc\u015f\u00fcn\u00fclen soru \u015f\u00f6yle dile getirilebilir: \u2018Metafizik\u2019 kavram\u0131n\u0131 belirli bir y\u00f6nde i\u00e7eriklendirerek metafizi\u011fe kar\u015f\u0131 \u00e7\u0131kmak ya da tersine, metafizi\u011fi savunmak ne \u00f6l\u00e7\u00fcde bilgisel bir temele oturtulabilir? \u201cMetafizik Nedir?\u201d sorusuna, metafizi\u011fe olumlu ya da olumsuz de\u011fer y\u00fcklenmeksizin yan\u0131t verilemez mi? Ayr\u0131ca 20. y\u00fczy\u0131l\u0131n bu olgusuna kaynakl\u0131k eden bu bilim-metafizik kar\u015f\u0131tl\u0131\u011f\u0131 d\u00fc\u015f\u00fcncesinin dayana\u011f\u0131 nedir? Bu kitapta 20. y\u00fczy\u0131lda metafizik sorununa ayr\u0131nt\u0131l\u0131 \u015fekilde e\u011filmi\u015f \u00fc\u00e7 filozofun Bergson, Heidegger ve Carnap\u2019\u0131n d\u00fc\u015f\u00fcnceleri \u00fczerinde durulmaktad\u0131r. <\/p>\n","protected":false},"excerpt":{"rendered":"<p>\u0130Y\u0130, Sevgi, \u00c7a\u011f\u0131m\u0131zda Metafizik Sorunu, 201820. y\u00fczy\u0131lda metafizik sorununa y\u00f6nelik yakla\u015f\u0131mlarda \u00f6nyarg\u0131l\u0131 bir tutum g\u00f6ze \u00e7arpmaktad\u0131r. Y\u00fczy\u0131l\u0131m\u0131zda metafizi\u011fe ili\u015fkin ortaya \u00e7\u0131kan bu olgu kar\u015f\u0131s\u0131nda ara\u015ft\u0131r\u0131lmas\u0131 d\u00fc\u015f\u00fcn\u00fclen<span class=\"excerpt-hellip\"> [\u2026]<\/span><\/p>\n","protected":false},"featured_media":0,"template":"","meta":{"_monsterinsights_skip_tracking":false,"_monsterinsights_sitenote_active":false,"_monsterinsights_sitenote_note":"","_monsterinsights_sitenote_category":0},"product_brand":[],"product_cat":[12389,12388],"product_tag":[],"class_list":{"0":"post-715902","1":"product","2":"type-product","3":"status-publish","5":"product_cat-diger-felsefe","6":"product_cat-felsefe","7":"pa_cilt-ciltsiz","8":"pa_tur-kitap","9":"pa_yayinevi-turkiye-felsefe-kurumu","10":"pa_yazar-sevgi-iyi","12":"first","13":"instock","14":"sale","15":"shipping-taxable","16":"purchasable","17":"product-type-simple"},"_links":{"self":[{"href":"https:\/\/roveyayinevi.com.tr\/index.php\/wp-json\/wp\/v2\/product\/715902","targetHints":{"allow":["GET"]}}],"collection":[{"href":"https:\/\/roveyayinevi.com.tr\/index.php\/wp-json\/wp\/v2\/product"}],"about":[{"href":"https:\/\/roveyayinevi.com.tr\/index.php\/wp-json\/wp\/v2\/types\/product"}],"wp:attachment":[{"href":"https:\/\/roveyayinevi.com.tr\/index.php\/wp-json\/wp\/v2\/media?parent=715902"}],"wp:term":[{"taxonomy":"product_brand","embeddable":true,"href":"https:\/\/roveyayinevi.com.tr\/index.php\/wp-json\/wp\/v2\/product_brand?post=715902"},{"taxonomy":"product_cat","embeddable":true,"href":"https:\/\/roveyayinevi.com.tr\/index.php\/wp-json\/wp\/v2\/product_cat?post=715902"},{"taxonomy":"product_tag","embeddable":true,"href":"https:\/\/roveyayinevi.com.tr\/index.php\/wp-json\/wp\/v2\/product_tag?post=715902"}],"curies":[{"name":"wp","href":"https:\/\/api.w.org\/{rel}","templated":true}]}}