{"id":715778,"date":"2025-08-27T17:34:46","date_gmt":"2025-08-27T14:34:46","guid":{"rendered":"https:\/\/roveyayinevi.com.tr\/index.php\/urun\/the-ortak-hepiniz-oradaydiniz-belgeseli\/"},"modified":"2026-04-16T02:23:55","modified_gmt":"2026-04-15T23:23:55","slug":"the-ortak-hepiniz-oradaydiniz-belgeseli","status":"publish","type":"product","link":"https:\/\/roveyayinevi.com.tr\/index.php\/urun\/the-ortak-hepiniz-oradaydiniz-belgeseli\/","title":{"rendered":"The Ortak &#8211; Hepiniz Oradayd\u0131n\u0131z Belgeseli"},"content":{"rendered":"<p>Cumhurba\u015fkan\u0131 Erdo\u011fan 3 A\u011fustos 2016\u2019da Din \u015euras\u0131\u2019nda yapt\u0131\u011f\u0131 konu\u015fmada FE T\u00d6\/PDY i\u00e7in \u201cayn\u0131 menzile giden farkl\u0131 yollardan biri olarak g\u00f6rd\u00fc\u011f\u00fcm\u00fcz bu yap\u0131\u201d tan\u0131mlamas\u0131n\u0131 kullanarak \u201chedef birli\u011fi\u201d i\u00e7inde olduklar\u0131n\u0131 itiraf etmi\u015ftir. AKP iktidar\u0131 bu menzile varmak, nihai a\u015famada demokratik laik parlamenter sistemi de\u011fi\u015ftirecek anayasal de\u011fi\u015fikliklerin \u00f6n\u00fcn\u00fc a\u00e7mak i\u00e7in FE T\u00d6\/PDY ile uzun y\u0131llar su\u00e7 ortakl\u0131\u011f\u0131 yapm\u0131\u015f ve her ad\u0131m\u0131n\u0131 \u201caskeri vesayetin sona erdirilmesi ve demokratikle\u015fme\u201d slogan\u0131yla tan\u0131mlad\u0131klar\u0131 a\u015famal\u0131 bir plan uygulamaya koymu\u015ftur. <\/p>\n","protected":false},"excerpt":{"rendered":"<p>Cumhurba\u015fkan\u0131 Erdo\u011fan 3 A\u011fustos 2016\u2019da Din \u015euras\u0131\u2019nda yapt\u0131\u011f\u0131 konu\u015fmada FE T\u00d6\/PDY i\u00e7in \u201cayn\u0131 menzile giden farkl\u0131 yollardan biri olarak g\u00f6rd\u00fc\u011f\u00fcm\u00fcz bu yap\u0131\u201d tan\u0131mlamas\u0131n\u0131 kullanarak \u201chedef birli\u011fi\u201d<span class=\"excerpt-hellip\"> [\u2026]<\/span><\/p>\n","protected":false},"featured_media":0,"template":"","meta":{"_monsterinsights_skip_tracking":false,"_monsterinsights_sitenote_active":false,"_monsterinsights_sitenote_note":"","_monsterinsights_sitenote_category":0},"product_brand":[],"product_cat":[13059,12337],"product_tag":[],"class_list":{"0":"post-715778","1":"product","2":"type-product","3":"status-publish","5":"product_cat-diger-politika-siyaset","6":"product_cat-politika-siyaset","7":"pa_cilt-ciltsiz","8":"pa_tur-kitap","9":"pa_yayinevi-kirmizi-kedi-yayinevi","10":"pa_yazar-aykut-kucukkaya","12":"first","13":"instock","14":"sale","15":"shipping-taxable","16":"purchasable","17":"product-type-simple"},"_links":{"self":[{"href":"https:\/\/roveyayinevi.com.tr\/index.php\/wp-json\/wp\/v2\/product\/715778","targetHints":{"allow":["GET"]}}],"collection":[{"href":"https:\/\/roveyayinevi.com.tr\/index.php\/wp-json\/wp\/v2\/product"}],"about":[{"href":"https:\/\/roveyayinevi.com.tr\/index.php\/wp-json\/wp\/v2\/types\/product"}],"wp:attachment":[{"href":"https:\/\/roveyayinevi.com.tr\/index.php\/wp-json\/wp\/v2\/media?parent=715778"}],"wp:term":[{"taxonomy":"product_brand","embeddable":true,"href":"https:\/\/roveyayinevi.com.tr\/index.php\/wp-json\/wp\/v2\/product_brand?post=715778"},{"taxonomy":"product_cat","embeddable":true,"href":"https:\/\/roveyayinevi.com.tr\/index.php\/wp-json\/wp\/v2\/product_cat?post=715778"},{"taxonomy":"product_tag","embeddable":true,"href":"https:\/\/roveyayinevi.com.tr\/index.php\/wp-json\/wp\/v2\/product_tag?post=715778"}],"curies":[{"name":"wp","href":"https:\/\/api.w.org\/{rel}","templated":true}]}}