{"id":715776,"date":"2025-08-27T17:34:45","date_gmt":"2025-08-27T14:34:45","guid":{"rendered":"https:\/\/roveyayinevi.com.tr\/index.php\/urun\/adnanin-tek-tasi\/"},"modified":"2026-04-16T02:23:55","modified_gmt":"2026-04-15T23:23:55","slug":"adnanin-tek-tasi","status":"publish","type":"product","link":"https:\/\/roveyayinevi.com.tr\/index.php\/urun\/adnanin-tek-tasi\/","title":{"rendered":"Adnan&#8217;\u0131n Tek Ta\u015f\u0131"},"content":{"rendered":"<p>Adnanc\u0131 fuhu\u015f ve \u015fantaj mafyas\u0131, FE T\u00d6\u2019n\u00fcn kumpas kurmak i\u00e7in kulland\u0131\u011f\u0131 \u201cteknisyen ekibi\u201ddir. Adnanc\u0131lar FE T\u00d6\u2019ye teknik destek sa\u011flard\u0131; yani kurbanlar\u0131 izlemeye, dinlemeye, sesli ve g\u00f6r\u00fcnt\u00fcl\u00fc kaydetmeye, haklar\u0131nda \u00e7akma kan\u0131t \u00fcretmeye hizmet ederlerdi. Bu hizmetin kar\u015f\u0131l\u0131\u011f\u0131nda da FE T\u00d6\u2019c\u00fc savc\u0131 ve yarg\u0131\u00e7lar, zaman zaman d\u00fcr\u00fcst emniyet\u00e7ilerin eline d\u00fc\u015fen Adnan Oktar ile bendelerini kollar, haklar\u0131nda hasbelkader \u00e7\u0131kan mahk\u00fbmiyet kararlar\u0131n\u0131 Yarg\u0131tay\u2019daki FE T\u00d6 yap\u0131lanmas\u0131 bozar, baz\u0131 davalar\u0131 da zaman a\u015f\u0131m\u0131na u\u011fratp \u00e7eteyi kurtar\u0131rlard\u0131!<\/p>\n","protected":false},"excerpt":{"rendered":"<p>Adnanc\u0131 fuhu\u015f ve \u015fantaj mafyas\u0131, FE T\u00d6\u2019n\u00fcn kumpas kurmak i\u00e7in kulland\u0131\u011f\u0131 \u201cteknisyen ekibi\u201ddir. Adnanc\u0131lar FE T\u00d6\u2019ye teknik destek sa\u011flard\u0131; yani kurbanlar\u0131 izlemeye, dinlemeye, sesli ve g\u00f6r\u00fcnt\u00fcl\u00fc<span class=\"excerpt-hellip\"> [\u2026]<\/span><\/p>\n","protected":false},"featured_media":0,"template":"","meta":{"_monsterinsights_skip_tracking":false,"_monsterinsights_sitenote_active":false,"_monsterinsights_sitenote_note":"","_monsterinsights_sitenote_category":0},"product_brand":[],"product_cat":[31194,12337],"product_tag":[],"class_list":{"0":"post-715776","1":"product","2":"type-product","3":"status-publish","5":"product_cat-guncel-siyaset","6":"product_cat-politika-siyaset","7":"pa_cilt-ciltsiz","8":"pa_tur-kitap","9":"pa_yayinevi-kirmizi-kedi-yayinevi","10":"pa_yazar-m-g-kirikkanat","12":"first","13":"instock","14":"sale","15":"shipping-taxable","16":"purchasable","17":"product-type-simple"},"_links":{"self":[{"href":"https:\/\/roveyayinevi.com.tr\/index.php\/wp-json\/wp\/v2\/product\/715776","targetHints":{"allow":["GET"]}}],"collection":[{"href":"https:\/\/roveyayinevi.com.tr\/index.php\/wp-json\/wp\/v2\/product"}],"about":[{"href":"https:\/\/roveyayinevi.com.tr\/index.php\/wp-json\/wp\/v2\/types\/product"}],"wp:attachment":[{"href":"https:\/\/roveyayinevi.com.tr\/index.php\/wp-json\/wp\/v2\/media?parent=715776"}],"wp:term":[{"taxonomy":"product_brand","embeddable":true,"href":"https:\/\/roveyayinevi.com.tr\/index.php\/wp-json\/wp\/v2\/product_brand?post=715776"},{"taxonomy":"product_cat","embeddable":true,"href":"https:\/\/roveyayinevi.com.tr\/index.php\/wp-json\/wp\/v2\/product_cat?post=715776"},{"taxonomy":"product_tag","embeddable":true,"href":"https:\/\/roveyayinevi.com.tr\/index.php\/wp-json\/wp\/v2\/product_tag?post=715776"}],"curies":[{"name":"wp","href":"https:\/\/api.w.org\/{rel}","templated":true}]}}