{"id":715742,"date":"2025-08-27T17:34:24","date_gmt":"2025-08-27T14:34:24","guid":{"rendered":"https:\/\/roveyayinevi.com.tr\/index.php\/urun\/akrep-darbesi-turk-kartallar-timi\/"},"modified":"2026-04-16T02:23:54","modified_gmt":"2026-04-15T23:23:54","slug":"akrep-darbesi-turk-kartallar-timi","status":"publish","type":"product","link":"https:\/\/roveyayinevi.com.tr\/index.php\/urun\/akrep-darbesi-turk-kartallar-timi\/","title":{"rendered":"Akrep Darbesi &#8211; T\u00fcrk Kartallar Timi"},"content":{"rendered":"<p>Kom\u015fu \u00fclkenin n\u00fckleer proje \u00e7al\u0131\u015fmalar\u0131n\u0131n i\u00e7ine s\u0131zm\u0131\u015f T\u00fcrk ajan\u0131 yakalanm\u0131\u015ft\u0131. Bu \u00fclkenin Ortado\u011fu i\u00e7in haz\u0131rlad\u0131\u011f\u0131 s\u00f6zde kaderi plan her haliyle ortaya d\u00f6k\u00fclm\u00fc\u015f ve ajan\u0131n yan\u0131ndaki \u00fc\u00e7 di\u011fer m\u00fchendis ile birlikte y\u00fczlerdeki perde kalkm\u0131\u015ft\u0131. Hainler, i\u00e7eride T\u00fcrkiye\u2019yi kar\u0131\u015ft\u0131racak b\u00fcy\u00fck bir darbeye kalk\u0131\u015f\u0131rken d\u0131\u015far\u0131da da ilk ad\u0131m olarak T\u00fcrk B\u00fcy\u00fckel\u00e7isini bu m\u00fchendislere kar\u015f\u0131 koz olarak kullanmak i\u00e7in ka\u00e7\u0131rm\u0131\u015flard\u0131. Her \u015fey o kadar \u00e7abuk geli\u015fmi\u015fti ki&#8230; T\u00fcrk B\u00fcy\u00fckel\u00e7isinin ka\u00e7\u0131r\u0131l\u0131\u015f\u0131 ile ilgili Serkan Komutan\u2019a gelen bilgiler hi\u00e7 de i\u00e7 a\u00e7\u0131c\u0131 de\u011fildi. B\u00fcy\u00fckel\u00e7iye kar\u015f\u0131 istenenler kabul edilemezdi. Millete kar\u015f\u0131 yap\u0131lan bu zulm\u00fc ancak bu topra\u011f\u0131n \u00e7ocuklar\u0131 olan \u201c\u00d6zg\u00fcrl\u00fck Sava\u015f\u00e7\u0131lar\u0131 Kartallar Timi\u201d engelleyebilirdi. \u201cKurtulaca\u011f\u0131z!\u201d dedi. Sevdi\u011finin sa\u00e7lar\u0131n\u0131 can ba\u011f\u0131\u015flamak ister gibi ok\u015fad\u0131. \u201cBurada \u00f6lmeyece\u011fiz. \u00c7ocuklar\u0131m\u0131z i\u00e7in \u00fclkemiz i\u00e7in kurtulaca\u011f\u0131z! Bu akrep darbesinin \u00fcstesinden gelece\u011fiz.\u201d <\/p>\n","protected":false},"excerpt":{"rendered":"<p>Kom\u015fu \u00fclkenin n\u00fckleer proje \u00e7al\u0131\u015fmalar\u0131n\u0131n i\u00e7ine s\u0131zm\u0131\u015f T\u00fcrk ajan\u0131 yakalanm\u0131\u015ft\u0131. Bu \u00fclkenin Ortado\u011fu i\u00e7in haz\u0131rlad\u0131\u011f\u0131 s\u00f6zde kaderi plan her haliyle ortaya d\u00f6k\u00fclm\u00fc\u015f ve ajan\u0131n yan\u0131ndaki \u00fc\u00e7<span class=\"excerpt-hellip\"> [\u2026]<\/span><\/p>\n","protected":false},"featured_media":0,"template":"","meta":{"_monsterinsights_skip_tracking":false,"_monsterinsights_sitenote_active":false,"_monsterinsights_sitenote_note":"","_monsterinsights_sitenote_category":0},"product_brand":[],"product_cat":[12803,12291],"product_tag":[],"class_list":{"0":"post-715742","1":"product","2":"type-product","3":"status-publish","5":"product_cat-aksiyon-macera","6":"product_cat-edebiyat","7":"pa_cilt-ciltsiz","8":"pa_tur-kitap","9":"pa_yayinevi-hayat-yayinlari","10":"pa_yazar-h-salih-zengin","12":"first","13":"instock","14":"sale","15":"shipping-taxable","16":"purchasable","17":"product-type-simple"},"_links":{"self":[{"href":"https:\/\/roveyayinevi.com.tr\/index.php\/wp-json\/wp\/v2\/product\/715742","targetHints":{"allow":["GET"]}}],"collection":[{"href":"https:\/\/roveyayinevi.com.tr\/index.php\/wp-json\/wp\/v2\/product"}],"about":[{"href":"https:\/\/roveyayinevi.com.tr\/index.php\/wp-json\/wp\/v2\/types\/product"}],"wp:attachment":[{"href":"https:\/\/roveyayinevi.com.tr\/index.php\/wp-json\/wp\/v2\/media?parent=715742"}],"wp:term":[{"taxonomy":"product_brand","embeddable":true,"href":"https:\/\/roveyayinevi.com.tr\/index.php\/wp-json\/wp\/v2\/product_brand?post=715742"},{"taxonomy":"product_cat","embeddable":true,"href":"https:\/\/roveyayinevi.com.tr\/index.php\/wp-json\/wp\/v2\/product_cat?post=715742"},{"taxonomy":"product_tag","embeddable":true,"href":"https:\/\/roveyayinevi.com.tr\/index.php\/wp-json\/wp\/v2\/product_tag?post=715742"}],"curies":[{"name":"wp","href":"https:\/\/api.w.org\/{rel}","templated":true}]}}