{"id":715723,"date":"2025-08-27T17:34:13","date_gmt":"2025-08-27T14:34:13","guid":{"rendered":"https:\/\/roveyayinevi.com.tr\/index.php\/urun\/karsi-atesler-ii-avrupa-sosyal-hareketi-icin\/"},"modified":"2026-04-16T02:23:53","modified_gmt":"2026-04-15T23:23:53","slug":"karsi-atesler-ii-avrupa-sosyal-hareketi-icin","status":"publish","type":"product","link":"https:\/\/roveyayinevi.com.tr\/index.php\/urun\/karsi-atesler-ii-avrupa-sosyal-hareketi-icin\/","title":{"rendered":"Kar\u015f\u0131 Ate\u015fler II &#8211; Avrupa Sosyal Hareketi \u0130\u00e7in"},"content":{"rendered":"<p>\u201cPolitika, yurtta\u015flardan uzakla\u015fmaya devam ediyor.\u201d Neoliberalizmin zaferini ilan etti\u011fi, sosyal demokrasinin neoliberal politikalara t\u00fcm\u00fcyle teslim oldu\u011fu, toplumsal haklar\u0131n budand\u0131\u011f\u0131, militan sendikac\u0131l\u0131\u011f\u0131n tasfiye edildi\u011fi ve Avrupa emek hareketinin darmada\u011f\u0131n g\u00f6r\u00fcnd\u00fc\u011f\u00fc bir d\u00f6nemde, yeni milenyumun \u015fafa\u011f\u0131nda, Pierre Bourdieu\u2019den enternasyonalist bir Avrupa sosyal hareketi in\u015fa etmeye y\u00f6nelik c\u00fcretk\u00e2r bir davet. Bu kitap, ara\u015ft\u0131rmac\u0131larla militanlar\u0131 yeni seferberlik ve eylem bi\u00e7imleri etraf\u0131nda bir araya getirecek alternatif \u00f6rg\u00fctlenmeler \u00fczerine d\u00fc\u015f\u00fcnme \u00e7abas\u0131n\u0131n oldu\u011fu kadar, g\u00f6\u00e7men gen\u00e7leri, kad\u0131nlar\u0131, prekaryay\u0131, i\u015fsizleri ve i\u015f\u00e7i s\u0131n\u0131f\u0131n\u0131n b\u00fct\u00fcn katmanlar\u0131n\u0131 ortak ve m\u00fcmk\u00fcn bir \u00fctopya etraf\u0131nda birle\u015ftirme ve harekete ge\u00e7irme arzusunun \u00fcr\u00fcn\u00fcd\u00fcr. Akademik d\u00fcnyan\u0131n s\u0131n\u0131rlar\u0131 i\u00e7erisinde d\u00fc\u015f\u00fcnce \u00fcretmekle yetinmeyen bu b\u00fcy\u00fck sosyologdan, neoliberalizmi yenilgiye u\u011fratmaya y\u00f6nelik bir kar\u015f\u0131-direni\u015f ve \u00f6rg\u00fctlenme \u00e7a\u011fr\u0131s\u0131&#8230; <\/p>\n","protected":false},"excerpt":{"rendered":"<p>\u201cPolitika, yurtta\u015flardan uzakla\u015fmaya devam ediyor.\u201d Neoliberalizmin zaferini ilan etti\u011fi, sosyal demokrasinin neoliberal politikalara t\u00fcm\u00fcyle teslim oldu\u011fu, toplumsal haklar\u0131n budand\u0131\u011f\u0131, militan sendikac\u0131l\u0131\u011f\u0131n tasfiye edildi\u011fi ve Avrupa emek<span class=\"excerpt-hellip\"> [\u2026]<\/span><\/p>\n","protected":false},"featured_media":0,"template":"","meta":{"_monsterinsights_skip_tracking":false,"_monsterinsights_sitenote_active":false,"_monsterinsights_sitenote_note":"","_monsterinsights_sitenote_category":0},"product_brand":[],"product_cat":[13059,12337],"product_tag":[],"class_list":{"0":"post-715723","1":"product","2":"type-product","3":"status-publish","5":"product_cat-diger-politika-siyaset","6":"product_cat-politika-siyaset","7":"pa_cilt-ciltsiz","8":"pa_tur-kitap","9":"pa_yayinevi-sel-yayincilik","10":"pa_yazar-pierre-bourdieu","12":"first","13":"instock","14":"sale","15":"shipping-taxable","16":"purchasable","17":"product-type-simple"},"_links":{"self":[{"href":"https:\/\/roveyayinevi.com.tr\/index.php\/wp-json\/wp\/v2\/product\/715723","targetHints":{"allow":["GET"]}}],"collection":[{"href":"https:\/\/roveyayinevi.com.tr\/index.php\/wp-json\/wp\/v2\/product"}],"about":[{"href":"https:\/\/roveyayinevi.com.tr\/index.php\/wp-json\/wp\/v2\/types\/product"}],"wp:attachment":[{"href":"https:\/\/roveyayinevi.com.tr\/index.php\/wp-json\/wp\/v2\/media?parent=715723"}],"wp:term":[{"taxonomy":"product_brand","embeddable":true,"href":"https:\/\/roveyayinevi.com.tr\/index.php\/wp-json\/wp\/v2\/product_brand?post=715723"},{"taxonomy":"product_cat","embeddable":true,"href":"https:\/\/roveyayinevi.com.tr\/index.php\/wp-json\/wp\/v2\/product_cat?post=715723"},{"taxonomy":"product_tag","embeddable":true,"href":"https:\/\/roveyayinevi.com.tr\/index.php\/wp-json\/wp\/v2\/product_tag?post=715723"}],"curies":[{"name":"wp","href":"https:\/\/api.w.org\/{rel}","templated":true}]}}