{"id":715677,"date":"2025-08-27T17:33:43","date_gmt":"2025-08-27T14:33:43","guid":{"rendered":"https:\/\/roveyayinevi.com.tr\/index.php\/urun\/barbar-modern-medeni\/"},"modified":"2026-04-01T02:31:18","modified_gmt":"2026-03-31T23:31:18","slug":"barbar-modern-medeni","status":"publish","type":"product","link":"https:\/\/roveyayinevi.com.tr\/index.php\/urun\/barbar-modern-medeni\/","title":{"rendered":"Barbar Modern Medeni"},"content":{"rendered":"<p>\u0130brahim Kal\u0131n, dinamik bir yap\u0131 olan \u201cmedeniyet\u201d kavram\u0131n\u0131n as\u0131rlar boyunca ge\u00e7irdi\u011fi de\u011fi\u015fimleri ve Bat\u0131 d\u00fc\u015f\u00fcncesindeki asl\u00ee manas\u0131ndan zamanla uzakla\u015ft\u0131r\u0131larak s\u00f6m\u00fcrgecili\u011fin \u00f6nc\u00fc kuvveti olarak kullan\u0131lmas\u0131n\u0131, Bat\u0131\u2019da 19. y\u00fczy\u0131l\u0131n sonundan itibaren g\u00f6r\u00fclen \u201cinsanat bah\u00e7eleri\u201d rezaletlerine kadar ayr\u0131nt\u0131lar\u0131 ve \u00f6rnekleri ile beraber anlat\u0131yor; medeniyet, barbarl\u0131k ve modernite aras\u0131nda as\u0131rlar boyunca kurulan ba\u011flant\u0131lar\u0131 naklederken barbarl\u0131\u011f\u0131n \u201cmodernle\u015fme\u201d ve \u201cilerleme\u201d ad\u0131na ald\u0131\u011f\u0131 yeni \u015fekillerini inceliyor, sonra \u201cmedeniyet\u201d kavram\u0131n\u0131n tekrar in\u015fas\u0131n\u0131n art\u0131k bir zaruret h\u00e2line geldi\u011fi ger\u00e7e\u011fini g\u00f6zler \u00f6n\u00fcne sererek \u201cBat\u0131\u2019n\u0131n medeniyet ad\u0131na s\u00f6yleyecek s\u00f6z\u00fcn\u00fcn t\u00fckendi\u011fini, \u0130sl\u00e2m d\u00fcnyas\u0131n\u0131n ise s\u00f6yleyece\u011fi s\u00f6z\u00fc arad\u0131\u011f\u0131n\u0131\u201d ifade ediyor.Kitab\u0131n \u00f6nemli \u00f6zelliklerinden biri, devlette \u00fcstlendi\u011fi a\u011f\u0131r g\u00f6revlere ra\u011fmen ilm\u00ee \u00e7al\u0131\u015fmalar\u0131na fas\u0131la vermeden devam eden \u0130brahim Kal\u0131n\u2019\u0131n eserinde bu zorlu\u011fun \u00fcstesinden gelmesi ve \u00f6nemli fakat olduk\u00e7a a\u011f\u0131r bahisleri herkesin rahat\u00e7a anlayabilece\u011fi bir T\u00fcrk\u00e7e ile ifadeye muvaffak olmas\u0131d\u0131r.- Murat Bardak\u00e7\u0131Medeni olmay\u0131 ve g\u00fcn\u00fcm\u00fcz medeniyetini evrensel oldu\u011fu kadar milli (T\u00fcrk, Osmanl\u0131,\u0130slam)-tarihi bir \u00e7er\u00e7eve i\u00e7inde, do\u011fu-bat\u0131 kaynaklar\u0131na dayanarak, felsefi bir g\u00f6r\u00fc\u015f ile inceleyen bu kitap, modernitenin iyi ve k\u00f6t\u00fc her y\u00f6n\u00fcn\u00fc irdelemi\u015ftir. Varl\u0131\u011f\u0131n de\u011ferini vurgulayan bu de\u011ferli \u00e7al\u0131\u015fmay\u0131 herkesin okumas\u0131n\u0131 \u0131srarla tavsiye ederim.Kemal H. KarpatAdab-\u0131 mua\u015feretten \u015fehir hayat\u0131na, mimariden m\u00fczi\u011fe, mutfak k\u00fclt\u00fcr\u00fcnden uluslararas\u0131 siyasete kadar her alanda kar\u015f\u0131m\u0131za \u00e7\u0131kan medeniyet, son iki as\u0131rd\u0131r g\u00fcndemden d\u00fc\u015fmeyen ve bir o kadar da \u00f6rselenen ve t\u00fcketilen bir kavram. Sava\u015f \u00e7\u0131kartmak isteyenler de bar\u0131\u015f yapmak isteyenler de ayn\u0131 kelimenin arkas\u0131na s\u0131\u011f\u0131n\u0131yor. \u201cMeden\u00eele\u015ftirme misyonu\u201d ad\u0131 alt\u0131nda yap\u0131lan barbarl\u0131klar, modernitenin karma\u015f\u0131k tarihini yeniden ele almam\u0131z\u0131 zorunlu k\u0131l\u0131yor. Barbarl\u0131\u011f\u0131n, modernli\u011fin ve meden\u00eeli\u011fin ayn\u0131 anda tecr\u00fcbe edildi\u011fi bir \u00e7a\u011fda Bat\u0131, medeniyet hakk\u0131ndaki s\u00f6z\u00fcn\u00fc t\u00fcketiyor; \u0130slam d\u00fcnyas\u0131 ise s\u00f6yleyecek s\u00f6z\u00fcn\u00fc ar\u0131yor. Elinizdeki kitap bu aray\u0131\u015f\u0131n izlerini s\u00fcrerken akla ve erdeme dayal\u0131 bir medeniyetin ancak belli bir varl\u0131k tasavvuru, d\u00fcnya g\u00f6r\u00fc\u015f\u00fc, bilgi anlay\u0131\u015f\u0131 ve estetik duyu\u015f ile m\u00fcmk\u00fcn olabilece\u011fini savunuyor. \u201cMeden\u00ee olmay\u0131 ve g\u00fcn\u00fcm\u00fcz medeniyetini evrensel oldu\u011fu kadar mill\u00ee (T\u00fcrk, Osmanl\u0131, \u0130slam) ve tarih\u00ee bir \u00e7er\u00e7eve i\u00e7inde, Do\u011fu-Bat\u0131 kaynaklar\u0131na dayanarak, felsef\u00ee bir g\u00f6r\u00fc\u015f ile inceleyen bu kitap, modernitenin iyi ve k\u00f6t\u00fc her y\u00f6n\u00fcn\u00fc irdelemi\u015ftir. Varl\u0131\u011f\u0131n de\u011ferini vurgulayan bu de\u011ferli \u00e7al\u0131\u015fmay\u0131 herkesin okumas\u0131n\u0131 \u0131srarla tavsiye ederim.\u201d Kemal H. Karpat Wisconsin \u00dcniversitesi \u00d6\u011fretim \u00dcyesi \u201c\u0130brahim Kal\u0131n medeniyet, barbarl\u0131k ve modernite aras\u0131nda as\u0131rlar boyunca kurulan ba\u011flant\u0131lar\u0131 naklederken barbarl\u0131\u011f\u0131n \u2018modernle\u015fme\u2019 ve \u2018ilerleme\u2019 ad\u0131na ald\u0131\u011f\u0131 yeni \u015fekillerini inceliyor, sonra \u2018medeniyet\u2019 kavram\u0131n\u0131n tekrar in\u015fas\u0131n\u0131n art\u0131k bir zaruret haline geldi\u011fi ger\u00e7e\u011fini g\u00f6zler \u00f6n\u00fcne sererek, \u2018Bat\u0131\u2019n\u0131n medeniyet ad\u0131na s\u00f6yleyecek s\u00f6z\u00fcn\u00fcn t\u00fckendi\u011fini, \u0130slam d\u00fcnyas\u0131n\u0131n ise s\u00f6yleyece\u011fi s\u00f6z\u00fc arad\u0131\u011f\u0131n\u0131\u2019 ifade ediyor Kitab\u0131n \u00f6nemli \u00f6zelliklerinden biri, devlette \u00fcstlendi\u011fi a\u011f\u0131r g\u00f6revlere ra\u011fmen ilm\u00ee \u00e7al\u0131\u015fmalar\u0131na fas\u0131la vermeden devam eden \u0130brahim Kal\u0131n\u2019\u0131n, eserinde bu zorlu\u011fun \u00fcstesinden gelmesi ve \u00f6nemli fakat olduk\u00e7a a\u011f\u0131r bahisleri herkesin rahat\u00e7a anlayabilece\u011fi bir T\u00fcrk\u00e7e ile ifadeye muvaffak olmas\u0131d\u0131r.\u201d Murat Bardak\u00e7\u0131 Tarih\u00e7i-Yazar \u201c\u0130brahim Kal\u0131n, barbar, modern ve meden\u00ee kavramlar\u0131n\u0131 Do\u011fu ve Bat\u0131 kaynaklar\u0131 e\u015fli\u011finde ge\u00e7mi\u015ften g\u00fcn\u00fcm\u00fcze getiriyor. Medeniyet iddias\u0131n\u0131n bir tahakk\u00fcm, tasallut ve s\u00f6m\u00fcr\u00fc arac\u0131 olarak kabul g\u00f6rd\u00fc\u011f\u00fc, b\u00fcy\u00fcs\u00fc bozulmu\u015f bu \u00e7a\u011fda herkes i\u00e7in kapsaml\u0131 bir muhasebe teklif ediyor. T\u00fcrk d\u00fc\u015f\u00fcncesine kazand\u0131rd\u0131\u011f\u0131 bu k\u0131ymetli eser i\u00e7in kendisini tebrik ediyorum.\u201d \u0130brahim Tenekeci \u015eair-Yazar<\/p>\n","protected":false},"excerpt":{"rendered":"<p>\u0130brahim Kal\u0131n, dinamik bir yap\u0131 olan \u201cmedeniyet\u201d kavram\u0131n\u0131n as\u0131rlar boyunca ge\u00e7irdi\u011fi de\u011fi\u015fimleri ve Bat\u0131 d\u00fc\u015f\u00fcncesindeki asl\u00ee manas\u0131ndan zamanla uzakla\u015ft\u0131r\u0131larak s\u00f6m\u00fcrgecili\u011fin \u00f6nc\u00fc kuvveti olarak kullan\u0131lmas\u0131n\u0131, Bat\u0131\u2019da 19.<span class=\"excerpt-hellip\"> [\u2026]<\/span><\/p>\n","protected":false},"featured_media":0,"template":"","meta":{"_monsterinsights_skip_tracking":false,"_monsterinsights_sitenote_active":false,"_monsterinsights_sitenote_note":"","_monsterinsights_sitenote_category":0},"product_brand":[],"product_cat":[12370,12304],"product_tag":[],"class_list":{"0":"post-715677","1":"product","2":"type-product","3":"status-publish","5":"product_cat-arastirma-inceleme","6":"product_cat-tarih","7":"pa_cilt-ciltsiz","8":"pa_tur-kitap","9":"pa_yayinevi-insan-yayinlari","10":"pa_yazar-ibrahim-kalin","12":"first","13":"instock","14":"sale","15":"shipping-taxable","16":"purchasable","17":"product-type-simple"},"_links":{"self":[{"href":"https:\/\/roveyayinevi.com.tr\/index.php\/wp-json\/wp\/v2\/product\/715677","targetHints":{"allow":["GET"]}}],"collection":[{"href":"https:\/\/roveyayinevi.com.tr\/index.php\/wp-json\/wp\/v2\/product"}],"about":[{"href":"https:\/\/roveyayinevi.com.tr\/index.php\/wp-json\/wp\/v2\/types\/product"}],"wp:attachment":[{"href":"https:\/\/roveyayinevi.com.tr\/index.php\/wp-json\/wp\/v2\/media?parent=715677"}],"wp:term":[{"taxonomy":"product_brand","embeddable":true,"href":"https:\/\/roveyayinevi.com.tr\/index.php\/wp-json\/wp\/v2\/product_brand?post=715677"},{"taxonomy":"product_cat","embeddable":true,"href":"https:\/\/roveyayinevi.com.tr\/index.php\/wp-json\/wp\/v2\/product_cat?post=715677"},{"taxonomy":"product_tag","embeddable":true,"href":"https:\/\/roveyayinevi.com.tr\/index.php\/wp-json\/wp\/v2\/product_tag?post=715677"}],"curies":[{"name":"wp","href":"https:\/\/api.w.org\/{rel}","templated":true}]}}