{"id":715514,"date":"2025-08-27T17:31:31","date_gmt":"2025-08-27T14:31:31","guid":{"rendered":"https:\/\/roveyayinevi.com.tr\/index.php\/urun\/albert-einstein\/"},"modified":"2026-04-16T02:23:45","modified_gmt":"2026-04-15T23:23:45","slug":"albert-einstein","status":"publish","type":"product","link":"https:\/\/roveyayinevi.com.tr\/index.php\/urun\/albert-einstein\/","title":{"rendered":"Albert Einstein"},"content":{"rendered":"<p>Einstein, ola\u011fan\u00fcst\u00fc \u00e7al\u0131\u015fkanl\u0131\u011f\u0131 ve becerisiyle uygarl\u0131\u011f\u0131m\u0131z\u0131 \u015fekillendiren ender insanlardan biridir. Einstein ismi \u00fcst\u00fcn zek\u00e2y\u0131 \u00e7a\u011fr\u0131\u015ft\u0131r\u0131r. Peki Albert Einstein kimdi? Evrenin hangi s\u0131rlar\u0131n\u0131 ortaya \u00e7\u0131kard\u0131? Ya\u015fant\u0131m\u0131zda nelerin de\u011fi\u015fmesine neden oldu? Di\u011fer bilim insanlar\u0131ndan fark\u0131 neydi? \u00d6zel ya\u015fam\u0131nda nas\u0131l biriydi? Bu kitapla, Einstein\u2019in ailesini ve \u00e7ocuklu\u011funu, genel g\u00f6relilik kuram\u0131n\u0131, kara deliklerin gizemiyle ilgili tespitlerini, 2. D\u00fcnya Sava\u015f\u0131 s\u0131ras\u0131nda ve sonras\u0131nda ge\u00e7irdi\u011fi zorlu y\u0131llar\u0131, neden b\u00fcy\u00fck bir bilim insan\u0131 oldu\u011funu, onlarca foto\u011fraf ve ill\u00fcstrasyon e\u015fli\u011finde \u00f6\u011freneceksiniz. <\/p>\n","protected":false},"excerpt":{"rendered":"<p>Einstein, ola\u011fan\u00fcst\u00fc \u00e7al\u0131\u015fkanl\u0131\u011f\u0131 ve becerisiyle uygarl\u0131\u011f\u0131m\u0131z\u0131 \u015fekillendiren ender insanlardan biridir. Einstein ismi \u00fcst\u00fcn zek\u00e2y\u0131 \u00e7a\u011fr\u0131\u015ft\u0131r\u0131r. Peki Albert Einstein kimdi? Evrenin hangi s\u0131rlar\u0131n\u0131 ortaya \u00e7\u0131kard\u0131? Ya\u015fant\u0131m\u0131zda nelerin<span class=\"excerpt-hellip\"> [\u2026]<\/span><\/p>\n","protected":false},"featured_media":0,"template":"","meta":{"_monsterinsights_skip_tracking":false,"_monsterinsights_sitenote_active":false,"_monsterinsights_sitenote_note":"","_monsterinsights_sitenote_category":0},"product_brand":[],"product_cat":[13829,12274],"product_tag":[],"class_list":{"0":"post-715514","1":"product","2":"type-product","3":"status-publish","5":"product_cat-bilimsel-kitaplar","6":"product_cat-cocuk-ve-genclik-kitaplari","7":"pa_cilt-ciltsiz","8":"pa_tur-kitap","9":"pa_yayinevi-beta-kids","10":"pa_yazar-alper-k-ates","12":"first","13":"instock","14":"sale","15":"shipping-taxable","16":"purchasable","17":"product-type-simple"},"_links":{"self":[{"href":"https:\/\/roveyayinevi.com.tr\/index.php\/wp-json\/wp\/v2\/product\/715514","targetHints":{"allow":["GET"]}}],"collection":[{"href":"https:\/\/roveyayinevi.com.tr\/index.php\/wp-json\/wp\/v2\/product"}],"about":[{"href":"https:\/\/roveyayinevi.com.tr\/index.php\/wp-json\/wp\/v2\/types\/product"}],"wp:attachment":[{"href":"https:\/\/roveyayinevi.com.tr\/index.php\/wp-json\/wp\/v2\/media?parent=715514"}],"wp:term":[{"taxonomy":"product_brand","embeddable":true,"href":"https:\/\/roveyayinevi.com.tr\/index.php\/wp-json\/wp\/v2\/product_brand?post=715514"},{"taxonomy":"product_cat","embeddable":true,"href":"https:\/\/roveyayinevi.com.tr\/index.php\/wp-json\/wp\/v2\/product_cat?post=715514"},{"taxonomy":"product_tag","embeddable":true,"href":"https:\/\/roveyayinevi.com.tr\/index.php\/wp-json\/wp\/v2\/product_tag?post=715514"}],"curies":[{"name":"wp","href":"https:\/\/api.w.org\/{rel}","templated":true}]}}