{"id":715498,"date":"2025-08-27T17:31:21","date_gmt":"2025-08-27T14:31:21","guid":{"rendered":"https:\/\/roveyayinevi.com.tr\/index.php\/urun\/gencler-icin-nutuk-2\/"},"modified":"2026-04-16T02:23:44","modified_gmt":"2026-04-15T23:23:44","slug":"gencler-icin-nutuk-2","status":"publish","type":"product","link":"https:\/\/roveyayinevi.com.tr\/index.php\/urun\/gencler-icin-nutuk-2\/","title":{"rendered":"Gen\u00e7ler \u0130\u00e7in Nutuk"},"content":{"rendered":"<p>\u201c19 May\u0131s 1919\u2019da Samsun\u2019a \u00e7\u0131kt\u0131m. \u00dclkenin genel g\u00f6r\u00fcn\u00fc\u015f\u00fc \u015f\u00f6yleydi: Osmanl\u0131 Devleti\u2019nin birlikte sava\u015ft\u0131\u011f\u0131 devletler yenilmi\u015f, Osmanl\u0131 ordusu her tarafta ezilmi\u015f, ko\u015fullar\u0131 a\u011f\u0131r bir anla\u015fma imzalanm\u0131\u015f. Sava\u015f sonunda millet yorgun ve fakir bir durumda&#8230;\u201d Yap\u0131 Kredi Yay\u0131nlar\u0131, Mustafa Kemal Atat\u00fcrk\u2019\u00fcn Milli M\u00fccadele\u2019yi ve T\u00fcrkiye Cumhuriyeti\u2019nin kurulu\u015f tarihini birinci a\u011f\u0131zdan anlatt\u0131\u011f\u0131 \u00f6l\u00fcms\u00fcz eseri Nutuk\u2019u bu kez gen\u00e7ler i\u00e7in haz\u0131rlanan \u00f6zel bir bask\u0131yla sunuyor. Ana hatlar\u0131yla g\u00fcn\u00fcm\u00fcz T\u00fcrk\u00e7esine aktar\u0131lan Cumhuriyet tarihinin bu en \u00f6nemli metni, Cumhuriyet\u2019in erdemlerine sahip \u00e7\u0131kmak isteyen gen\u00e7lerin ba\u015fucu kitab\u0131 olacak. <\/p>\n","protected":false},"excerpt":{"rendered":"<p>\u201c19 May\u0131s 1919\u2019da Samsun\u2019a \u00e7\u0131kt\u0131m. \u00dclkenin genel g\u00f6r\u00fcn\u00fc\u015f\u00fc \u015f\u00f6yleydi: Osmanl\u0131 Devleti\u2019nin birlikte sava\u015ft\u0131\u011f\u0131 devletler yenilmi\u015f, Osmanl\u0131 ordusu her tarafta ezilmi\u015f, ko\u015fullar\u0131 a\u011f\u0131r bir anla\u015fma imzalanm\u0131\u015f. Sava\u015f<span class=\"excerpt-hellip\"> [\u2026]<\/span><\/p>\n","protected":false},"featured_media":0,"template":"","meta":{"_monsterinsights_skip_tracking":false,"_monsterinsights_sitenote_active":false,"_monsterinsights_sitenote_note":"","_monsterinsights_sitenote_category":0},"product_brand":[],"product_cat":[14009,12291],"product_tag":[],"class_list":{"0":"post-715498","1":"product","2":"type-product","3":"status-publish","5":"product_cat-biyografi-otobiyografi-edebiyat","6":"product_cat-edebiyat","7":"pa_cilt-ciltsiz","8":"pa_tur-kitap","9":"pa_yayinevi-yapi-kredi-yayinlari","10":"pa_yazar-mustafa-kemal-ataturk","12":"first","13":"instock","14":"sale","15":"shipping-taxable","16":"purchasable","17":"product-type-simple"},"_links":{"self":[{"href":"https:\/\/roveyayinevi.com.tr\/index.php\/wp-json\/wp\/v2\/product\/715498","targetHints":{"allow":["GET"]}}],"collection":[{"href":"https:\/\/roveyayinevi.com.tr\/index.php\/wp-json\/wp\/v2\/product"}],"about":[{"href":"https:\/\/roveyayinevi.com.tr\/index.php\/wp-json\/wp\/v2\/types\/product"}],"wp:attachment":[{"href":"https:\/\/roveyayinevi.com.tr\/index.php\/wp-json\/wp\/v2\/media?parent=715498"}],"wp:term":[{"taxonomy":"product_brand","embeddable":true,"href":"https:\/\/roveyayinevi.com.tr\/index.php\/wp-json\/wp\/v2\/product_brand?post=715498"},{"taxonomy":"product_cat","embeddable":true,"href":"https:\/\/roveyayinevi.com.tr\/index.php\/wp-json\/wp\/v2\/product_cat?post=715498"},{"taxonomy":"product_tag","embeddable":true,"href":"https:\/\/roveyayinevi.com.tr\/index.php\/wp-json\/wp\/v2\/product_tag?post=715498"}],"curies":[{"name":"wp","href":"https:\/\/api.w.org\/{rel}","templated":true}]}}