{"id":715411,"date":"2025-08-27T17:30:15","date_gmt":"2025-08-27T14:30:15","guid":{"rendered":"https:\/\/roveyayinevi.com.tr\/index.php\/urun\/kizil-gomlekliler\/"},"modified":"2026-04-16T02:23:42","modified_gmt":"2026-04-15T23:23:42","slug":"kizil-gomlekliler","status":"publish","type":"product","link":"https:\/\/roveyayinevi.com.tr\/index.php\/urun\/kizil-gomlekliler\/","title":{"rendered":"K\u0131z\u0131l G\u00f6mlekliler"},"content":{"rendered":"<p>Gayrinizami Sava\u015f\u0131n D\u00fcnyaca \u00dcnl\u00fc \u015eefleri \u201cBeni takip etmek isteyenlere \u015funlar\u0131 vaat etmek zorunday\u0131m: a\u00e7l\u0131k, so\u011fuk, k\u0131zg\u0131n g\u00fcne\u015f. Maa\u015f yok, k\u0131\u015fla yok, cephane yok; buna kar\u015f\u0131l\u0131k s\u00fcrekli \u00e7at\u0131\u015fmalar, zorunlu y\u00fcr\u00fcy\u00fc\u015fler, s\u00fcn*g\u00fc \u00e7at\u0131\u015fmalar\u0131 var. \u00dclkesini ve zaferi sevenler pe\u015fimden gelsin!\u201d GiuseppeGaribaldi \u201cKimsenin bir \u015feyini istemiyoruz, bizim olan hi\u00e7bir \u015feyi vermiyoruz.\u201d JosipBrozTito   \u201cSava\u015f\u0131n sonucu b\u00fcy\u00fck \u00f6l\u00e7\u00fcde nizami sava\u015fa ba\u011fl\u0131d\u0131r. Gerilla sava\u015f\u0131 esas sorumlulu\u011fu y\u00fcklenemez. Bununla birlikte, bu s\u00f6zler, gerilla sava\u015f\u0131n\u0131n \u00f6nemini azaltmaz. Mao Zedong   \u201cM\u00fckemmel bir gerillac\u0131 ne d\u00fc\u015fman\u0131 sava\u015fa davet eder ne de d\u00fc\u015fman\u0131n kendi \u015fartlar\u0131 i\u00e7inde sava\u015fa tutu\u015fur.\u201d AlbertoBayo   \u201cTarih beni aklayacak!\u201d Fidel Castro   \u201cEmperyalizme, s\u00f6m\u00fcrgecili\u011fe ve yeni s\u00f6m\u00fcrgecili\u011fe yeni darbeler indirilmelidir. \u0130ki, \u00fc\u00e7 ve daha fazla Vietnam\u2026\u201d Ernesto \u201cChe\u201d Guevara   \u201cGitti\u011fim tek akademi ormanlard\u0131r.\u201d V\u00f5Nguy\u00eanGi\u00e1p   \u201cFilistin m\u00fccadelesinden ba\u015fka hi\u00e7bir \u015feye ilgi duymam.\u201d <\/p>\n","protected":false},"excerpt":{"rendered":"<p>Gayrinizami Sava\u015f\u0131n D\u00fcnyaca \u00dcnl\u00fc \u015eefleri \u201cBeni takip etmek isteyenlere \u015funlar\u0131 vaat etmek zorunday\u0131m: a\u00e7l\u0131k, so\u011fuk, k\u0131zg\u0131n g\u00fcne\u015f. Maa\u015f yok, k\u0131\u015fla yok, cephane yok; buna kar\u015f\u0131l\u0131k s\u00fcrekli<span class=\"excerpt-hellip\"> [\u2026]<\/span><\/p>\n","protected":false},"featured_media":0,"template":"","meta":{"_monsterinsights_skip_tracking":false,"_monsterinsights_sitenote_active":false,"_monsterinsights_sitenote_note":"","_monsterinsights_sitenote_category":0},"product_brand":[],"product_cat":[12338,12337],"product_tag":[],"class_list":{"0":"post-715411","1":"product","2":"type-product","3":"status-publish","5":"product_cat-dunya-siyaseti-ve-politikasi","6":"product_cat-politika-siyaset","7":"pa_cilt-ciltsiz","8":"pa_tur-kitap","9":"pa_yayinevi-inkilap-kitabevi","10":"pa_yazar-osman-pamukoglu","12":"first","13":"instock","14":"sale","15":"shipping-taxable","16":"purchasable","17":"product-type-simple"},"_links":{"self":[{"href":"https:\/\/roveyayinevi.com.tr\/index.php\/wp-json\/wp\/v2\/product\/715411","targetHints":{"allow":["GET"]}}],"collection":[{"href":"https:\/\/roveyayinevi.com.tr\/index.php\/wp-json\/wp\/v2\/product"}],"about":[{"href":"https:\/\/roveyayinevi.com.tr\/index.php\/wp-json\/wp\/v2\/types\/product"}],"wp:attachment":[{"href":"https:\/\/roveyayinevi.com.tr\/index.php\/wp-json\/wp\/v2\/media?parent=715411"}],"wp:term":[{"taxonomy":"product_brand","embeddable":true,"href":"https:\/\/roveyayinevi.com.tr\/index.php\/wp-json\/wp\/v2\/product_brand?post=715411"},{"taxonomy":"product_cat","embeddable":true,"href":"https:\/\/roveyayinevi.com.tr\/index.php\/wp-json\/wp\/v2\/product_cat?post=715411"},{"taxonomy":"product_tag","embeddable":true,"href":"https:\/\/roveyayinevi.com.tr\/index.php\/wp-json\/wp\/v2\/product_tag?post=715411"}],"curies":[{"name":"wp","href":"https:\/\/api.w.org\/{rel}","templated":true}]}}