{"id":715276,"date":"2025-08-27T17:28:44","date_gmt":"2025-08-27T14:28:44","guid":{"rendered":"https:\/\/roveyayinevi.com.tr\/index.php\/urun\/deliormandan-ciktim-yola\/"},"modified":"2026-04-16T02:23:24","modified_gmt":"2026-04-15T23:23:24","slug":"deliormandan-ciktim-yola","status":"publish","type":"product","link":"https:\/\/roveyayinevi.com.tr\/index.php\/urun\/deliormandan-ciktim-yola\/","title":{"rendered":"Deliorman&#8217;dan \u00c7\u0131kt\u0131m Yola"},"content":{"rendered":"<p>\u201cGe\u00e7mi\u015fe kar\u015f\u0131 marifet artt\u0131k\u00e7a, muhabbet de \u00e7o\u011fald\u0131.\u201d diyen Emel \u00d6zkan, yurdun yak\u0131n tarihiyle atalar\u0131n\u0131n hayat hik\u00e2yelerini kesi\u015ftirdi\u011fi bu kitapta, an\u0131lar \u00fczerinden bir d\u00f6nemin portresini \u00e7iziyor. Bulgaristan hudutlar\u0131ndaki Deliorman\u2019dan Bilecik\u2019e g\u00f6\u00e7le ba\u015flayan  hik\u00e2yede; sanayile\u015fme ile s\u0131rlanan ekmek teknelerine, g\u00fcnden g\u00fcne zay\u0131flayan k\u00fclt\u00fcrel belle\u011fe, farkl\u0131la\u015fan zaman telakkisine de\u011finilerek g\u00fcnl\u00fck hayattaki de\u011fi\u015fimin izi s\u00fcr\u00fcl\u00fcyor. H\u0131d\u0131rellez\u2019den Cumhuriyet Balosu\u2019na, eski kahvehanelerden y\u00f6redeki topluluklara uzanan eser, ayn\u0131 zamanda t\u00fcrk\u00fcler ve yerel s\u00f6yleyi\u015flerle zenginle\u015fen bir nevi sosyal tarih \u00e7al\u0131\u015fmas\u0131. \u201cZaman yang\u0131n\u0131ndan ne kurtarabilirim \u00e7abas\u0131 ve duaya vesile olmas\u0131 \u00fcmidiyle, bir devrin tan\u0131\u011f\u0131 olan muhterem dedemin s\u00f6zlerini can kula\u011f\u0131yla dinledim. Bismillah deyip kar\u0131nca karar\u0131ncaDeliorman\u2019dan \u00c7\u0131kt\u0131m Yola.\u201d <\/p>\n","protected":false},"excerpt":{"rendered":"<p>\u201cGe\u00e7mi\u015fe kar\u015f\u0131 marifet artt\u0131k\u00e7a, muhabbet de \u00e7o\u011fald\u0131.\u201d diyen Emel \u00d6zkan, yurdun yak\u0131n tarihiyle atalar\u0131n\u0131n hayat hik\u00e2yelerini kesi\u015ftirdi\u011fi bu kitapta, an\u0131lar \u00fczerinden bir d\u00f6nemin portresini \u00e7iziyor. Bulgaristan<span class=\"excerpt-hellip\"> [\u2026]<\/span><\/p>\n","protected":false},"featured_media":0,"template":"","meta":{"_monsterinsights_skip_tracking":false,"_monsterinsights_sitenote_active":false,"_monsterinsights_sitenote_note":"","_monsterinsights_sitenote_category":0},"product_brand":[],"product_cat":[14009,12291],"product_tag":[],"class_list":{"0":"post-715276","1":"product","2":"type-product","3":"status-publish","5":"product_cat-biyografi-otobiyografi-edebiyat","6":"product_cat-edebiyat","7":"pa_cilt-ciltsiz","8":"pa_tur-kitap","9":"pa_yayinevi-profil-kitap","10":"pa_yazar-emel-ozkan","12":"first","13":"instock","14":"sale","15":"shipping-taxable","16":"purchasable","17":"product-type-simple"},"_links":{"self":[{"href":"https:\/\/roveyayinevi.com.tr\/index.php\/wp-json\/wp\/v2\/product\/715276","targetHints":{"allow":["GET"]}}],"collection":[{"href":"https:\/\/roveyayinevi.com.tr\/index.php\/wp-json\/wp\/v2\/product"}],"about":[{"href":"https:\/\/roveyayinevi.com.tr\/index.php\/wp-json\/wp\/v2\/types\/product"}],"wp:attachment":[{"href":"https:\/\/roveyayinevi.com.tr\/index.php\/wp-json\/wp\/v2\/media?parent=715276"}],"wp:term":[{"taxonomy":"product_brand","embeddable":true,"href":"https:\/\/roveyayinevi.com.tr\/index.php\/wp-json\/wp\/v2\/product_brand?post=715276"},{"taxonomy":"product_cat","embeddable":true,"href":"https:\/\/roveyayinevi.com.tr\/index.php\/wp-json\/wp\/v2\/product_cat?post=715276"},{"taxonomy":"product_tag","embeddable":true,"href":"https:\/\/roveyayinevi.com.tr\/index.php\/wp-json\/wp\/v2\/product_tag?post=715276"}],"curies":[{"name":"wp","href":"https:\/\/api.w.org\/{rel}","templated":true}]}}