{"id":715224,"date":"2025-08-27T17:27:37","date_gmt":"2025-08-27T14:27:37","guid":{"rendered":"https:\/\/roveyayinevi.com.tr\/index.php\/urun\/erken-cocukluk-egitimine-giris\/"},"modified":"2026-04-16T02:23:23","modified_gmt":"2026-04-15T23:23:23","slug":"erken-cocukluk-egitimine-giris","status":"publish","type":"product","link":"https:\/\/roveyayinevi.com.tr\/index.php\/urun\/erken-cocukluk-egitimine-giris\/","title":{"rendered":"Erken \u00c7ocukluk E\u011fitimine Giri\u015f"},"content":{"rendered":"<p>Erken \u00c7ocukluk E\u011fitimine Giri\u015f\u201d ba\u015fl\u0131kl\u0131 kitab\u0131m\u0131z, E\u011fitim Fak\u00fcltelerindeki Okul \u00d6ncesi \u00d6\u011fretmenli\u011fi Lisans Programlar\u0131n\u0131n birinci s\u0131n\u0131f dersleri aras\u0131nda yer alan ayn\u0131 adl\u0131 ders i\u00e7in haz\u0131rlanm\u0131\u015f bir yay\u0131nd\u0131r.\u0130lkokul d\u00f6nemindeki \u00e7ocuklara \u00f6\u011fretmen olmak \u00fczere S\u0131n\u0131f \u00d6\u011fretmenli\u011fi Lisans Programlar\u0131nda okuyan \u00f6\u011frencilerin her iki \u00f6\u011frenim kademesindeki \u00e7ocuklar\u0131 tan\u0131yabilmeleri ve birlikte de\u011ferlendirebilmeleri i\u00e7in de nitelikli bir kaynak \u00f6zelli\u011fini ta\u015f\u0131maktad\u0131r.Kitap, erken \u00e7ocukluk e\u011fitimini tan\u0131mlamakta, kapsam\u0131, \u00f6nemi ve gereklili\u011fini sunmaktad\u0131r. Erken \u00e7ocukluk d\u00f6neminde verilecek e\u011fitimin hangi temel ilkelere sahip olmas\u0131 gerekti\u011fini ve bu ilkelerin dayand\u0131\u011f\u0131 kuram ve yakla\u015f\u0131mlar\u0131 a\u00e7\u0131klamaktad\u0131r. Erken \u00e7ocukluk d\u00f6nemindeki \u00e7ocuklar\u0131n geli\u015fimsel \u00f6zellikleri ve gereksinimleri hakk\u0131nda bizlere temel bilgiler vermektedir. Bu d\u00f6nemdeki \u00e7ocuklar\u0131n nas\u0131l bir e\u011fitim almas\u0131 gerekti\u011fi, T\u00fcrkiye\u2019de ve \u00e7e\u015fitli \u00fclkelerde bu konuda neler yap\u0131ld\u0131\u011f\u0131, \u00f6\u011fretmenlerin nas\u0131l yeti\u015fmesi gerekti\u011fi ve \u00f6zellikleri konular\u0131n\u0131 g\u00fcncel ara\u015ft\u0131rma bulgular\u0131yla tart\u0131\u015fmaktad\u0131r. \u00c7ocu\u011fun sosyal ve fiziksel \u00e7evresi ile e\u011fitim ortamlar\u0131n\u0131n \u00f6zelliklerini ortaya koyarak, ailelerin \u00f6zellikle ya\u015fam\u0131n\u0131n bu d\u00f6nemindeki \u00e7ocuklar i\u00e7in \u00f6nemini vurgulamakta, okul-aile i\u015fbirli\u011fine dikkat \u00e7ekmektedir. Bunlar\u0131n yan\u0131 s\u0131ra kitapta \u00e7ocuklar\u0131n okul\u00f6ncesi d\u00f6nemden okul d\u00f6nemine ge\u00e7erken ya\u015fayabilecekleri uyum sorunlar\u0131 ile \u00e7ocuklar\u0131n okula haz\u0131r bulunu\u015fluklar\u0131n\u0131n sa\u011flanabilmesi i\u00e7in aileler ve e\u011fitimcilerin dikkat etmesi gereken noktalar ele al\u0131nmaktad\u0131r. Kitap T\u00fcrkiye\u2019de ve di\u011fer \u00fclkelerde benimsenen erken \u00e7ocukluk e\u011fitimi politikalar\u0131n\u0131 irdeleyerek okuyuculara erken ya\u015flar\u0131n de\u011ferli y\u0131llar oldu\u011funu a\u00e7\u0131klamakta ve yap\u0131lmas\u0131 gerekenleri de vurgulamaktad\u0131r.&#8221;Do\u011fumdan Sonra, Okuldan \u00d6nce ve \u0130lkokulun \u0130lk Y\u0131llar\u0131ndaki&#8221;, yani \u201cErken \u00c7ocukluk\u201d d\u00f6nemindeki \u00e7ocuklar\u0131n geli\u015fim ve e\u011fitimini \u00e7ok y\u00f6nl\u00fc bir \u015fekilde bizlere sunan kitab\u0131m\u0131z\u0131n alana katk\u0131 getirmesini diliyoruz.<\/p>\n","protected":false},"excerpt":{"rendered":"<p>Erken \u00c7ocukluk E\u011fitimine Giri\u015f\u201d ba\u015fl\u0131kl\u0131 kitab\u0131m\u0131z, E\u011fitim Fak\u00fcltelerindeki Okul \u00d6ncesi \u00d6\u011fretmenli\u011fi Lisans Programlar\u0131n\u0131n birinci s\u0131n\u0131f dersleri aras\u0131nda yer alan ayn\u0131 adl\u0131 ders i\u00e7in haz\u0131rlanm\u0131\u015f bir yay\u0131nd\u0131r.\u0130lkokul<span class=\"excerpt-hellip\"> [\u2026]<\/span><\/p>\n","protected":false},"featured_media":0,"template":"","meta":{"_monsterinsights_skip_tracking":false,"_monsterinsights_sitenote_active":false,"_monsterinsights_sitenote_note":"","_monsterinsights_sitenote_category":0},"product_brand":[],"product_cat":[12573,12566],"product_tag":[],"class_list":{"0":"post-715224","1":"product","2":"type-product","3":"status-publish","5":"product_cat-akademik-kitaplar","6":"product_cat-egitim","7":"pa_cilt-ciltsiz","8":"pa_tur-kitap","9":"pa_yayinevi-ani-yayincilik","10":"pa_yazar-gelengul-haktanir","12":"first","13":"instock","14":"sale","15":"shipping-taxable","16":"purchasable","17":"product-type-simple"},"_links":{"self":[{"href":"https:\/\/roveyayinevi.com.tr\/index.php\/wp-json\/wp\/v2\/product\/715224","targetHints":{"allow":["GET"]}}],"collection":[{"href":"https:\/\/roveyayinevi.com.tr\/index.php\/wp-json\/wp\/v2\/product"}],"about":[{"href":"https:\/\/roveyayinevi.com.tr\/index.php\/wp-json\/wp\/v2\/types\/product"}],"wp:attachment":[{"href":"https:\/\/roveyayinevi.com.tr\/index.php\/wp-json\/wp\/v2\/media?parent=715224"}],"wp:term":[{"taxonomy":"product_brand","embeddable":true,"href":"https:\/\/roveyayinevi.com.tr\/index.php\/wp-json\/wp\/v2\/product_brand?post=715224"},{"taxonomy":"product_cat","embeddable":true,"href":"https:\/\/roveyayinevi.com.tr\/index.php\/wp-json\/wp\/v2\/product_cat?post=715224"},{"taxonomy":"product_tag","embeddable":true,"href":"https:\/\/roveyayinevi.com.tr\/index.php\/wp-json\/wp\/v2\/product_tag?post=715224"}],"curies":[{"name":"wp","href":"https:\/\/api.w.org\/{rel}","templated":true}]}}