{"id":715222,"date":"2025-08-27T17:27:36","date_gmt":"2025-08-27T14:27:36","guid":{"rendered":"https:\/\/roveyayinevi.com.tr\/index.php\/urun\/ozel-gereksinimli-cocuklar\/"},"modified":"2026-04-16T02:23:23","modified_gmt":"2026-04-15T23:23:23","slug":"ozel-gereksinimli-cocuklar","status":"publish","type":"product","link":"https:\/\/roveyayinevi.com.tr\/index.php\/urun\/ozel-gereksinimli-cocuklar\/","title":{"rendered":"\u00d6zel Gereksinimli \u00c7ocuklar"},"content":{"rendered":"<p>\u00c7ok say\u0131da \u00f6zel gereksinim tipinin olmas\u0131 ve her bir gereksinim tipinin kendi i\u00e7inde farkl\u0131 s\u0131n\u0131flamalar\u0131n\u0131n olmas\u0131, \u00f6zel gereksinimli bireyler i\u00e7in standart yakla\u015f\u0131m ve destek program\u0131 olu\u015fturmay\u0131 engellemektedir. Bu \u00e7ocuklara sunulan \u00f6zel ve genel yakla\u015f\u0131mlar\u0131n amac\u0131, onlar\u0131n \u00f6zel gereksinimlerinden dolay\u0131 ya\u015fam\u0131n\u0131 s\u00fcrd\u00fcrmede ba\u015fkalar\u0131na olan ba\u011f\u0131ml\u0131l\u0131\u011f\u0131n\u0131 azaltmak ya da tamam\u0131yla ortadan kald\u0131rmakt\u0131r. Devam\u0131nda bu bireylerin i\u00e7inde ya\u015fad\u0131\u011f\u0131 topluma uyum sa\u011flayabilmesi yani toplumsalla\u015fmas\u0131 i\u00e7in onlara gerekli becerileri kazand\u0131rmakt\u0131r. Asl\u0131nda gereksinimler ve sunulan destekler farkl\u0131 olsa da \u00f6zel gereksinimli \u00e7ocuklar \u00e7ok geni\u015f bir yelpaze i\u00e7inde yer al\u0131yor olsalar da temel ama\u00e7 ayn\u0131d\u0131r: \u201cBa\u011f\u0131ms\u0131z ya\u015fama haz\u0131rlamak ve topluma uyumu sa\u011flamak.\u201d Siz de\u011ferli okuyucumuza sundu\u011fumuz bu kitap uzun y\u0131llard\u0131r \u00c7ocuk Geli\u015fimi,Odyoloji, Dil ve Konu\u015fma alanlar\u0131nda \u00e7al\u0131\u015fan akademisyenlerin yazd\u0131klar\u0131 b\u00f6l\u00fcmlerden olu\u015fmaktad\u0131r. Yaz\u0131lar daha \u00e7ok \u00f6zel gereksinimli \u00e7ocuklar i\u00e7in \u201c\u00c7ocuk Geli\u015fimi\u201d bak\u0131\u015f a\u00e7\u0131s\u0131n\u0131 yans\u0131tmaktad\u0131r.  Kitab\u0131m\u0131zda a\u011f\u0131rl\u0131kl\u0131 olarak \u00f6zel gereksinim alanlar\u0131 hakk\u0131nda bilgi sunmaya ve bu alanlar\u0131; tan\u0131m, nedenler, s\u0131n\u0131fland\u0131rma, geli\u015fim alanlar\u0131ndaki \u00f6zellikler ve yeti\u015fkinlere \u00f6neriler alt ba\u015fl\u0131klar\u0131 alt\u0131nda vermeye \u00e7al\u0131\u015ft\u0131k. Ancak baz\u0131 b\u00f6l\u00fcmler konusu gere\u011fi bu \u015fablona uymad\u0131\u011f\u0131 i\u00e7in yazar\u0131n sundu\u011fu \u00f6zg\u00fcn \u015fekliyle kitapta yer ald\u0131. Ayr\u0131ca bu \u00e7ocuklar\u0131n ailelerini ele alan bir b\u00f6l\u00fcmle, son y\u0131llarda \u00fclkemizde yayg\u0131n olarak uygulanan \u00f6zel gereksinimli \u00e7ocuklar\u0131n kayna\u015ft\u0131r\u0131lmas\u0131 konusu anlat\u0131ld\u0131. Di\u011fer taraftan \u00c7ocuk Geli\u015fimi b\u00f6l\u00fcm\u00fc olarak uzun y\u0131llard\u0131r risk alt\u0131ndaki ya da \u00f6zel gereksinimli \u00e7ocuklara ve ailelerine uygulad\u0131\u011f\u0131m\u0131z, ancak yak\u0131n zamanda \u00fclkemiz g\u00fcndemine giren \u201cerken m\u00fcdahale\u201d konusu da kapsaml\u0131 bir b\u00f6l\u00fcm olarak kitab\u0131m\u0131zda bulunmaktad\u0131r.<\/p>\n","protected":false},"excerpt":{"rendered":"<p>\u00c7ok say\u0131da \u00f6zel gereksinim tipinin olmas\u0131 ve her bir gereksinim tipinin kendi i\u00e7inde farkl\u0131 s\u0131n\u0131flamalar\u0131n\u0131n olmas\u0131, \u00f6zel gereksinimli bireyler i\u00e7in standart yakla\u015f\u0131m ve destek program\u0131 olu\u015fturmay\u0131<span class=\"excerpt-hellip\"> [\u2026]<\/span><\/p>\n","protected":false},"featured_media":0,"template":"","meta":{"_monsterinsights_skip_tracking":false,"_monsterinsights_sitenote_active":false,"_monsterinsights_sitenote_note":"","_monsterinsights_sitenote_category":0},"product_brand":[],"product_cat":[12679,12357],"product_tag":[],"class_list":{"0":"post-715222","1":"product","2":"type-product","3":"status-publish","5":"product_cat-cocuk-psikolojisi","6":"product_cat-psikoloji","7":"pa_cilt-ciltsiz","8":"pa_tur-kitap","9":"pa_yayinevi-ani-yayincilik","10":"pa_yazar-kolektif","12":"first","13":"instock","14":"sale","15":"shipping-taxable","16":"purchasable","17":"product-type-simple"},"_links":{"self":[{"href":"https:\/\/roveyayinevi.com.tr\/index.php\/wp-json\/wp\/v2\/product\/715222","targetHints":{"allow":["GET"]}}],"collection":[{"href":"https:\/\/roveyayinevi.com.tr\/index.php\/wp-json\/wp\/v2\/product"}],"about":[{"href":"https:\/\/roveyayinevi.com.tr\/index.php\/wp-json\/wp\/v2\/types\/product"}],"wp:attachment":[{"href":"https:\/\/roveyayinevi.com.tr\/index.php\/wp-json\/wp\/v2\/media?parent=715222"}],"wp:term":[{"taxonomy":"product_brand","embeddable":true,"href":"https:\/\/roveyayinevi.com.tr\/index.php\/wp-json\/wp\/v2\/product_brand?post=715222"},{"taxonomy":"product_cat","embeddable":true,"href":"https:\/\/roveyayinevi.com.tr\/index.php\/wp-json\/wp\/v2\/product_cat?post=715222"},{"taxonomy":"product_tag","embeddable":true,"href":"https:\/\/roveyayinevi.com.tr\/index.php\/wp-json\/wp\/v2\/product_tag?post=715222"}],"curies":[{"name":"wp","href":"https:\/\/api.w.org\/{rel}","templated":true}]}}