{"id":715172,"date":"2025-08-27T17:27:04","date_gmt":"2025-08-27T14:27:04","guid":{"rendered":"https:\/\/roveyayinevi.com.tr\/index.php\/urun\/turkokratia-avrupada-turk-imaji\/"},"modified":"2026-04-16T02:23:22","modified_gmt":"2026-04-15T23:23:22","slug":"turkokratia-avrupada-turk-imaji","status":"publish","type":"product","link":"https:\/\/roveyayinevi.com.tr\/index.php\/urun\/turkokratia-avrupada-turk-imaji\/","title":{"rendered":"T\u00fcrkokratia &#8211; Avrupa\u2019da T\u00fcrk \u0130maj\u0131"},"content":{"rendered":"<p>T\u00fcrkler, tarih sahnesine \u00e7\u0131kt\u0131klar\u0131 ilk zamanlardan itibaren farkl\u0131 s\u0131fatlarla tan\u0131mlanm\u0131\u015ft\u0131r. Sava\u015f\u00e7\u0131 kimlikleri, m\u00fccadeleci ruhlar\u0131, te\u015fkilat\u00e7\u0131 yap\u0131lar\u0131 ve \u015f\u00fcphesiz M\u00fcsl\u00fcman olu\u015flar\u0131yla T\u00fcrkler, tarih\u00e7ilerin en \u00e7ok ilgilendikleri topluluklar aras\u0131ndad\u0131r. T\u00fcrklerin kim oldu\u011funu anlama gayreti bir\u00e7ok farkl\u0131 bak\u0131\u015f a\u00e7\u0131s\u0131n\u0131 da beraberinde getirmi\u015ftir. Do\u011fu\u2019daki T\u00fcrk imaj\u0131yla Bat\u0131\u2019daki T\u00fcrk imaj\u0131 bazen birbirine benzer, bazense birbirinden olduk\u00e7a farkl\u0131d\u0131r. Bu anlamda net ve kesin bir T\u00fcrk imaj\u0131n\u0131, T\u00fcrklerin kim oldu\u011funu ortaya koymak ciddi bir \u00e7aba gerektirmektedir.<\/p>\n","protected":false},"excerpt":{"rendered":"<p>T\u00fcrkler, tarih sahnesine \u00e7\u0131kt\u0131klar\u0131 ilk zamanlardan itibaren farkl\u0131 s\u0131fatlarla tan\u0131mlanm\u0131\u015ft\u0131r. Sava\u015f\u00e7\u0131 kimlikleri, m\u00fccadeleci ruhlar\u0131, te\u015fkilat\u00e7\u0131 yap\u0131lar\u0131 ve \u015f\u00fcphesiz M\u00fcsl\u00fcman olu\u015flar\u0131yla T\u00fcrkler, tarih\u00e7ilerin en \u00e7ok ilgilendikleri topluluklar<span class=\"excerpt-hellip\"> [\u2026]<\/span><\/p>\n","protected":false},"featured_media":0,"template":"","meta":{"_monsterinsights_skip_tracking":false,"_monsterinsights_sitenote_active":false,"_monsterinsights_sitenote_note":"","_monsterinsights_sitenote_category":0},"product_brand":[],"product_cat":[12304,13650],"product_tag":[],"class_list":{"0":"post-715172","1":"product","2":"type-product","3":"status-publish","5":"product_cat-tarih","6":"product_cat-turk-tarihi-arastirmalari","7":"pa_cilt-ciltsiz","8":"pa_tur-kitap","9":"pa_yayinevi-kronik-kitap","10":"pa_yazar-esra-ozsuer","12":"first","13":"instock","14":"sale","15":"shipping-taxable","16":"purchasable","17":"product-type-simple"},"_links":{"self":[{"href":"https:\/\/roveyayinevi.com.tr\/index.php\/wp-json\/wp\/v2\/product\/715172","targetHints":{"allow":["GET"]}}],"collection":[{"href":"https:\/\/roveyayinevi.com.tr\/index.php\/wp-json\/wp\/v2\/product"}],"about":[{"href":"https:\/\/roveyayinevi.com.tr\/index.php\/wp-json\/wp\/v2\/types\/product"}],"wp:attachment":[{"href":"https:\/\/roveyayinevi.com.tr\/index.php\/wp-json\/wp\/v2\/media?parent=715172"}],"wp:term":[{"taxonomy":"product_brand","embeddable":true,"href":"https:\/\/roveyayinevi.com.tr\/index.php\/wp-json\/wp\/v2\/product_brand?post=715172"},{"taxonomy":"product_cat","embeddable":true,"href":"https:\/\/roveyayinevi.com.tr\/index.php\/wp-json\/wp\/v2\/product_cat?post=715172"},{"taxonomy":"product_tag","embeddable":true,"href":"https:\/\/roveyayinevi.com.tr\/index.php\/wp-json\/wp\/v2\/product_tag?post=715172"}],"curies":[{"name":"wp","href":"https:\/\/api.w.org\/{rel}","templated":true}]}}