{"id":715156,"date":"2025-08-27T17:26:53","date_gmt":"2025-08-27T14:26:53","guid":{"rendered":"https:\/\/roveyayinevi.com.tr\/index.php\/urun\/emek-piyasalari-kurumlari-ve-esitsizlik-21-yuzyilin-adil-toplumlarini-insa-etmek\/"},"modified":"2026-04-16T02:23:22","modified_gmt":"2026-04-15T23:23:22","slug":"emek-piyasalari-kurumlari-ve-esitsizlik-21-yuzyilin-adil-toplumlarini-insa-etmek","status":"publish","type":"product","link":"https:\/\/roveyayinevi.com.tr\/index.php\/urun\/emek-piyasalari-kurumlari-ve-esitsizlik-21-yuzyilin-adil-toplumlarini-insa-etmek\/","title":{"rendered":"Emek Piyasalar\u0131, Kurumlar\u0131 ve E\u015fitsizlik &#8211; 21. Y\u00fczy\u0131l\u0131n Adil Toplumlar\u0131n\u0131 \u0130n\u015fa Etmek"},"content":{"rendered":"<p>Toplu pazarl\u0131\u011f\u0131, \u00e7al\u0131\u015fma s\u00f6zle\u015fmelerinin d\u00fczenlenmesini ve sosyal koruma politikalar\u0131n\u0131 i\u00e7eren emek piyasas\u0131 kurumlar\u0131 i\u015f\u00e7ilerin, ailelerinin ve bir b\u00fct\u00fcn olarak toplumun refah\u0131n\u0131 geli\u015ftirmede etkin ara\u00e7lard\u0131r. Bu kurumlar \u00e7o\u011fu \u00fclkede erozyona u\u011fram\u0131\u015f olsa da baz\u0131 \u00fclkelerde en k\u00fc\u00e7\u00fck bir zarar g\u00f6rmemi\u015ftir. Emek Piyasalar\u0131, Kurumlar\u0131 ve E\u015fitsizlik; kurumlar\u0131n e\u015fitlik\u00e7i bir gelir da\u011f\u0131l\u0131m\u0131n\u0131 temin etmedeki rol\u00fcn\u00fc saptayan, hem geli\u015fmi\u015f \u00fclkelerden hem de geli\u015fmekte olan \u00fclkelerden vaka \u00e7al\u0131\u015fmalar\u0131na yer veriyor. Kad\u0131nlar, g\u00f6\u00e7menler ve gen\u00e7ler gibi belli ba\u015fl\u0131 gruplar\u0131n emek piyasas\u0131 politikalar\u0131ndan nas\u0131l etkilendi\u011fini vurgulayarak makroekonomik politikalar\u0131n, emek piyasas\u0131 politikalar\u0131n\u0131n ve sosyal politikalar\u0131n e\u015fitsizlik \u00fczerindeki etkisini tart\u0131\u015f\u0131yor. Konu \u00fczerine \u00e7al\u0131\u015fan ara\u015ft\u0131rmac\u0131lar\u0131n katk\u0131lar\u0131 e\u015fitsizli\u011fin azalt\u0131lmas\u0131 i\u00e7in emek piyasas\u0131 kurumlar\u0131n\u0131n etrafl\u0131 bir politika form\u00fclasyonu ile g\u00fc\u00e7lendirilmesi gerekti\u011fini g\u00f6steriyor.<\/p>\n","protected":false},"excerpt":{"rendered":"<p>Toplu pazarl\u0131\u011f\u0131, \u00e7al\u0131\u015fma s\u00f6zle\u015fmelerinin d\u00fczenlenmesini ve sosyal koruma politikalar\u0131n\u0131 i\u00e7eren emek piyasas\u0131 kurumlar\u0131 i\u015f\u00e7ilerin, ailelerinin ve bir b\u00fct\u00fcn olarak toplumun refah\u0131n\u0131 geli\u015ftirmede etkin ara\u00e7lard\u0131r. Bu kurumlar<span class=\"excerpt-hellip\"> [\u2026]<\/span><\/p>\n","protected":false},"featured_media":0,"template":"","meta":{"_monsterinsights_skip_tracking":false,"_monsterinsights_sitenote_active":false,"_monsterinsights_sitenote_note":"","_monsterinsights_sitenote_category":0},"product_brand":[],"product_cat":[13043,17647],"product_tag":[],"class_list":{"0":"post-715156","1":"product","2":"type-product","3":"status-publish","5":"product_cat-ekonomi","6":"product_cat-is-dunyasi","7":"pa_cilt-ciltsiz","8":"pa_tur-kitap","9":"pa_yayinevi-efil-yayinevi","10":"pa_yazar-janine-berg","12":"first","13":"instock","14":"sale","15":"shipping-taxable","16":"purchasable","17":"product-type-simple"},"_links":{"self":[{"href":"https:\/\/roveyayinevi.com.tr\/index.php\/wp-json\/wp\/v2\/product\/715156","targetHints":{"allow":["GET"]}}],"collection":[{"href":"https:\/\/roveyayinevi.com.tr\/index.php\/wp-json\/wp\/v2\/product"}],"about":[{"href":"https:\/\/roveyayinevi.com.tr\/index.php\/wp-json\/wp\/v2\/types\/product"}],"wp:attachment":[{"href":"https:\/\/roveyayinevi.com.tr\/index.php\/wp-json\/wp\/v2\/media?parent=715156"}],"wp:term":[{"taxonomy":"product_brand","embeddable":true,"href":"https:\/\/roveyayinevi.com.tr\/index.php\/wp-json\/wp\/v2\/product_brand?post=715156"},{"taxonomy":"product_cat","embeddable":true,"href":"https:\/\/roveyayinevi.com.tr\/index.php\/wp-json\/wp\/v2\/product_cat?post=715156"},{"taxonomy":"product_tag","embeddable":true,"href":"https:\/\/roveyayinevi.com.tr\/index.php\/wp-json\/wp\/v2\/product_tag?post=715156"}],"curies":[{"name":"wp","href":"https:\/\/api.w.org\/{rel}","templated":true}]}}