{"id":715055,"date":"2025-08-27T17:25:48","date_gmt":"2025-08-27T14:25:48","guid":{"rendered":"https:\/\/roveyayinevi.com.tr\/index.php\/urun\/dilin-belirsizligi\/"},"modified":"2026-04-16T02:23:19","modified_gmt":"2026-04-15T23:23:19","slug":"dilin-belirsizligi","status":"publish","type":"product","link":"https:\/\/roveyayinevi.com.tr\/index.php\/urun\/dilin-belirsizligi\/","title":{"rendered":"Dilin Belirsizli\u011fi"},"content":{"rendered":"<p>\u201cDilin kap\u0131s\u0131 d\u0131\u015far\u0131ya de\u011fil, i\u00e7eriye a\u00e7\u0131l\u0131r; dil \u00e7eli\u015fkileri d\u0131\u015far\u0131da b\u0131rakmaz, bilakis i\u00e7erir. Bu y\u00fczden dili rasyonel bir fenomen olarak g\u00f6ren veya daha do\u011frusu dilin rasyonel olmas\u0131 gerekti\u011fini yahut da rasyonel bir dilin m\u00fcmk\u00fcn oldu\u011funu savunan anlay\u0131\u015f yanl\u0131\u015ft\u0131r. Dil rasyonel de\u011fildir. Rasyonel bir dilin in\u015fa edilebilece\u011fini \u00f6ng\u00f6ren yakla\u015f\u0131m\u0131n kendisi irrasyoneldir. Daha do\u011frusu, kendi i\u015fleyi\u015f mant\u0131\u011f\u0131na uygun olarak, dil hem rasyoneldir hem de rasyonel de\u011fildir. Dil belirsizdir; dil \u00f6zde\u015flik ilkesinin inkar\u0131d\u0131r; dil aporia\u2019d\u0131r; dil diff\u00e9rance\u2019d\u0131r; dil pharmakon\u2019dur.\u201d \u201c \u2018Dil asla \u015feffaf de\u011fildir; ve asla yaln\u0131zca bir \u2018anlam\u2019\u0131 veya \u2018olgu\u2019yu yahut \u2018d\u00fc\u015f\u00fcnce\u2019yi veyahut \u2018hakikat\u2019i nakletmek i\u00e7in kullan\u0131lan bir ara\u00e7 da de\u011fildir. Dili n\u00f6tr bir ara\u00e7 konumuna indirgemek, dili kendisinden ba\u015fka bir \u015fey haline getirmektir. Oysa, dilin kendisinden ba\u015fka bir temeli yoktur ve dil kendisinden ba\u015fka hi\u00e7bir \u015fey de\u011fildir. Dil sadece dildir ve sadece dil oldu\u011fu \u00f6l\u00e7\u00fcde de belirsizdir. O halde, dili nas\u0131l anlamal\u0131y\u0131z?\u201d<\/p>\n","protected":false},"excerpt":{"rendered":"<p>\u201cDilin kap\u0131s\u0131 d\u0131\u015far\u0131ya de\u011fil, i\u00e7eriye a\u00e7\u0131l\u0131r; dil \u00e7eli\u015fkileri d\u0131\u015far\u0131da b\u0131rakmaz, bilakis i\u00e7erir. Bu y\u00fczden dili rasyonel bir fenomen olarak g\u00f6ren veya daha do\u011frusu dilin rasyonel olmas\u0131<span class=\"excerpt-hellip\"> [\u2026]<\/span><\/p>\n","protected":false},"featured_media":0,"template":"","meta":{"_monsterinsights_skip_tracking":false,"_monsterinsights_sitenote_active":false,"_monsterinsights_sitenote_note":"","_monsterinsights_sitenote_category":0},"product_brand":[],"product_cat":[20225,12291],"product_tag":[],"class_list":{"0":"post-715055","1":"product","2":"type-product","3":"status-publish","5":"product_cat-dil-bilim","6":"product_cat-edebiyat","7":"pa_cilt-ciltsiz","8":"pa_tur-kitap","9":"pa_yayinevi-pinhan-yayincilik","10":"pa_yazar-gokhan-yavuz-demir","12":"first","13":"instock","14":"sale","15":"shipping-taxable","16":"purchasable","17":"product-type-simple"},"_links":{"self":[{"href":"https:\/\/roveyayinevi.com.tr\/index.php\/wp-json\/wp\/v2\/product\/715055","targetHints":{"allow":["GET"]}}],"collection":[{"href":"https:\/\/roveyayinevi.com.tr\/index.php\/wp-json\/wp\/v2\/product"}],"about":[{"href":"https:\/\/roveyayinevi.com.tr\/index.php\/wp-json\/wp\/v2\/types\/product"}],"wp:attachment":[{"href":"https:\/\/roveyayinevi.com.tr\/index.php\/wp-json\/wp\/v2\/media?parent=715055"}],"wp:term":[{"taxonomy":"product_brand","embeddable":true,"href":"https:\/\/roveyayinevi.com.tr\/index.php\/wp-json\/wp\/v2\/product_brand?post=715055"},{"taxonomy":"product_cat","embeddable":true,"href":"https:\/\/roveyayinevi.com.tr\/index.php\/wp-json\/wp\/v2\/product_cat?post=715055"},{"taxonomy":"product_tag","embeddable":true,"href":"https:\/\/roveyayinevi.com.tr\/index.php\/wp-json\/wp\/v2\/product_tag?post=715055"}],"curies":[{"name":"wp","href":"https:\/\/api.w.org\/{rel}","templated":true}]}}