{"id":714928,"date":"2025-08-27T17:24:20","date_gmt":"2025-08-27T14:24:20","guid":{"rendered":"https:\/\/roveyayinevi.com.tr\/index.php\/urun\/iktidardaki-muhalif-prof-dr-osman-turan\/"},"modified":"2026-04-16T02:23:17","modified_gmt":"2026-04-15T23:23:17","slug":"iktidardaki-muhalif-prof-dr-osman-turan","status":"publish","type":"product","link":"https:\/\/roveyayinevi.com.tr\/index.php\/urun\/iktidardaki-muhalif-prof-dr-osman-turan\/","title":{"rendered":"\u0130ktidardaki Muhalif Prof. Dr. Osman Turan"},"content":{"rendered":"<p>Bu eser Prof. Dr. Osman Turan\u2019\u0131n hayat\u0131n\u0131n 15 y\u0131l\u0131n\u0131 (1954-1969) kapsayan milletvekilli\u011fini ve siyasi faaliyetlerini konu edinmektedir. \u0130lk kez 1954 y\u0131l\u0131nda Demokrat Parti\u2019den Trabzon milletvekili olarak TBMM\u2019ye giren Osman Turan, 1957 se\u00e7imlerinde ikinci kez milletvekili se\u00e7ildi. 27 May\u0131s 1960 asker\u00ee darbesinde di\u011fer Demokrat Partililer gibi tutukland\u0131. Yass\u0131ada\u2019da aylarca tutuklu kald\u0131ysa da hakk\u0131ndaki b\u00fct\u00fcn su\u00e7lamalardan beraat etti. 27 May\u0131s sonras\u0131nda siyas\u00ee m\u00fccadelesine devam etme karar\u0131 ald\u0131 ve Adalet Partisi Genel Ba\u015fkan Yard\u0131mc\u0131s\u0131 olarak kat\u0131ld\u0131\u011f\u0131 1965 se\u00e7imlerinde yine memleketi Trabzon\u2019dan milletvekili se\u00e7ildi. 1967 y\u0131l\u0131nda Adalet Partisi\u2019nden ihra\u00e7 edildi. Milliyet\u00e7i Hareket Partisi listesinden girdi\u011fi 1969 se\u00e7imlerini ise kazanamad\u0131. Osman Turan, al\u0131\u015f\u0131lm\u0131\u015f\u0131n d\u0131\u015f\u0131nda bir milletvekili\/siyaset\u00e7i portresi \u00e7izdi. Zor olan\u0131 se\u00e7ti. \u0130ktidar mensubu bir milletvekili olarak elbette muhalefet partilerinin yanl\u0131\u015f tutumlar\u0131n\u0131 ve politikalar\u0131n\u0131 ele\u015ftirdi. Bununla birlikte muhalefet partilerinin yap\u0131c\u0131 ele\u015ftirilerine ve \u00f6nerilerine kay\u0131ts\u0131z kalmad\u0131; hatta \u00e7o\u011fu kez kendi partisine\/iktidara kar\u015f\u0131 muhalefet partilerinin haklar\u0131n\u0131 da m\u00fcdafaa etti. \u00dcstelik \u0130ktidardaki Muhalif olarak yanl\u0131\u015f buldu\u011fu hususlarda mensup oldu\u011fu partiyi\/iktidar\u0131 ele\u015ftirmekten de geri kalmad\u0131. Osman Turan\u2019\u0131n Avrupa\u2019dan ailesine ve arkada\u015f\u0131na g\u00f6nderdi\u011fi mektuplar, Demokrat Parti grup toplant\u0131lar\u0131nda yapt\u0131\u011f\u0131 konu\u015fmalar, Yass\u0131ada\u2019dan ailesine yazd\u0131\u011f\u0131 mektuplar ile bir\u00e7ok belge ve foto\u011fraf\u0131n ilk defa kullan\u0131ld\u0131\u011f\u0131 bu eserde T\u00fcrk siyas\u00ee hayat\u0131na dair \u00e7arp\u0131c\u0131 \u00f6rnekler yer almaktad\u0131r.<\/p>\n","protected":false},"excerpt":{"rendered":"<p>Bu eser Prof. Dr. Osman Turan\u2019\u0131n hayat\u0131n\u0131n 15 y\u0131l\u0131n\u0131 (1954-1969) kapsayan milletvekilli\u011fini ve siyasi faaliyetlerini konu edinmektedir. \u0130lk kez 1954 y\u0131l\u0131nda Demokrat Parti\u2019den Trabzon milletvekili olarak<span class=\"excerpt-hellip\"> [\u2026]<\/span><\/p>\n","protected":false},"featured_media":0,"template":"","meta":{"_monsterinsights_skip_tracking":false,"_monsterinsights_sitenote_active":false,"_monsterinsights_sitenote_note":"","_monsterinsights_sitenote_category":0},"product_brand":[],"product_cat":[13946,12304],"product_tag":[],"class_list":{"0":"post-714928","1":"product","2":"type-product","3":"status-publish","5":"product_cat-biyografi-otobiyografi","6":"product_cat-tarih","7":"pa_cilt-ciltsiz","8":"pa_tur-kitap","9":"pa_yayinevi-otuken-nesriyat","10":"pa_yazar-nasrullah-uzman","12":"first","13":"instock","14":"sale","15":"shipping-taxable","16":"purchasable","17":"product-type-simple"},"_links":{"self":[{"href":"https:\/\/roveyayinevi.com.tr\/index.php\/wp-json\/wp\/v2\/product\/714928","targetHints":{"allow":["GET"]}}],"collection":[{"href":"https:\/\/roveyayinevi.com.tr\/index.php\/wp-json\/wp\/v2\/product"}],"about":[{"href":"https:\/\/roveyayinevi.com.tr\/index.php\/wp-json\/wp\/v2\/types\/product"}],"wp:attachment":[{"href":"https:\/\/roveyayinevi.com.tr\/index.php\/wp-json\/wp\/v2\/media?parent=714928"}],"wp:term":[{"taxonomy":"product_brand","embeddable":true,"href":"https:\/\/roveyayinevi.com.tr\/index.php\/wp-json\/wp\/v2\/product_brand?post=714928"},{"taxonomy":"product_cat","embeddable":true,"href":"https:\/\/roveyayinevi.com.tr\/index.php\/wp-json\/wp\/v2\/product_cat?post=714928"},{"taxonomy":"product_tag","embeddable":true,"href":"https:\/\/roveyayinevi.com.tr\/index.php\/wp-json\/wp\/v2\/product_tag?post=714928"}],"curies":[{"name":"wp","href":"https:\/\/api.w.org\/{rel}","templated":true}]}}